{"id":5722,"date":"2020-08-25T15:25:04","date_gmt":"2020-08-25T13:25:04","guid":{"rendered":"http:\/\/la-motte-tilly.lobs.pro\/wordpress\/?page_id=5722"},"modified":"2024-12-13T15:58:13","modified_gmt":"2024-12-13T14:58:13","slug":"essai-accueil","status":"publish","type":"page","link":"https:\/\/www.lamottetilly.fr\/wordpress\/","title":{"rendered":"entr\u00e9e de l&rsquo;accueil"},"content":{"rendered":"\t\t<div data-elementor-type=\"wp-page\" data-elementor-id=\"5722\" class=\"elementor elementor-5722\" data-elementor-settings=\"[]\">\n\t\t\t\t\t\t<div class=\"elementor-inner\">\n\t\t\t\t\t\t\t<div class=\"elementor-section-wrap\">\n\t\t\t\t\t\t\t<section class=\"elementor-section elementor-top-section elementor-element elementor-element-6d346fe elementor-section-boxed elementor-section-height-default elementor-section-height-default\" data-id=\"6d346fe\" data-element_type=\"section\">\n\t\t\t\t\t\t<div class=\"elementor-container elementor-column-gap-default\">\n\t\t\t\t\t\t\t<div class=\"elementor-row\">\n\t\t\t\t\t<div class=\"elementor-column elementor-col-100 elementor-top-column elementor-element elementor-element-01ffe19\" data-id=\"01ffe19\" data-element_type=\"column\">\n\t\t\t<div class=\"elementor-column-wrap elementor-element-populated\">\n\t\t\t\t\t\t\t<div class=\"elementor-widget-wrap\">\n\t\t\t\t\t\t<div class=\"elementor-element elementor-element-a4fa2f5 elementor-widget elementor-widget-image\" data-id=\"a4fa2f5\" data-element_type=\"widget\" data-widget_type=\"image.default\">\n\t\t\t\t<div class=\"elementor-widget-container\">\n\t\t\t\t\t\t\t\t<div class=\"elementor-image\">\n\t\t\t\t\t\t\t\t\t\t\t\t<img width=\"1500\" height=\"863\" src=\"https:\/\/www.lamottetilly.fr\/wordpress\/wp-content\/uploads\/2020\/08\/cropped-2020-LMT-ImgAccueil-DSC01265-2.png\" class=\"attachment-2048x2048 size-2048x2048\" alt=\"\" loading=\"lazy\" srcset=\"https:\/\/www.lamottetilly.fr\/wordpress\/wp-content\/uploads\/2020\/08\/cropped-2020-LMT-ImgAccueil-DSC01265-2.png 1500w, https:\/\/www.lamottetilly.fr\/wordpress\/wp-content\/uploads\/2020\/08\/cropped-2020-LMT-ImgAccueil-DSC01265-2-300x173.png 300w, https:\/\/www.lamottetilly.fr\/wordpress\/wp-content\/uploads\/2020\/08\/cropped-2020-LMT-ImgAccueil-DSC01265-2-1024x589.png 1024w, https:\/\/www.lamottetilly.fr\/wordpress\/wp-content\/uploads\/2020\/08\/cropped-2020-LMT-ImgAccueil-DSC01265-2-768x442.png 768w\" sizes=\"(max-width: 1500px) 100vw, 1500px\" \/>\t\t\t\t\t\t\t\t\t\t\t\t\t\t<\/div>\n\t\t\t\t\t\t<\/div>\n\t\t\t\t<\/div>\n\t\t\t\t<div class=\"elementor-element elementor-element-f93d5fc elementor-widget elementor-widget-obfx-posts-grid\" data-id=\"f93d5fc\" data-element_type=\"widget\" data-widget_type=\"obfx-posts-grid.default\">\n\t\t\t\t<div class=\"elementor-widget-container\">\n\t\t\t<div class=\"obfx-grid\"><div class=\"obfx-grid-container obfx-grid-mobile-1 obfx-grid-tablet-2 obfx-grid-desktop-4\"><div class=\"obfx-grid-wrapper\"><article class=\"obfx-grid-col\"><div class=\"obfx-grid-col-image\" ><a href=\"https:\/\/www.lamottetilly.fr\/wordpress\/index.php\/2026\/03\/18\/sceance-du-conseil-municipal\/\" title=\"Sc\u00e9ance du conseil municipal\"><img width=\"500\" height=\"500\" src=\"https:\/\/www.lamottetilly.fr\/wordpress\/wp-content\/uploads\/2024\/04\/TitreConseilMunicipal.png\" class=\"img-responsive wp-post-image\" alt=\"TitreConseilMunicipal\" loading=\"lazy\" srcset=\"https:\/\/www.lamottetilly.fr\/wordpress\/wp-content\/uploads\/2024\/04\/TitreConseilMunicipal.png 500w, https:\/\/www.lamottetilly.fr\/wordpress\/wp-content\/uploads\/2024\/04\/TitreConseilMunicipal-300x300.png 300w, https:\/\/www.lamottetilly.fr\/wordpress\/wp-content\/uploads\/2024\/04\/TitreConseilMunicipal-150x150.png 150w\" sizes=\"(max-width: 500px) 100vw, 500px\" \/><\/a><\/div><div class=\"obfx-grid-col-content\">\t\t\t<h2 class=\"entry-title obfx-grid-title\">\n\t\t\t\t\t\t\t<a href=\"https:\/\/www.lamottetilly.fr\/wordpress\/index.php\/2026\/03\/18\/sceance-du-conseil-municipal\/\" title=\"Sc\u00e9ance du conseil municipal\">\n\t\t\t\t\tSc\u00e9ance du conseil municipal\t\t\t\t<\/a>\n\t\t\t\t\t\t\t<\/h2>\n\t\t\t\t\t\t\t<div class=\"entry-meta obfx-grid-meta\">\n\n\t\t\t\t\t\t\t\t\t\t\t\t\t<span class=\"obfx-grid-date\">\n\t\t\t\t\t\t\t\t\t18 mars 2026\t\t\t\t\t\t\t\t<\/span>\n\t\t\t\t\t\t\t\t\n\t\t\t\t<\/div>\n\t\t\t\t\t\t\t<div class=\"entry-content obfx-grid-content\">\n\t\t\t\tVendredi 20 mars 2026\t\t\t<\/div>\n\t\t\t<div class=\"obfx-grid-footer\"><a href=\"https:\/\/www.lamottetilly.fr\/wordpress\/index.php\/2026\/03\/18\/sceance-du-conseil-municipal\/\" title=\"Lire cet article\">Lire cet article<\/a><\/div><\/div><\/article><\/div><div class=\"obfx-grid-wrapper\"><article class=\"obfx-grid-col\"><div class=\"obfx-grid-col-image\" ><a href=\"https:\/\/www.lamottetilly.fr\/wordpress\/index.php\/2026\/03\/06\/elections-municipales\/\" title=\"\u00c9lections municipales\"><img width=\"1000\" height=\"1000\" src=\"https:\/\/www.lamottetilly.fr\/wordpress\/wp-content\/uploads\/2026\/03\/Elections.png\" class=\"img-responsive wp-post-image\" alt=\"Elections\" loading=\"lazy\" srcset=\"https:\/\/www.lamottetilly.fr\/wordpress\/wp-content\/uploads\/2026\/03\/Elections.png 1000w, https:\/\/www.lamottetilly.fr\/wordpress\/wp-content\/uploads\/2026\/03\/Elections-300x300.png 300w, https:\/\/www.lamottetilly.fr\/wordpress\/wp-content\/uploads\/2026\/03\/Elections-150x150.png 150w, https:\/\/www.lamottetilly.fr\/wordpress\/wp-content\/uploads\/2026\/03\/Elections-768x768.png 768w\" sizes=\"(max-width: 1000px) 100vw, 1000px\" \/><\/a><\/div><div class=\"obfx-grid-col-content\">\t\t\t<h2 class=\"entry-title obfx-grid-title\">\n\t\t\t\t\t\t\t<a href=\"https:\/\/www.lamottetilly.fr\/wordpress\/index.php\/2026\/03\/06\/elections-municipales\/\" title=\"\u00c9lections municipales\">\n\t\t\t\t\t\u00c9lections municipales\t\t\t\t<\/a>\n\t\t\t\t\t\t\t<\/h2>\n\t\t\t\t\t\t\t<div class=\"entry-meta obfx-grid-meta\">\n\n\t\t\t\t\t\t\t\t\t\t\t\t\t<span class=\"obfx-grid-date\">\n\t\t\t\t\t\t\t\t\t6 mars 2026\t\t\t\t\t\t\t\t<\/span>\n\t\t\t\t\t\t\t\t\n\t\t\t\t<\/div>\n\t\t\t\t\t\t\t<div class=\"entry-content obfx-grid-content\">\n\t\t\t\tLe dimanche 15 mars de 8h\u00e0 18h\t\t\t<\/div>\n\t\t\t<div class=\"obfx-grid-footer\"><a href=\"https:\/\/www.lamottetilly.fr\/wordpress\/index.php\/2026\/03\/06\/elections-municipales\/\" title=\"Lire cet article\">Lire cet article<\/a><\/div><\/div><\/article><\/div><div class=\"obfx-grid-wrapper\"><article class=\"obfx-grid-col\"><div class=\"obfx-grid-col-image\" ><a href=\"https:\/\/www.lamottetilly.fr\/wordpress\/index.php\/2026\/03\/06\/rue-du-chene-barree\/\" title=\"Rue du ch\u00eane barr\u00e9e\"><img width=\"1000\" height=\"1000\" src=\"https:\/\/www.lamottetilly.fr\/wordpress\/wp-content\/uploads\/2026\/03\/InfosVoirie.png\" class=\"img-responsive wp-post-image\" alt=\"InfosVoirie\" loading=\"lazy\" srcset=\"https:\/\/www.lamottetilly.fr\/wordpress\/wp-content\/uploads\/2026\/03\/InfosVoirie.png 1000w, https:\/\/www.lamottetilly.fr\/wordpress\/wp-content\/uploads\/2026\/03\/InfosVoirie-300x300.png 300w, https:\/\/www.lamottetilly.fr\/wordpress\/wp-content\/uploads\/2026\/03\/InfosVoirie-150x150.png 150w, https:\/\/www.lamottetilly.fr\/wordpress\/wp-content\/uploads\/2026\/03\/InfosVoirie-768x768.png 768w\" sizes=\"(max-width: 1000px) 100vw, 1000px\" \/><\/a><\/div><div class=\"obfx-grid-col-content\">\t\t\t<h2 class=\"entry-title obfx-grid-title\">\n\t\t\t\t\t\t\t<a href=\"https:\/\/www.lamottetilly.fr\/wordpress\/index.php\/2026\/03\/06\/rue-du-chene-barree\/\" title=\"Rue du ch\u00eane barr\u00e9e\">\n\t\t\t\t\tRue du ch\u00eane barr\u00e9e\t\t\t\t<\/a>\n\t\t\t\t\t\t\t<\/h2>\n\t\t\t\t\t\t\t<div class=\"entry-meta obfx-grid-meta\">\n\n\t\t\t\t\t\t\t\t\t\t\t\t\t<span class=\"obfx-grid-date\">\n\t\t\t\t\t\t\t\t\t6 mars 2026\t\t\t\t\t\t\t\t<\/span>\n\t\t\t\t\t\t\t\t\n\t\t\t\t<\/div>\n\t\t\t\t\t\t\t<div class=\"entry-content obfx-grid-content\">\n\t\t\t\tCirculation interdite du 8 au 11 avril 2026 inclus\t\t\t<\/div>\n\t\t\t<div class=\"obfx-grid-footer\"><a href=\"https:\/\/www.lamottetilly.fr\/wordpress\/index.php\/2026\/03\/06\/rue-du-chene-barree\/\" title=\"Lire cet article\">Lire cet article<\/a><\/div><\/div><\/article><\/div><div class=\"obfx-grid-wrapper\"><article class=\"obfx-grid-col\"><div class=\"obfx-grid-col-image\" ><a href=\"https:\/\/www.lamottetilly.fr\/wordpress\/index.php\/2026\/03\/06\/inscriptions-scolaires-rentree-2026-2027\/\" title=\"Inscriptions scolaires, rentr\u00e9e 2026\/2027\"><img width=\"1000\" height=\"1000\" src=\"https:\/\/www.lamottetilly.fr\/wordpress\/wp-content\/uploads\/2026\/03\/Sans-titre.png\" class=\"img-responsive wp-post-image\" alt=\"Sans titre\" loading=\"lazy\" srcset=\"https:\/\/www.lamottetilly.fr\/wordpress\/wp-content\/uploads\/2026\/03\/Sans-titre.png 1000w, https:\/\/www.lamottetilly.fr\/wordpress\/wp-content\/uploads\/2026\/03\/Sans-titre-300x300.png 300w, https:\/\/www.lamottetilly.fr\/wordpress\/wp-content\/uploads\/2026\/03\/Sans-titre-150x150.png 150w, https:\/\/www.lamottetilly.fr\/wordpress\/wp-content\/uploads\/2026\/03\/Sans-titre-768x768.png 768w\" sizes=\"(max-width: 1000px) 100vw, 1000px\" \/><\/a><\/div><div class=\"obfx-grid-col-content\">\t\t\t<h2 class=\"entry-title obfx-grid-title\">\n\t\t\t\t\t\t\t<a href=\"https:\/\/www.lamottetilly.fr\/wordpress\/index.php\/2026\/03\/06\/inscriptions-scolaires-rentree-2026-2027\/\" title=\"Inscriptions scolaires, rentr\u00e9e 2026\/2027\">\n\t\t\t\t\tInscriptions scolaires, rentr\u00e9e 2026\/2027\t\t\t\t<\/a>\n\t\t\t\t\t\t\t<\/h2>\n\t\t\t\t\t\t\t<div class=\"entry-meta obfx-grid-meta\">\n\n\t\t\t\t\t\t\t\t\t\t\t\t\t<span class=\"obfx-grid-date\">\n\t\t\t\t\t\t\t\t\t6 mars 2026\t\t\t\t\t\t\t\t<\/span>\n\t\t\t\t\t\t\t\t\n\t\t\t\t<\/div>\n\t\t\t\t\t\t\t<div class=\"entry-content obfx-grid-content\">\n\t\t\t\tRentr\u00e9e 2026\/2027 Les inscriptions scolaires pour la rentr\u00e9e 2026-2027 se\u2026\t\t\t<\/div>\n\t\t\t<div class=\"obfx-grid-footer\"><a href=\"https:\/\/www.lamottetilly.fr\/wordpress\/index.php\/2026\/03\/06\/inscriptions-scolaires-rentree-2026-2027\/\" title=\"Lire cet article\">Lire cet article<\/a><\/div><\/div><\/article><\/div><div class=\"obfx-grid-wrapper\"><article class=\"obfx-grid-col\"><div class=\"obfx-grid-col-image\" ><a href=\"https:\/\/www.lamottetilly.fr\/wordpress\/index.php\/2026\/03\/06\/barrage-de-beaulieu-arrete-prefectoral\/\" title=\"Barrage de Beaulieu, arr\u00eat\u00e9 pr\u00e9fectoral\"><img width=\"1000\" height=\"563\" src=\"https:\/\/www.lamottetilly.fr\/wordpress\/wp-content\/uploads\/2020\/07\/WEB3Barrage2020-LaMotte-IMG_20200708_163432.png\" class=\"img-responsive wp-post-image\" alt=\"WEB3Barrage2020-LaMotte-IMG_20200708_163432\" loading=\"lazy\" srcset=\"https:\/\/www.lamottetilly.fr\/wordpress\/wp-content\/uploads\/2020\/07\/WEB3Barrage2020-LaMotte-IMG_20200708_163432.png 1000w, https:\/\/www.lamottetilly.fr\/wordpress\/wp-content\/uploads\/2020\/07\/WEB3Barrage2020-LaMotte-IMG_20200708_163432-300x169.png 300w, https:\/\/www.lamottetilly.fr\/wordpress\/wp-content\/uploads\/2020\/07\/WEB3Barrage2020-LaMotte-IMG_20200708_163432-768x432.png 768w\" sizes=\"(max-width: 1000px) 100vw, 1000px\" \/><\/a><\/div><div class=\"obfx-grid-col-content\">\t\t\t<h2 class=\"entry-title obfx-grid-title\">\n\t\t\t\t\t\t\t<a href=\"https:\/\/www.lamottetilly.fr\/wordpress\/index.php\/2026\/03\/06\/barrage-de-beaulieu-arrete-prefectoral\/\" title=\"Barrage de Beaulieu, arr\u00eat\u00e9 pr\u00e9fectoral\">\n\t\t\t\t\tBarrage de Beaulieu, arr\u00eat\u00e9 pr\u00e9fectoral\t\t\t\t<\/a>\n\t\t\t\t\t\t\t<\/h2>\n\t\t\t\t\t\t\t<div class=\"entry-meta obfx-grid-meta\">\n\n\t\t\t\t\t\t\t\t\t\t\t\t\t<span class=\"obfx-grid-date\">\n\t\t\t\t\t\t\t\t\t6 mars 2026\t\t\t\t\t\t\t\t<\/span>\n\t\t\t\t\t\t\t\t\n\t\t\t\t<\/div>\n\t\t\t\t\t\t\t<div class=\"entry-content obfx-grid-content\">\n\t\t\t\tArr\u00eat\u00e9 pr\u00e9fectoral, 36 pages \u00e0 t\u00e9l\u00e9charger\t\t\t<\/div>\n\t\t\t<div class=\"obfx-grid-footer\"><a href=\"https:\/\/www.lamottetilly.fr\/wordpress\/index.php\/2026\/03\/06\/barrage-de-beaulieu-arrete-prefectoral\/\" title=\"Lire cet article\">Lire cet article<\/a><\/div><\/div><\/article><\/div><div class=\"obfx-grid-wrapper\"><article class=\"obfx-grid-col\"><div class=\"obfx-grid-col-image\" ><a href=\"https:\/\/www.lamottetilly.fr\/wordpress\/index.php\/2025\/12\/09\/vnf-compte-rendu-de-la-visite-du-18-11-2025\/\" title=\"VNF-Compte-rendu de la visite du 18\/11\/2025\"><img width=\"1000\" height=\"1000\" src=\"https:\/\/www.lamottetilly.fr\/wordpress\/wp-content\/uploads\/2025\/12\/Titre-VNF.png\" class=\"img-responsive wp-post-image\" alt=\"Titre-VNF\" loading=\"lazy\" srcset=\"https:\/\/www.lamottetilly.fr\/wordpress\/wp-content\/uploads\/2025\/12\/Titre-VNF.png 1000w, https:\/\/www.lamottetilly.fr\/wordpress\/wp-content\/uploads\/2025\/12\/Titre-VNF-300x300.png 300w, https:\/\/www.lamottetilly.fr\/wordpress\/wp-content\/uploads\/2025\/12\/Titre-VNF-150x150.png 150w, https:\/\/www.lamottetilly.fr\/wordpress\/wp-content\/uploads\/2025\/12\/Titre-VNF-768x768.png 768w\" sizes=\"(max-width: 1000px) 100vw, 1000px\" \/><\/a><\/div><div class=\"obfx-grid-col-content\">\t\t\t<h2 class=\"entry-title obfx-grid-title\">\n\t\t\t\t\t\t\t<a href=\"https:\/\/www.lamottetilly.fr\/wordpress\/index.php\/2025\/12\/09\/vnf-compte-rendu-de-la-visite-du-18-11-2025\/\" title=\"VNF-Compte-rendu de la visite du 18\/11\/2025\">\n\t\t\t\t\tVNF-Compte-rendu de la visite du 18\/11\/2025\t\t\t\t<\/a>\n\t\t\t\t\t\t\t<\/h2>\n\t\t\t\t\t\t\t<div class=\"entry-meta obfx-grid-meta\">\n\n\t\t\t\t\t\t\t\t\t\t\t\t\t<span class=\"obfx-grid-date\">\n\t\t\t\t\t\t\t\t\t9 d\u00e9cembre 2025\t\t\t\t\t\t\t\t<\/span>\n\t\t\t\t\t\t\t\t\n\t\t\t\t<\/div>\n\t\t\t\t\t\t\t<div class=\"entry-content obfx-grid-content\">\n\t\t\t\tPoint d'\u00e9changes avec les riverains du canal Terray\t\t\t<\/div>\n\t\t\t<div class=\"obfx-grid-footer\"><a href=\"https:\/\/www.lamottetilly.fr\/wordpress\/index.php\/2025\/12\/09\/vnf-compte-rendu-de-la-visite-du-18-11-2025\/\" title=\"Lire cet article\">Lire cet article<\/a><\/div><\/div><\/article><\/div><div class=\"obfx-grid-wrapper\"><article class=\"obfx-grid-col\"><div class=\"obfx-grid-col-image\" ><a href=\"https:\/\/www.lamottetilly.fr\/wordpress\/index.php\/2025\/12\/01\/conseil-municipal-4\/\" title=\"Conseil municipal\"><img width=\"500\" height=\"500\" src=\"https:\/\/www.lamottetilly.fr\/wordpress\/wp-content\/uploads\/2024\/04\/TitreConseilMunicipal.png\" class=\"img-responsive wp-post-image\" alt=\"TitreConseilMunicipal\" loading=\"lazy\" srcset=\"https:\/\/www.lamottetilly.fr\/wordpress\/wp-content\/uploads\/2024\/04\/TitreConseilMunicipal.png 500w, https:\/\/www.lamottetilly.fr\/wordpress\/wp-content\/uploads\/2024\/04\/TitreConseilMunicipal-300x300.png 300w, https:\/\/www.lamottetilly.fr\/wordpress\/wp-content\/uploads\/2024\/04\/TitreConseilMunicipal-150x150.png 150w\" sizes=\"(max-width: 500px) 100vw, 500px\" \/><\/a><\/div><div class=\"obfx-grid-col-content\">\t\t\t<h2 class=\"entry-title obfx-grid-title\">\n\t\t\t\t\t\t\t<a href=\"https:\/\/www.lamottetilly.fr\/wordpress\/index.php\/2025\/12\/01\/conseil-municipal-4\/\" title=\"Conseil municipal\">\n\t\t\t\t\tConseil municipal\t\t\t\t<\/a>\n\t\t\t\t\t\t\t<\/h2>\n\t\t\t\t\t\t\t<div class=\"entry-meta obfx-grid-meta\">\n\n\t\t\t\t\t\t\t\t\t\t\t\t\t<span class=\"obfx-grid-date\">\n\t\t\t\t\t\t\t\t\t1 d\u00e9cembre 2025\t\t\t\t\t\t\t\t<\/span>\n\t\t\t\t\t\t\t\t\n\t\t\t\t<\/div>\n\t\t\t\t\t\t\t<div class=\"entry-content obfx-grid-content\">\n\t\t\t\tVendredi 5 d\u00e9cembre 2025 \u00e0 18h15 \u00e0 la mairie\t\t\t<\/div>\n\t\t\t<div class=\"obfx-grid-footer\"><a href=\"https:\/\/www.lamottetilly.fr\/wordpress\/index.php\/2025\/12\/01\/conseil-municipal-4\/\" title=\"Lire cet article\">Lire cet article<\/a><\/div><\/div><\/article><\/div><div class=\"obfx-grid-wrapper\"><article class=\"obfx-grid-col\"><div class=\"obfx-grid-col-image\" ><a href=\"https:\/\/www.lamottetilly.fr\/wordpress\/index.php\/2025\/12\/01\/noel-2025-des-enfants\/\" title=\"No\u00ebl des enfants 2025\"><img width=\"595\" height=\"632\" src=\"https:\/\/www.lamottetilly.fr\/wordpress\/wp-content\/uploads\/2020\/12\/Noel-2020-DSC03170.jpg\" class=\"img-responsive wp-post-image\" alt=\"Noel-2020-DSC03170\" loading=\"lazy\" srcset=\"https:\/\/www.lamottetilly.fr\/wordpress\/wp-content\/uploads\/2020\/12\/Noel-2020-DSC03170.jpg 595w, https:\/\/www.lamottetilly.fr\/wordpress\/wp-content\/uploads\/2020\/12\/Noel-2020-DSC03170-282x300.jpg 282w\" sizes=\"(max-width: 595px) 100vw, 595px\" \/><\/a><\/div><div class=\"obfx-grid-col-content\">\t\t\t<h2 class=\"entry-title obfx-grid-title\">\n\t\t\t\t\t\t\t<a href=\"https:\/\/www.lamottetilly.fr\/wordpress\/index.php\/2025\/12\/01\/noel-2025-des-enfants\/\" title=\"No\u00ebl des enfants 2025\">\n\t\t\t\t\tNo\u00ebl des enfants 2025\t\t\t\t<\/a>\n\t\t\t\t\t\t\t<\/h2>\n\t\t\t\t\t\t\t<div class=\"entry-meta obfx-grid-meta\">\n\n\t\t\t\t\t\t\t\t\t\t\t\t\t<span class=\"obfx-grid-date\">\n\t\t\t\t\t\t\t\t\t1 d\u00e9cembre 2025\t\t\t\t\t\t\t\t<\/span>\n\t\t\t\t\t\t\t\t\n\t\t\t\t<\/div>\n\t\t\t\t\t\t\t<div class=\"entry-content obfx-grid-content\">\n\t\t\t\tC&rsquo;est No\u00ebl !! Comme l&rsquo;an pass\u00e9, \u2026 Nous vous invitons\u2026\t\t\t<\/div>\n\t\t\t<div class=\"obfx-grid-footer\"><a href=\"https:\/\/www.lamottetilly.fr\/wordpress\/index.php\/2025\/12\/01\/noel-2025-des-enfants\/\" title=\"Lire cet article\">Lire cet article<\/a><\/div><\/div><\/article><\/div><div class=\"obfx-grid-wrapper\"><article class=\"obfx-grid-col\"><div class=\"obfx-grid-col-image\" ><a href=\"https:\/\/www.lamottetilly.fr\/wordpress\/index.php\/2025\/12\/01\/le-noel-de-nos-aines\/\" title=\"Le No\u00ebl de nos a\u00een\u00e9s\"><img width=\"1000\" height=\"1000\" src=\"https:\/\/www.lamottetilly.fr\/wordpress\/wp-content\/uploads\/2022\/11\/NoelPourNosAines2.png\" class=\"img-responsive wp-post-image\" alt=\"NoelPourNosAines2\" loading=\"lazy\" srcset=\"https:\/\/www.lamottetilly.fr\/wordpress\/wp-content\/uploads\/2022\/11\/NoelPourNosAines2.png 1000w, https:\/\/www.lamottetilly.fr\/wordpress\/wp-content\/uploads\/2022\/11\/NoelPourNosAines2-300x300.png 300w, https:\/\/www.lamottetilly.fr\/wordpress\/wp-content\/uploads\/2022\/11\/NoelPourNosAines2-150x150.png 150w, https:\/\/www.lamottetilly.fr\/wordpress\/wp-content\/uploads\/2022\/11\/NoelPourNosAines2-768x768.png 768w\" sizes=\"(max-width: 1000px) 100vw, 1000px\" \/><\/a><\/div><div class=\"obfx-grid-col-content\">\t\t\t<h2 class=\"entry-title obfx-grid-title\">\n\t\t\t\t\t\t\t<a href=\"https:\/\/www.lamottetilly.fr\/wordpress\/index.php\/2025\/12\/01\/le-noel-de-nos-aines\/\" title=\"Le No\u00ebl de nos a\u00een\u00e9s\">\n\t\t\t\t\tLe No\u00ebl de nos a\u00een\u00e9s\t\t\t\t<\/a>\n\t\t\t\t\t\t\t<\/h2>\n\t\t\t\t\t\t\t<div class=\"entry-meta obfx-grid-meta\">\n\n\t\t\t\t\t\t\t\t\t\t\t\t\t<span class=\"obfx-grid-date\">\n\t\t\t\t\t\t\t\t\t1 d\u00e9cembre 2025\t\t\t\t\t\t\t\t<\/span>\n\t\t\t\t\t\t\t\t\n\t\t\t\t<\/div>\n\t\t\t\t\t\t\t<div class=\"entry-content obfx-grid-content\">\n\t\t\t\tC&rsquo;est No\u00ebl !! Comme l&rsquo;an pass\u00e9, \u2026 Les colis de\u2026\t\t\t<\/div>\n\t\t\t<div class=\"obfx-grid-footer\"><a href=\"https:\/\/www.lamottetilly.fr\/wordpress\/index.php\/2025\/12\/01\/le-noel-de-nos-aines\/\" title=\"Lire cet article\">Lire cet article<\/a><\/div><\/div><\/article><\/div><div class=\"obfx-grid-wrapper\"><article class=\"obfx-grid-col\"><div class=\"obfx-grid-col-image\" ><a href=\"https:\/\/www.lamottetilly.fr\/wordpress\/index.php\/2025\/11\/05\/la-motte-tilly-suspicion-grippe-aviaire\/\" title=\"Suspicion de grippe aviaire \u00e0 la Motte-Tilly\"><img width=\"500\" height=\"500\" src=\"https:\/\/www.lamottetilly.fr\/wordpress\/wp-content\/uploads\/2025\/11\/TitreLMTGrippeAviaire.png\" class=\"img-responsive wp-post-image\" alt=\"TitreLMTGrippeAviaire\" loading=\"lazy\" srcset=\"https:\/\/www.lamottetilly.fr\/wordpress\/wp-content\/uploads\/2025\/11\/TitreLMTGrippeAviaire.png 500w, https:\/\/www.lamottetilly.fr\/wordpress\/wp-content\/uploads\/2025\/11\/TitreLMTGrippeAviaire-300x300.png 300w, https:\/\/www.lamottetilly.fr\/wordpress\/wp-content\/uploads\/2025\/11\/TitreLMTGrippeAviaire-150x150.png 150w\" sizes=\"(max-width: 500px) 100vw, 500px\" \/><\/a><\/div><div class=\"obfx-grid-col-content\">\t\t\t<h2 class=\"entry-title obfx-grid-title\">\n\t\t\t\t\t\t\t<a href=\"https:\/\/www.lamottetilly.fr\/wordpress\/index.php\/2025\/11\/05\/la-motte-tilly-suspicion-grippe-aviaire\/\" title=\"Suspicion de grippe aviaire \u00e0 la Motte-Tilly\">\n\t\t\t\t\tSuspicion de grippe aviaire \u00e0 la Motte-Tilly\t\t\t\t<\/a>\n\t\t\t\t\t\t\t<\/h2>\n\t\t\t\t\t\t\t<div class=\"entry-meta obfx-grid-meta\">\n\n\t\t\t\t\t\t\t\t\t\t\t\t\t<span class=\"obfx-grid-date\">\n\t\t\t\t\t\t\t\t\t5 novembre 2025\t\t\t\t\t\t\t\t<\/span>\n\t\t\t\t\t\t\t\t\n\t\t\t\t<\/div>\n\t\t\t\t\t\t\t<div class=\"entry-content obfx-grid-content\">\n\t\t\t\tLes mesure \u00e0 prendre !\t\t\t<\/div>\n\t\t\t<div class=\"obfx-grid-footer\"><a href=\"https:\/\/www.lamottetilly.fr\/wordpress\/index.php\/2025\/11\/05\/la-motte-tilly-suspicion-grippe-aviaire\/\" title=\"Lire cet article\">Lire cet article<\/a><\/div><\/div><\/article><\/div><div class=\"obfx-grid-wrapper\"><article class=\"obfx-grid-col\"><div class=\"obfx-grid-col-image\" ><a href=\"https:\/\/www.lamottetilly.fr\/wordpress\/index.php\/2025\/11\/02\/commemoration-du-11-novembre-2025\/\" title=\"Comm\u00e9moration du 11 novembre 2025\"><img width=\"1366\" height=\"911\" src=\"https:\/\/www.lamottetilly.fr\/wordpress\/wp-content\/uploads\/2022\/11\/11Novembre2022-9.jpg\" class=\"img-responsive wp-post-image\" alt=\"11Novembre2022-9\" loading=\"lazy\" srcset=\"https:\/\/www.lamottetilly.fr\/wordpress\/wp-content\/uploads\/2022\/11\/11Novembre2022-9.jpg 1366w, https:\/\/www.lamottetilly.fr\/wordpress\/wp-content\/uploads\/2022\/11\/11Novembre2022-9-300x200.jpg 300w, https:\/\/www.lamottetilly.fr\/wordpress\/wp-content\/uploads\/2022\/11\/11Novembre2022-9-1024x683.jpg 1024w, https:\/\/www.lamottetilly.fr\/wordpress\/wp-content\/uploads\/2022\/11\/11Novembre2022-9-768x512.jpg 768w, https:\/\/www.lamottetilly.fr\/wordpress\/wp-content\/uploads\/2022\/11\/11Novembre2022-9-360x240.jpg 360w\" sizes=\"(max-width: 1366px) 100vw, 1366px\" \/><\/a><\/div><div class=\"obfx-grid-col-content\">\t\t\t<h2 class=\"entry-title obfx-grid-title\">\n\t\t\t\t\t\t\t<a href=\"https:\/\/www.lamottetilly.fr\/wordpress\/index.php\/2025\/11\/02\/commemoration-du-11-novembre-2025\/\" title=\"Comm\u00e9moration du 11 novembre 2025\">\n\t\t\t\t\tComm\u00e9moration du 11 novembre 2025\t\t\t\t<\/a>\n\t\t\t\t\t\t\t<\/h2>\n\t\t\t\t\t\t\t<div class=\"entry-meta obfx-grid-meta\">\n\n\t\t\t\t\t\t\t\t\t\t\t\t\t<span class=\"obfx-grid-date\">\n\t\t\t\t\t\t\t\t\t2 novembre 2025\t\t\t\t\t\t\t\t<\/span>\n\t\t\t\t\t\t\t\t\n\t\t\t\t<\/div>\n\t\t\t\t\t\t\t<div class=\"entry-content obfx-grid-content\">\n\t\t\t\tComm\u00e9moration du 11 novembre 2025\t\t\t<\/div>\n\t\t\t<div class=\"obfx-grid-footer\"><a href=\"https:\/\/www.lamottetilly.fr\/wordpress\/index.php\/2025\/11\/02\/commemoration-du-11-novembre-2025\/\" title=\"Lire cet article\">Lire cet article<\/a><\/div><\/div><\/article><\/div><div class=\"obfx-grid-wrapper\"><article class=\"obfx-grid-col\"><div class=\"obfx-grid-col-image\" ><a href=\"https:\/\/www.lamottetilly.fr\/wordpress\/index.php\/2025\/10\/07\/avis-denquete-publique\/\" title=\"Avis d&rsquo;enqu\u00eate publique\"><img width=\"1000\" height=\"1000\" src=\"https:\/\/www.lamottetilly.fr\/wordpress\/wp-content\/uploads\/2022\/02\/Web-AvisEnquetePublique.jpg\" class=\"img-responsive wp-post-image\" alt=\"Web-AvisEnquetePublique\" loading=\"lazy\" srcset=\"https:\/\/www.lamottetilly.fr\/wordpress\/wp-content\/uploads\/2022\/02\/Web-AvisEnquetePublique.jpg 1000w, https:\/\/www.lamottetilly.fr\/wordpress\/wp-content\/uploads\/2022\/02\/Web-AvisEnquetePublique-300x300.jpg 300w, https:\/\/www.lamottetilly.fr\/wordpress\/wp-content\/uploads\/2022\/02\/Web-AvisEnquetePublique-150x150.jpg 150w, https:\/\/www.lamottetilly.fr\/wordpress\/wp-content\/uploads\/2022\/02\/Web-AvisEnquetePublique-768x768.jpg 768w\" sizes=\"(max-width: 1000px) 100vw, 1000px\" \/><\/a><\/div><div class=\"obfx-grid-col-content\">\t\t\t<h2 class=\"entry-title obfx-grid-title\">\n\t\t\t\t\t\t\t<a href=\"https:\/\/www.lamottetilly.fr\/wordpress\/index.php\/2025\/10\/07\/avis-denquete-publique\/\" title=\"Avis d&rsquo;enqu\u00eate publique\">\n\t\t\t\t\tAvis d&rsquo;enqu\u00eate publique\t\t\t\t<\/a>\n\t\t\t\t\t\t\t<\/h2>\n\t\t\t\t\t\t\t<div class=\"entry-meta obfx-grid-meta\">\n\n\t\t\t\t\t\t\t\t\t\t\t\t\t<span class=\"obfx-grid-date\">\n\t\t\t\t\t\t\t\t\t7 octobre 2025\t\t\t\t\t\t\t\t<\/span>\n\t\t\t\t\t\t\t\t\n\t\t\t\t<\/div>\n\t\t\t\t\t\t\t<div class=\"entry-content obfx-grid-content\">\n\t\t\t\tAvis d&rsquo;enqu\u00eate publique Un CLIC pour t\u00e9l\u00e9charger le pdf\t\t\t<\/div>\n\t\t\t<div class=\"obfx-grid-footer\"><a href=\"https:\/\/www.lamottetilly.fr\/wordpress\/index.php\/2025\/10\/07\/avis-denquete-publique\/\" title=\"Lire cet article\">Lire cet article<\/a><\/div><\/div><\/article><\/div><\/div><!-- .obfx-grid-container --><\/div><!-- .obfx-grid -->\t\t<\/div>\n\t\t\t\t<\/div>\n\t\t\t\t<div class=\"elementor-element elementor-element-73df138 elementor-absolute elementor-widget elementor-widget-heading\" data-id=\"73df138\" data-element_type=\"widget\" data-settings=\"{&quot;_position&quot;:&quot;absolute&quot;}\" data-widget_type=\"heading.default\">\n\t\t\t\t<div class=\"elementor-widget-container\">\n\t\t\t<h1 class=\"elementor-heading-title elementor-size-default\"><a href=\"http:\/\/la-motte-tilly.lobs.pro\/wordpress\/index.php\/mairie-2\/\">Mairie\nde\nLa Motte-Tilly <\/a><\/h1>\t\t<\/div>\n\t\t\t\t<\/div>\n\t\t\t\t\t\t<\/div>\n\t\t\t\t\t<\/div>\n\t\t<\/div>\n\t\t\t\t\t\t\t\t<\/div>\n\t\t\t\t\t<\/div>\n\t\t<\/section>\n\t\t\t\t<section class=\"elementor-section elementor-top-section elementor-element elementor-element-b367694 elementor-section-boxed elementor-section-height-default elementor-section-height-default\" data-id=\"b367694\" data-element_type=\"section\">\n\t\t\t\t\t\t<div class=\"elementor-container elementor-column-gap-default\">\n\t\t\t\t\t\t\t<div class=\"elementor-row\">\n\t\t\t\t\t<div class=\"elementor-column elementor-col-100 elementor-top-column elementor-element elementor-element-cea4273\" data-id=\"cea4273\" data-element_type=\"column\">\n\t\t\t<div class=\"elementor-column-wrap elementor-element-populated\">\n\t\t\t\t\t\t\t<div class=\"elementor-widget-wrap\">\n\t\t\t\t\t\t<div class=\"elementor-element elementor-element-34ed909 elementor-widget elementor-widget-text-editor\" data-id=\"34ed909\" data-element_type=\"widget\" data-widget_type=\"text-editor.default\">\n\t\t\t\t<div class=\"elementor-widget-container\">\n\t\t\t\t\t\t\t\t<div class=\"elementor-text-editor elementor-clearfix\">\n\t\t\t\t<p>Tous les autres articles sont dans le menu <a href=\"https:\/\/www.lamottetilly.fr\/wordpress\/index.php\/les-infos-de-la-motte\/\"><strong><span style=\"color: #333333;\">JOURNAL DE LA MOTTE<\/span><\/strong><\/a><\/p>\t\t\t\t\t<\/div>\n\t\t\t\t\t\t<\/div>\n\t\t\t\t<\/div>\n\t\t\t\t\t\t<\/div>\n\t\t\t\t\t<\/div>\n\t\t<\/div>\n\t\t\t\t\t\t\t\t<\/div>\n\t\t\t\t\t<\/div>\n\t\t<\/section>\n\t\t\t\t<section class=\"elementor-section elementor-top-section elementor-element elementor-element-e17fd71 elementor-section-boxed elementor-section-height-default elementor-section-height-default\" data-id=\"e17fd71\" data-element_type=\"section\">\n\t\t\t\t\t\t<div class=\"elementor-container elementor-column-gap-default\">\n\t\t\t\t\t\t\t<div class=\"elementor-row\">\n\t\t\t\t\t<div class=\"elementor-column elementor-col-100 elementor-top-column elementor-element elementor-element-9cc3710\" data-id=\"9cc3710\" data-element_type=\"column\">\n\t\t\t<div class=\"elementor-column-wrap elementor-element-populated\">\n\t\t\t\t\t\t\t<div class=\"elementor-widget-wrap\">\n\t\t\t\t\t\t<div class=\"elementor-element elementor-element-5555ca8 elementor-widget elementor-widget-spacer\" data-id=\"5555ca8\" data-element_type=\"widget\" data-widget_type=\"spacer.default\">\n\t\t\t\t<div class=\"elementor-widget-container\">\n\t\t\t\t\t<div class=\"elementor-spacer\">\n\t\t\t<div class=\"elementor-spacer-inner\"><\/div>\n\t\t<\/div>\n\t\t\t\t<\/div>\n\t\t\t\t<\/div>\n\t\t\t\t\t\t<\/div>\n\t\t\t\t\t<\/div>\n\t\t<\/div>\n\t\t\t\t\t\t\t\t<\/div>\n\t\t\t\t\t<\/div>\n\t\t<\/section>\n\t\t\t\t\t\t<\/div>\n\t\t\t\t\t\t<\/div>\n\t\t\t\t\t<\/div>\n\t\t","protected":false},"excerpt":{"rendered":"<p>\u00c9picerie solidaire 13 d\u00e9cembre 2024 Les 17 et 18 d\u00e9cembre \u00e0 la salle des f\u00eates\u2026 Lire cet article Nucl\u00e9aire &#8211; Les Bons r\u00e9flexes 13 d\u00e9cembre 2024 Si accident \u00e0 la centrale nucl\u00e9aire de NOGENT-SUR-SEINE, les bons\u2026 Lire cet article Alerte nucl\u00e9aire-les 6 bons r\u00e9flexes 13 d\u00e9cembre 2024 6 r\u00e9flexes pour [&hellip;]<\/p>\n","protected":false},"author":3,"featured_media":0,"parent":0,"menu_order":0,"comment_status":"closed","ping_status":"closed","template":"page-templates\/template-pagebuilder-full-width.php","meta":[],"_links":{"self":[{"href":"https:\/\/www.lamottetilly.fr\/wordpress\/index.php\/wp-json\/wp\/v2\/pages\/5722"}],"collection":[{"href":"https:\/\/www.lamottetilly.fr\/wordpress\/index.php\/wp-json\/wp\/v2\/pages"}],"about":[{"href":"https:\/\/www.lamottetilly.fr\/wordpress\/index.php\/wp-json\/wp\/v2\/types\/page"}],"author":[{"embeddable":true,"href":"https:\/\/www.lamottetilly.fr\/wordpress\/index.php\/wp-json\/wp\/v2\/users\/3"}],"replies":[{"embeddable":true,"href":"https:\/\/www.lamottetilly.fr\/wordpress\/index.php\/wp-json\/wp\/v2\/comments?post=5722"}],"version-history":[{"count":171,"href":"https:\/\/www.lamottetilly.fr\/wordpress\/index.php\/wp-json\/wp\/v2\/pages\/5722\/revisions"}],"predecessor-version":[{"id":14213,"href":"https:\/\/www.lamottetilly.fr\/wordpress\/index.php\/wp-json\/wp\/v2\/pages\/5722\/revisions\/14213"}],"wp:attachment":[{"href":"https:\/\/www.lamottetilly.fr\/wordpress\/index.php\/wp-json\/wp\/v2\/media?parent=5722"}],"curies":[{"name":"wp","href":"https:\/\/api.w.org\/{rel}","templated":true}]}}