{"id":5324,"date":"2020-07-21T11:20:46","date_gmt":"2020-07-21T09:20:46","guid":{"rendered":"http:\/\/la-motte-tilly.lobs.pro\/wordpress\/?page_id=5324"},"modified":"2021-11-13T17:11:19","modified_gmt":"2021-11-13T16:11:19","slug":"ses-balades-et-promenades","status":"publish","type":"page","link":"https:\/\/www.lamottetilly.fr\/wordpress\/index.php\/ses-balades-et-promenades\/","title":{"rendered":"Balades et promenades"},"content":{"rendered":"\t\t<div data-elementor-type=\"wp-page\" data-elementor-id=\"5324\" class=\"elementor elementor-5324\" data-elementor-settings=\"[]\">\n\t\t\t\t\t\t<div class=\"elementor-inner\">\n\t\t\t\t\t\t\t<div class=\"elementor-section-wrap\">\n\t\t\t\t\t\t\t<section class=\"elementor-section elementor-top-section elementor-element elementor-element-5ab8474 elementor-section-boxed elementor-section-height-default elementor-section-height-default\" data-id=\"5ab8474\" data-element_type=\"section\">\n\t\t\t\t\t\t<div class=\"elementor-container elementor-column-gap-default\">\n\t\t\t\t\t\t\t<div class=\"elementor-row\">\n\t\t\t\t\t<div class=\"elementor-column elementor-col-100 elementor-top-column elementor-element elementor-element-f7a3a34\" data-id=\"f7a3a34\" data-element_type=\"column\">\n\t\t\t<div class=\"elementor-column-wrap elementor-element-populated\">\n\t\t\t\t\t\t\t<div class=\"elementor-widget-wrap\">\n\t\t\t\t\t\t<div class=\"elementor-element elementor-element-08452eb elementor-invisible elementor-widget elementor-widget-heading\" data-id=\"08452eb\" data-element_type=\"widget\" data-settings=\"{&quot;_animation&quot;:&quot;fadeInDown&quot;}\" data-widget_type=\"heading.default\">\n\t\t\t\t<div class=\"elementor-widget-container\">\n\t\t\t<h2 class=\"elementor-heading-title elementor-size-default\">Balades et promenades<\/h2>\t\t<\/div>\n\t\t\t\t<\/div>\n\t\t\t\t\t\t<\/div>\n\t\t\t\t\t<\/div>\n\t\t<\/div>\n\t\t\t\t\t\t\t\t<\/div>\n\t\t\t\t\t<\/div>\n\t\t<\/section>\n\t\t\t\t<section class=\"elementor-section elementor-top-section elementor-element elementor-element-3a9acbe5 elementor-section-boxed elementor-section-height-default elementor-section-height-default\" data-id=\"3a9acbe5\" data-element_type=\"section\">\n\t\t\t\t\t\t<div class=\"elementor-container elementor-column-gap-default\">\n\t\t\t\t\t\t\t<div class=\"elementor-row\">\n\t\t\t\t\t<div class=\"elementor-column elementor-col-100 elementor-top-column elementor-element elementor-element-7edc66c0\" data-id=\"7edc66c0\" data-element_type=\"column\">\n\t\t\t<div class=\"elementor-column-wrap elementor-element-populated\">\n\t\t\t\t\t\t\t<div class=\"elementor-widget-wrap\">\n\t\t\t\t\t\t<section class=\"elementor-section elementor-inner-section elementor-element elementor-element-aacbff8 elementor-section-boxed elementor-section-height-default elementor-section-height-default\" data-id=\"aacbff8\" data-element_type=\"section\">\n\t\t\t\t\t\t<div class=\"elementor-container elementor-column-gap-default\">\n\t\t\t\t\t\t\t<div class=\"elementor-row\">\n\t\t\t\t\t<div class=\"elementor-column elementor-col-33 elementor-inner-column elementor-element elementor-element-691d6d0\" data-id=\"691d6d0\" data-element_type=\"column\">\n\t\t\t<div class=\"elementor-column-wrap elementor-element-populated\">\n\t\t\t\t\t\t\t<div class=\"elementor-widget-wrap\">\n\t\t\t\t\t\t<div class=\"elementor-element elementor-element-194dc93 elementor-widget elementor-widget-image\" data-id=\"194dc93\" data-element_type=\"widget\" data-widget_type=\"image.default\">\n\t\t\t\t<div class=\"elementor-widget-container\">\n\t\t\t\t\t\t\t\t<div class=\"elementor-image\">\n\t\t\t\t\t\t\t\t\t\t\t\t<img width=\"750\" height=\"500\" src=\"https:\/\/www.lamottetilly.fr\/wordpress\/wp-content\/uploads\/2020\/08\/Web-LMT-Beaulieu-DSC02140.jpg\" class=\"attachment-large size-large\" alt=\"\" loading=\"lazy\" srcset=\"https:\/\/www.lamottetilly.fr\/wordpress\/wp-content\/uploads\/2020\/08\/Web-LMT-Beaulieu-DSC02140.jpg 1000w, https:\/\/www.lamottetilly.fr\/wordpress\/wp-content\/uploads\/2020\/08\/Web-LMT-Beaulieu-DSC02140-300x200.jpg 300w, https:\/\/www.lamottetilly.fr\/wordpress\/wp-content\/uploads\/2020\/08\/Web-LMT-Beaulieu-DSC02140-768x512.jpg 768w, https:\/\/www.lamottetilly.fr\/wordpress\/wp-content\/uploads\/2020\/08\/Web-LMT-Beaulieu-DSC02140-360x240.jpg 360w\" sizes=\"(max-width: 750px) 100vw, 750px\" \/>\t\t\t\t\t\t\t\t\t\t\t\t\t\t<\/div>\n\t\t\t\t\t\t<\/div>\n\t\t\t\t<\/div>\n\t\t\t\t\t\t<\/div>\n\t\t\t\t\t<\/div>\n\t\t<\/div>\n\t\t\t\t<div class=\"elementor-column elementor-col-33 elementor-inner-column elementor-element elementor-element-4f2dcfa\" data-id=\"4f2dcfa\" data-element_type=\"column\">\n\t\t\t<div class=\"elementor-column-wrap\">\n\t\t\t\t\t\t\t<div class=\"elementor-widget-wrap\">\n\t\t\t\t\t\t\t\t<\/div>\n\t\t\t\t\t<\/div>\n\t\t<\/div>\n\t\t\t\t<div class=\"elementor-column elementor-col-33 elementor-inner-column elementor-element elementor-element-51fc9a1\" data-id=\"51fc9a1\" data-element_type=\"column\">\n\t\t\t<div class=\"elementor-column-wrap elementor-element-populated\">\n\t\t\t\t\t\t\t<div class=\"elementor-widget-wrap\">\n\t\t\t\t\t\t<div class=\"elementor-element elementor-element-8fc7a1a elementor-widget elementor-widget-heading\" data-id=\"8fc7a1a\" data-element_type=\"widget\" data-widget_type=\"heading.default\">\n\t\t\t\t<div class=\"elementor-widget-container\">\n\t\t\t<h6 class=\"elementor-heading-title elementor-size-default\">A pieds ou \u00e0 v\u00e9lo, autour de la Motte<\/h6>\t\t<\/div>\n\t\t\t\t<\/div>\n\t\t\t\t<div class=\"elementor-element elementor-element-75deb21a elementor-widget elementor-widget-text-editor\" data-id=\"75deb21a\" data-element_type=\"widget\" data-widget_type=\"text-editor.default\">\n\t\t\t\t<div class=\"elementor-widget-container\">\n\t\t\t\t\t\t\t\t<div class=\"elementor-text-editor elementor-clearfix\">\n\t\t\t\t<p><!-- wp:paragraph --><\/p>\n<p><span style=\"color: #333333;\">De nombreux chemins se pr\u00eatent \u00e0 des promenades, \u00e0 pieds ou \u00e0 v\u00e9lo, qui permettent de rejoindre les bords de Seine, le barrage, Courceroy et sa plage, Beaulieu,\u2026<\/span><\/p>\n<p><!-- \/wp:paragraph --><!-- wp:paragraph --><\/p>\n<p><!-- \/wp:paragraph --><!-- wp:image {\"id\":5263,\"sizeSlug\":\"large\"} --><!-- \/wp:image --><!-- wp:image {\"id\":5105,\"sizeSlug\":\"large\",\"linkDestination\":\"custom\"} --><!-- \/wp:image --><!-- wp:paragraph --><!-- \/wp:paragraph --><!-- wp:image {\"id\":5102,\"sizeSlug\":\"large\"} --><!-- \/wp:image --><!-- wp:paragraph --><!-- \/wp:paragraph --><!-- wp:image {\"id\":5133,\"sizeSlug\":\"large\",\"linkDestination\":\"custom\"} --><!-- \/wp:image --><!-- wp:image {\"id\":5125,\"sizeSlug\":\"large\"} --><!-- \/wp:image --><!-- wp:paragraph --><!-- \/wp:paragraph --><!-- wp:image {\"id\":5234,\"sizeSlug\":\"large\",\"linkDestination\":\"custom\"} --><!-- \/wp:image --><!-- wp:image {\"id\":5236,\"sizeSlug\":\"large\",\"linkDestination\":\"custom\"} --><!-- \/wp:image --><\/p>\t\t\t\t\t<\/div>\n\t\t\t\t\t\t<\/div>\n\t\t\t\t<\/div>\n\t\t\t\t\t\t<\/div>\n\t\t\t\t\t<\/div>\n\t\t<\/div>\n\t\t\t\t\t\t\t\t<\/div>\n\t\t\t\t\t<\/div>\n\t\t<\/section>\n\t\t\t\t<div class=\"elementor-element elementor-element-54c5790 elementor-widget elementor-widget-image-gallery\" data-id=\"54c5790\" data-element_type=\"widget\" data-widget_type=\"image-gallery.default\">\n\t\t\t\t<div class=\"elementor-widget-container\">\n\t\t\t\t\t<div class=\"elementor-image-gallery\">\n\t\t\t\n\t\t<style type=\"text\/css\">\n\t\t\t#gallery-1 {\n\t\t\t\tmargin: auto;\n\t\t\t}\n\t\t\t#gallery-1 .gallery-item {\n\t\t\t\tfloat: left;\n\t\t\t\tmargin-top: 10px;\n\t\t\t\ttext-align: center;\n\t\t\t\twidth: 16%;\n\t\t\t}\n\t\t\t#gallery-1 img {\n\t\t\t\tborder: 2px solid #cfcfcf;\n\t\t\t}\n\t\t\t#gallery-1 .gallery-caption {\n\t\t\t\tmargin-left: 0;\n\t\t\t}\n\t\t\t\/* see gallery_shortcode() in wp-includes\/media.php *\/\n\t\t<\/style>\n\t\t<div id='gallery-1' class='gallery galleryid-5324 gallery-columns-6 gallery-size-thumbnail'><dl class='gallery-item'>\n\t\t\t<dt class='gallery-icon landscape'>\n\t\t\t\t<a data-elementor-open-lightbox=\"yes\" data-elementor-lightbox-slideshow=\"54c5790\" data-elementor-lightbox-title=\"Web-Nature-2020-juillet-LaMotte-DSC01468\" href='https:\/\/www.lamottetilly.fr\/wordpress\/wp-content\/uploads\/2020\/07\/Web-Nature-2020-juillet-LaMotte-DSC01468.png'><img width=\"150\" height=\"150\" src=\"https:\/\/www.lamottetilly.fr\/wordpress\/wp-content\/uploads\/2020\/07\/Web-Nature-2020-juillet-LaMotte-DSC01468-150x150.png\" class=\"attachment-thumbnail size-thumbnail\" alt=\"\" loading=\"lazy\" aria-describedby=\"gallery-1-5125\" \/><\/a>\n\t\t\t<\/dt>\n\t\t\t\t<dd class='wp-caption-text gallery-caption' id='gallery-1-5125'>\n\t\t\t\tLa \u00ab\u00a0cascade\u00a0\u00bb du canal Terray\n\t\t\t\t<\/dd><\/dl><dl class='gallery-item'>\n\t\t\t<dt class='gallery-icon landscape'>\n\t\t\t\t<a data-elementor-open-lightbox=\"yes\" data-elementor-lightbox-slideshow=\"54c5790\" data-elementor-lightbox-title=\"WEBPromenade2020-LaMotteTilly-IMG_20200712_200128\" href='https:\/\/www.lamottetilly.fr\/wordpress\/wp-content\/uploads\/2020\/07\/WEBPromenade2020-LaMotteTilly-IMG_20200712_200128-1.png'><img width=\"150\" height=\"150\" src=\"https:\/\/www.lamottetilly.fr\/wordpress\/wp-content\/uploads\/2020\/07\/WEBPromenade2020-LaMotteTilly-IMG_20200712_200128-1-150x150.png\" class=\"attachment-thumbnail size-thumbnail\" alt=\"\" loading=\"lazy\" aria-describedby=\"gallery-1-5264\" \/><\/a>\n\t\t\t<\/dt>\n\t\t\t\t<dd class='wp-caption-text gallery-caption' id='gallery-1-5264'>\n\t\t\t\tLa cale \u00e0 b\u00e2teaux sur la Seine\n\t\t\t\t<\/dd><\/dl><dl class='gallery-item'>\n\t\t\t<dt class='gallery-icon landscape'>\n\t\t\t\t<a data-elementor-open-lightbox=\"yes\" data-elementor-lightbox-slideshow=\"54c5790\" data-elementor-lightbox-title=\"WEBPromenade2020-LaMotte-IMG_20200708_163730\" href='https:\/\/www.lamottetilly.fr\/wordpress\/wp-content\/uploads\/2020\/07\/WEBPromenade2020-LaMotte-IMG_20200708_163730-1.png'><img width=\"150\" height=\"150\" src=\"https:\/\/www.lamottetilly.fr\/wordpress\/wp-content\/uploads\/2020\/07\/WEBPromenade2020-LaMotte-IMG_20200708_163730-1-150x150.png\" class=\"attachment-thumbnail size-thumbnail\" alt=\"\" loading=\"lazy\" aria-describedby=\"gallery-1-5263\" \/><\/a>\n\t\t\t<\/dt>\n\t\t\t\t<dd class='wp-caption-text gallery-caption' id='gallery-1-5263'>\n\t\t\t\tEn bord de Seine\n\t\t\t\t<\/dd><\/dl><dl class='gallery-item'>\n\t\t\t<dt class='gallery-icon landscape'>\n\t\t\t\t<a data-elementor-open-lightbox=\"yes\" data-elementor-lightbox-slideshow=\"54c5790\" data-elementor-lightbox-title=\"WEBBarrageBranche2020-LaMotte-IMG_20200708_163742\" href='https:\/\/www.lamottetilly.fr\/wordpress\/wp-content\/uploads\/2020\/07\/WEBBarrageBranche2020-LaMotte-IMG_20200708_163742.png'><img width=\"150\" height=\"150\" src=\"https:\/\/www.lamottetilly.fr\/wordpress\/wp-content\/uploads\/2020\/07\/WEBBarrageBranche2020-LaMotte-IMG_20200708_163742-150x150.png\" class=\"attachment-thumbnail size-thumbnail\" alt=\"\" loading=\"lazy\" aria-describedby=\"gallery-1-5246\" \/><\/a>\n\t\t\t<\/dt>\n\t\t\t\t<dd class='wp-caption-text gallery-caption' id='gallery-1-5246'>\n\t\t\t\tEn bord de Seine\n\t\t\t\t<\/dd><\/dl><dl class='gallery-item'>\n\t\t\t<dt class='gallery-icon landscape'>\n\t\t\t\t<a data-elementor-open-lightbox=\"yes\" data-elementor-lightbox-slideshow=\"54c5790\" data-elementor-lightbox-title=\"WEB2Barrage2020-LaMotte-IMG_20200708_163149\" href='https:\/\/www.lamottetilly.fr\/wordpress\/wp-content\/uploads\/2020\/07\/WEB2Barrage2020-LaMotte-IMG_20200708_163149.png'><img width=\"150\" height=\"150\" src=\"https:\/\/www.lamottetilly.fr\/wordpress\/wp-content\/uploads\/2020\/07\/WEB2Barrage2020-LaMotte-IMG_20200708_163149-150x150.png\" class=\"attachment-thumbnail size-thumbnail\" alt=\"\" loading=\"lazy\" aria-describedby=\"gallery-1-5234\" \/><\/a>\n\t\t\t<\/dt>\n\t\t\t\t<dd class='wp-caption-text gallery-caption' id='gallery-1-5234'>\n\t\t\t\tLe barrage en amont\n\t\t\t\t<\/dd><\/dl><dl class='gallery-item'>\n\t\t\t<dt class='gallery-icon landscape'>\n\t\t\t\t<a data-elementor-open-lightbox=\"yes\" data-elementor-lightbox-slideshow=\"54c5790\" data-elementor-lightbox-title=\"WEB3Barrage2020-LaMotte-IMG_20200708_163432\" href='https:\/\/www.lamottetilly.fr\/wordpress\/wp-content\/uploads\/2020\/07\/WEB3Barrage2020-LaMotte-IMG_20200708_163432.png'><img width=\"150\" height=\"150\" src=\"https:\/\/www.lamottetilly.fr\/wordpress\/wp-content\/uploads\/2020\/07\/WEB3Barrage2020-LaMotte-IMG_20200708_163432-150x150.png\" class=\"attachment-thumbnail size-thumbnail\" alt=\"\" loading=\"lazy\" aria-describedby=\"gallery-1-5236\" \/><\/a>\n\t\t\t<\/dt>\n\t\t\t\t<dd class='wp-caption-text gallery-caption' id='gallery-1-5236'>\n\t\t\t\tLe barrage en aval\n\t\t\t\t<\/dd><\/dl><br style=\"clear: both\" \/>\n\t\t<\/div>\n\t\t<\/div>\n\t\t\t\t<\/div>\n\t\t\t\t<\/div>\n\t\t\t\t<div class=\"elementor-element elementor-element-5620867 elementor-widget elementor-widget-heading\" data-id=\"5620867\" data-element_type=\"widget\" data-widget_type=\"heading.default\">\n\t\t\t\t<div class=\"elementor-widget-container\">\n\t\t\t<h6 class=\"elementor-heading-title elementor-size-default\">\u00c0 pieds ou \u00e0 v\u00e9lo \u2026<\/h6>\t\t<\/div>\n\t\t\t\t<\/div>\n\t\t\t\t<div class=\"elementor-element elementor-element-d7e0dfb elementor-widget elementor-widget-obfx-posts-grid\" data-id=\"d7e0dfb\" data-element_type=\"widget\" data-widget_type=\"obfx-posts-grid.default\">\n\t\t\t\t<div class=\"elementor-widget-container\">\n\t\t\t<div class=\"obfx-grid\"><div class=\"obfx-grid-container obfx-grid-mobile-1 obfx-grid-tablet-2 obfx-grid-desktop-3\"><div class=\"obfx-grid-wrapper\"><article class=\"obfx-grid-col\"><div class=\"obfx-grid-col-image\" ><a href=\"https:\/\/www.lamottetilly.fr\/wordpress\/index.php\/2020\/12\/12\/vers-courceroy\/\" title=\"Vers Courceroy\u2026\"><img width=\"1366\" height=\"768\" src=\"https:\/\/www.lamottetilly.fr\/wordpress\/wp-content\/uploads\/2020\/12\/LMT-Courceroy-IMG_20200816_181649.jpg\" class=\"img-responsive wp-post-image\" alt=\"LMT-Courceroy-IMG_20200816_181649\" loading=\"lazy\" srcset=\"https:\/\/www.lamottetilly.fr\/wordpress\/wp-content\/uploads\/2020\/12\/LMT-Courceroy-IMG_20200816_181649.jpg 1366w, https:\/\/www.lamottetilly.fr\/wordpress\/wp-content\/uploads\/2020\/12\/LMT-Courceroy-IMG_20200816_181649-300x169.jpg 300w, https:\/\/www.lamottetilly.fr\/wordpress\/wp-content\/uploads\/2020\/12\/LMT-Courceroy-IMG_20200816_181649-1024x576.jpg 1024w, https:\/\/www.lamottetilly.fr\/wordpress\/wp-content\/uploads\/2020\/12\/LMT-Courceroy-IMG_20200816_181649-768x432.jpg 768w\" sizes=\"(max-width: 1366px) 100vw, 1366px\" \/><\/a><\/div><div class=\"obfx-grid-col-content\">\t\t\t<h2 class=\"entry-title obfx-grid-title\">\n\t\t\t\t\t\t\t<a href=\"https:\/\/www.lamottetilly.fr\/wordpress\/index.php\/2020\/12\/12\/vers-courceroy\/\" title=\"Vers Courceroy\u2026\">\n\t\t\t\t\tVers Courceroy\u2026\t\t\t\t<\/a>\n\t\t\t\t\t\t\t<\/h2>\n\t\t\t\t\t\t\t<div class=\"entry-meta obfx-grid-meta\">\n\n\t\t\t\t\t\t\t\t\t\t\t\t\t<span class=\"obfx-grid-date\">\n\t\t\t\t\t\t\t\t\t12 d\u00e9cembre 2020\t\t\t\t\t\t\t\t<\/span>\n\t\t\t\t\t\t\t\t\n\t\t\t\t<\/div>\n\t\t\t\t\t\t\t<div class=\"entry-content obfx-grid-content\">\n\t\t\t\tVers Courceroy\u2026 \u00c0 pieds ou \u00e0 v\u00e9lo, le long de la Seine, puis en empruntant des chemins de campagne, on arrive \u00e0 Courceroy Juste derri\u00e8re sa jolie mairie, on d\u00e9couvre\u2026\t\t\t<\/div>\n\t\t\t<\/div><\/article><\/div><div class=\"obfx-grid-wrapper\"><article class=\"obfx-grid-col\"><div class=\"obfx-grid-col-image\" ><a href=\"https:\/\/www.lamottetilly.fr\/wordpress\/index.php\/2020\/12\/12\/vers-beaulieu\/\" title=\"Vers Beaulieu\u2026\"><img width=\"1000\" height=\"667\" src=\"https:\/\/www.lamottetilly.fr\/wordpress\/wp-content\/uploads\/2020\/08\/Web-LMT-LeLongDuCanal-DSC02128.jpg\" class=\"img-responsive wp-post-image\" alt=\"Web-LMT-LeLongDuCanal-DSC02128\" loading=\"lazy\" srcset=\"https:\/\/www.lamottetilly.fr\/wordpress\/wp-content\/uploads\/2020\/08\/Web-LMT-LeLongDuCanal-DSC02128.jpg 1000w, https:\/\/www.lamottetilly.fr\/wordpress\/wp-content\/uploads\/2020\/08\/Web-LMT-LeLongDuCanal-DSC02128-300x200.jpg 300w, https:\/\/www.lamottetilly.fr\/wordpress\/wp-content\/uploads\/2020\/08\/Web-LMT-LeLongDuCanal-DSC02128-768x512.jpg 768w, https:\/\/www.lamottetilly.fr\/wordpress\/wp-content\/uploads\/2020\/08\/Web-LMT-LeLongDuCanal-DSC02128-360x240.jpg 360w\" sizes=\"(max-width: 1000px) 100vw, 1000px\" \/><\/a><\/div><div class=\"obfx-grid-col-content\">\t\t\t<h2 class=\"entry-title obfx-grid-title\">\n\t\t\t\t\t\t\t<a href=\"https:\/\/www.lamottetilly.fr\/wordpress\/index.php\/2020\/12\/12\/vers-beaulieu\/\" title=\"Vers Beaulieu\u2026\">\n\t\t\t\t\tVers Beaulieu\u2026\t\t\t\t<\/a>\n\t\t\t\t\t\t\t<\/h2>\n\t\t\t\t\t\t\t<div class=\"entry-meta obfx-grid-meta\">\n\n\t\t\t\t\t\t\t\t\t\t\t\t\t<span class=\"obfx-grid-date\">\n\t\t\t\t\t\t\t\t\t12 d\u00e9cembre 2020\t\t\t\t\t\t\t\t<\/span>\n\t\t\t\t\t\t\t\t\n\t\t\t\t<\/div>\n\t\t\t\t\t\t\t<div class=\"entry-content obfx-grid-content\">\n\t\t\t\tVers Beaulieu\u2026 \u00c0 pieds ou \u00e0 v\u00e9lo., le long du canal, on peut atteindre Beaulieu, petit village pos\u00e9, comme sur une \u00eele, entre le canal et la Seine.\t\t\t<\/div>\n\t\t\t<\/div><\/article><\/div>\t\t\t\t<div class=\"obfx-grid-pagination\">\n\t\t\t\t\t\t\t\t\t\t<nav class=\"pagination\">\n\t\t\t\t\t\t\t\t\t\t\t<\/nav>\n\t\t\t\t<\/div>\n\t\t\t\t<\/div><!-- .obfx-grid-container --><\/div><!-- .obfx-grid -->\t\t<\/div>\n\t\t\t\t<\/div>\n\t\t\t\t\t\t<\/div>\n\t\t\t\t\t<\/div>\n\t\t<\/div>\n\t\t\t\t\t\t\t\t<\/div>\n\t\t\t\t\t<\/div>\n\t\t<\/section>\n\t\t\t\t<section class=\"elementor-section elementor-top-section elementor-element elementor-element-abd80c2 elementor-section-boxed elementor-section-height-default elementor-section-height-default\" data-id=\"abd80c2\" data-element_type=\"section\">\n\t\t\t\t\t\t<div class=\"elementor-container elementor-column-gap-default\">\n\t\t\t\t\t\t\t<div class=\"elementor-row\">\n\t\t\t\t\t<div class=\"elementor-column elementor-col-100 elementor-top-column elementor-element elementor-element-0d55eb4\" data-id=\"0d55eb4\" data-element_type=\"column\">\n\t\t\t<div class=\"elementor-column-wrap\">\n\t\t\t\t\t\t\t<div class=\"elementor-widget-wrap\">\n\t\t\t\t\t\t\t\t<\/div>\n\t\t\t\t\t<\/div>\n\t\t<\/div>\n\t\t\t\t\t\t\t\t<\/div>\n\t\t\t\t\t<\/div>\n\t\t<\/section>\n\t\t\t\t\t\t<\/div>\n\t\t\t\t\t\t<\/div>\n\t\t\t\t\t<\/div>\n\t\t","protected":false},"excerpt":{"rendered":"<p>Balades et promenades A pieds ou \u00e0 v\u00e9lo, autour de la Motte De nombreux chemins se pr\u00eatent \u00e0 des promenades, \u00e0 pieds ou \u00e0 v\u00e9lo, qui permettent de rejoindre les bords de Seine, le barrage, Courceroy et sa plage, Beaulieu,\u2026 La \u00ab&nbsp;cascade&nbsp;\u00bb du canal Terray La cale \u00e0 b\u00e2teaux sur [&hellip;]<\/p>\n","protected":false},"author":3,"featured_media":8302,"parent":0,"menu_order":0,"comment_status":"closed","ping_status":"closed","template":"page-templates\/template-fullwidth.php","meta":[],"_links":{"self":[{"href":"https:\/\/www.lamottetilly.fr\/wordpress\/index.php\/wp-json\/wp\/v2\/pages\/5324"}],"collection":[{"href":"https:\/\/www.lamottetilly.fr\/wordpress\/index.php\/wp-json\/wp\/v2\/pages"}],"about":[{"href":"https:\/\/www.lamottetilly.fr\/wordpress\/index.php\/wp-json\/wp\/v2\/types\/page"}],"author":[{"embeddable":true,"href":"https:\/\/www.lamottetilly.fr\/wordpress\/index.php\/wp-json\/wp\/v2\/users\/3"}],"replies":[{"embeddable":true,"href":"https:\/\/www.lamottetilly.fr\/wordpress\/index.php\/wp-json\/wp\/v2\/comments?post=5324"}],"version-history":[{"count":57,"href":"https:\/\/www.lamottetilly.fr\/wordpress\/index.php\/wp-json\/wp\/v2\/pages\/5324\/revisions"}],"predecessor-version":[{"id":8628,"href":"https:\/\/www.lamottetilly.fr\/wordpress\/index.php\/wp-json\/wp\/v2\/pages\/5324\/revisions\/8628"}],"wp:featuredmedia":[{"embeddable":true,"href":"https:\/\/www.lamottetilly.fr\/wordpress\/index.php\/wp-json\/wp\/v2\/media\/8302"}],"wp:attachment":[{"href":"https:\/\/www.lamottetilly.fr\/wordpress\/index.php\/wp-json\/wp\/v2\/media?parent=5324"}],"curies":[{"name":"wp","href":"https:\/\/api.w.org\/{rel}","templated":true}]}}