{"id":4395,"date":"2020-06-15T11:15:42","date_gmt":"2020-06-15T09:15:42","guid":{"rendered":"http:\/\/la-motte-tilly.lobs.pro\/wordpress\/?page_id=4395"},"modified":"2021-09-01T08:54:30","modified_gmt":"2021-09-01T06:54:30","slug":"vie-scolaire","status":"publish","type":"page","link":"https:\/\/www.lamottetilly.fr\/wordpress\/index.php\/vie-scolaire\/","title":{"rendered":"Vie Scolaire"},"content":{"rendered":"\t\t<div data-elementor-type=\"wp-page\" data-elementor-id=\"4395\" class=\"elementor elementor-4395\" data-elementor-settings=\"[]\">\n\t\t\t\t\t\t<div class=\"elementor-inner\">\n\t\t\t\t\t\t\t<div class=\"elementor-section-wrap\">\n\t\t\t\t\t\t\t<section class=\"elementor-section elementor-top-section elementor-element elementor-element-d1711d4 elementor-section-boxed elementor-section-height-default elementor-section-height-default\" data-id=\"d1711d4\" data-element_type=\"section\">\n\t\t\t\t\t\t<div class=\"elementor-container elementor-column-gap-default\">\n\t\t\t\t\t\t\t<div class=\"elementor-row\">\n\t\t\t\t\t<div class=\"elementor-column elementor-col-100 elementor-top-column elementor-element elementor-element-07e7069\" data-id=\"07e7069\" data-element_type=\"column\">\n\t\t\t<div class=\"elementor-column-wrap elementor-element-populated\">\n\t\t\t\t\t\t\t<div class=\"elementor-widget-wrap\">\n\t\t\t\t\t\t<div class=\"elementor-element elementor-element-f428f59 elementor-widget elementor-widget-spacer\" data-id=\"f428f59\" data-element_type=\"widget\" data-widget_type=\"spacer.default\">\n\t\t\t\t<div class=\"elementor-widget-container\">\n\t\t\t\t\t<div class=\"elementor-spacer\">\n\t\t\t<div class=\"elementor-spacer-inner\"><\/div>\n\t\t<\/div>\n\t\t\t\t<\/div>\n\t\t\t\t<\/div>\n\t\t\t\t<div class=\"elementor-element elementor-element-80734f8 elementor-invisible elementor-widget elementor-widget-heading\" data-id=\"80734f8\" data-element_type=\"widget\" data-settings=\"{&quot;_animation&quot;:&quot;fadeInDown&quot;}\" data-widget_type=\"heading.default\">\n\t\t\t\t<div class=\"elementor-widget-container\">\n\t\t\t<h2 class=\"elementor-heading-title elementor-size-default\">Vie scolaire<\/h2>\t\t<\/div>\n\t\t\t\t<\/div>\n\t\t\t\t<section class=\"elementor-section elementor-inner-section elementor-element elementor-element-3fe3f86 elementor-section-boxed elementor-section-height-default elementor-section-height-default\" data-id=\"3fe3f86\" data-element_type=\"section\">\n\t\t\t\t\t\t<div class=\"elementor-container elementor-column-gap-default\">\n\t\t\t\t\t\t\t<div class=\"elementor-row\">\n\t\t\t\t\t<div class=\"elementor-column elementor-col-33 elementor-inner-column elementor-element elementor-element-fe580f2\" data-id=\"fe580f2\" data-element_type=\"column\">\n\t\t\t<div class=\"elementor-column-wrap\">\n\t\t\t\t\t\t\t<div class=\"elementor-widget-wrap\">\n\t\t\t\t\t\t\t\t<\/div>\n\t\t\t\t\t<\/div>\n\t\t<\/div>\n\t\t\t\t<div class=\"elementor-column elementor-col-33 elementor-inner-column elementor-element elementor-element-39f6667\" data-id=\"39f6667\" data-element_type=\"column\">\n\t\t\t<div class=\"elementor-column-wrap\">\n\t\t\t\t\t\t\t<div class=\"elementor-widget-wrap\">\n\t\t\t\t\t\t\t\t<\/div>\n\t\t\t\t\t<\/div>\n\t\t<\/div>\n\t\t\t\t<div class=\"elementor-column elementor-col-33 elementor-inner-column elementor-element elementor-element-90071f3\" data-id=\"90071f3\" data-element_type=\"column\">\n\t\t\t<div class=\"elementor-column-wrap elementor-element-populated\">\n\t\t\t\t\t\t\t<div class=\"elementor-widget-wrap\">\n\t\t\t\t\t\t<div class=\"elementor-element elementor-element-943cd06 elementor-widget elementor-widget-heading\" data-id=\"943cd06\" data-element_type=\"widget\" data-widget_type=\"heading.default\">\n\t\t\t\t<div class=\"elementor-widget-container\">\n\t\t\t<h6 class=\"elementor-heading-title elementor-size-default\">73 enfants pour 371 habitants<\/h6>\t\t<\/div>\n\t\t\t\t<\/div>\n\t\t\t\t\t\t<\/div>\n\t\t\t\t\t<\/div>\n\t\t<\/div>\n\t\t\t\t\t\t\t\t<\/div>\n\t\t\t\t\t<\/div>\n\t\t<\/section>\n\t\t\t\t<div class=\"elementor-element elementor-element-7073d7d elementor-widget elementor-widget-text-editor\" data-id=\"7073d7d\" data-element_type=\"widget\" data-widget_type=\"text-editor.default\">\n\t\t\t\t<div class=\"elementor-widget-container\">\n\t\t\t\t\t\t\t\t<div class=\"elementor-text-editor elementor-clearfix\">\n\t\t\t\t<p><span style=\"color: #333333;\">La commune de La Motte-Tilly compte actuellement 73 enfants de moins de 12 ans qui font partie des 108 jeunes de moins de 18 ans scolaris\u00e9s dans les \u00e9tablissements scolaires de Nogent- sur-Seine ou de Romilly-sur-Seine !<\/span><\/p>\t\t\t\t\t<\/div>\n\t\t\t\t\t\t<\/div>\n\t\t\t\t<\/div>\n\t\t\t\t<section class=\"elementor-section elementor-inner-section elementor-element elementor-element-0589040 elementor-section-boxed elementor-section-height-default elementor-section-height-default\" data-id=\"0589040\" data-element_type=\"section\">\n\t\t\t\t\t\t<div class=\"elementor-container elementor-column-gap-default\">\n\t\t\t\t\t\t\t<div class=\"elementor-row\">\n\t\t\t\t\t<div class=\"elementor-column elementor-col-33 elementor-inner-column elementor-element elementor-element-8d99068\" data-id=\"8d99068\" data-element_type=\"column\">\n\t\t\t<div class=\"elementor-column-wrap elementor-element-populated\">\n\t\t\t\t\t\t\t<div class=\"elementor-widget-wrap\">\n\t\t\t\t\t\t<div class=\"elementor-element elementor-element-2c2065e elementor-widget elementor-widget-image\" data-id=\"2c2065e\" data-element_type=\"widget\" data-widget_type=\"image.default\">\n\t\t\t\t<div class=\"elementor-widget-container\">\n\t\t\t\t\t\t\t\t<div class=\"elementor-image\">\n\t\t\t\t\t\t\t\t\t\t\t\t\t<a href=\"https:\/\/www.lamottetilly.fr\/wordpress\/wp-content\/uploads\/2021\/02\/InscriptionsScolaires21.jpg\" data-elementor-open-lightbox=\"yes\" data-elementor-lightbox-title=\"InscriptionsScolaires21\">\n\t\t\t\t\t\t\t<img width=\"212\" height=\"300\" src=\"https:\/\/www.lamottetilly.fr\/wordpress\/wp-content\/uploads\/2021\/02\/InscriptionsScolaires21-212x300.jpg\" class=\"attachment-medium size-medium\" alt=\"Inscriptions Scolaires 2021\" loading=\"lazy\" srcset=\"https:\/\/www.lamottetilly.fr\/wordpress\/wp-content\/uploads\/2021\/02\/InscriptionsScolaires21-212x300.jpg 212w, https:\/\/www.lamottetilly.fr\/wordpress\/wp-content\/uploads\/2021\/02\/InscriptionsScolaires21-724x1024.jpg 724w, https:\/\/www.lamottetilly.fr\/wordpress\/wp-content\/uploads\/2021\/02\/InscriptionsScolaires21-768x1086.jpg 768w, https:\/\/www.lamottetilly.fr\/wordpress\/wp-content\/uploads\/2021\/02\/InscriptionsScolaires21.jpg 966w\" sizes=\"(max-width: 212px) 100vw, 212px\" \/>\t\t\t\t\t\t\t\t<\/a>\n\t\t\t\t\t\t\t\t\t\t\t\t\t\t<\/div>\n\t\t\t\t\t\t<\/div>\n\t\t\t\t<\/div>\n\t\t\t\t\t\t<\/div>\n\t\t\t\t\t<\/div>\n\t\t<\/div>\n\t\t\t\t<div class=\"elementor-column elementor-col-33 elementor-inner-column elementor-element elementor-element-a0e2d6e\" data-id=\"a0e2d6e\" data-element_type=\"column\">\n\t\t\t<div class=\"elementor-column-wrap\">\n\t\t\t\t\t\t\t<div class=\"elementor-widget-wrap\">\n\t\t\t\t\t\t\t\t<\/div>\n\t\t\t\t\t<\/div>\n\t\t<\/div>\n\t\t\t\t<div class=\"elementor-column elementor-col-33 elementor-inner-column elementor-element elementor-element-90b43f4\" data-id=\"90b43f4\" data-element_type=\"column\">\n\t\t\t<div class=\"elementor-column-wrap elementor-element-populated\">\n\t\t\t\t\t\t\t<div class=\"elementor-widget-wrap\">\n\t\t\t\t\t\t<div class=\"elementor-element elementor-element-5c6a207 elementor-widget elementor-widget-heading\" data-id=\"5c6a207\" data-element_type=\"widget\" data-widget_type=\"heading.default\">\n\t\t\t\t<div class=\"elementor-widget-container\">\n\t\t\t<h6 class=\"elementor-heading-title elementor-size-default\">Inscriptions scolaires<\/h6>\t\t<\/div>\n\t\t\t\t<\/div>\n\t\t\t\t<div class=\"elementor-element elementor-element-0cf41b3 elementor-widget elementor-widget-text-editor\" data-id=\"0cf41b3\" data-element_type=\"widget\" data-widget_type=\"text-editor.default\">\n\t\t\t\t<div class=\"elementor-widget-container\">\n\t\t\t\t\t\t\t\t<div class=\"elementor-text-editor elementor-clearfix\">\n\t\t\t\t<p><span style=\"color: #333333;\">Rentr\u00e9e 2021 !<\/span><\/p><p><span style=\"color: #333333;\">Pour la rentr\u00e9e 2021 les inscriptions se font uniquement sur rendez-vous par t\u00e9l\u00e9phone ou par email .<\/span><\/p><p><span style=\"color: #333333;\">T\u00e9l\u00e9phone : 03 25 39 42 19 ou 03 25 39 42 25<\/span><br \/><a href=\"mailto:espace.famille@ville-nogent-sur-seine.fr\">Email : espace.famille@ville-nogent-sur-seine.fr<\/a><\/p>\t\t\t\t\t<\/div>\n\t\t\t\t\t\t<\/div>\n\t\t\t\t<\/div>\n\t\t\t\t\t\t<\/div>\n\t\t\t\t\t<\/div>\n\t\t<\/div>\n\t\t\t\t\t\t\t\t<\/div>\n\t\t\t\t\t<\/div>\n\t\t<\/section>\n\t\t\t\t\t\t<\/div>\n\t\t\t\t\t<\/div>\n\t\t<\/div>\n\t\t\t\t\t\t\t\t<\/div>\n\t\t\t\t\t<\/div>\n\t\t<\/section>\n\t\t\t\t<section class=\"elementor-section elementor-top-section elementor-element elementor-element-7f26cb8 elementor-section-boxed elementor-section-height-default elementor-section-height-default\" data-id=\"7f26cb8\" data-element_type=\"section\">\n\t\t\t\t\t\t<div class=\"elementor-container elementor-column-gap-default\">\n\t\t\t\t\t\t\t<div class=\"elementor-row\">\n\t\t\t\t\t<div class=\"elementor-column elementor-col-100 elementor-top-column elementor-element elementor-element-e3be613\" data-id=\"e3be613\" data-element_type=\"column\">\n\t\t\t<div class=\"elementor-column-wrap elementor-element-populated\">\n\t\t\t\t\t\t\t<div class=\"elementor-widget-wrap\">\n\t\t\t\t\t\t<div class=\"elementor-element elementor-element-99be5bf elementor-widget-divider--separator-type-pattern elementor-widget-divider--view-line elementor-widget elementor-widget-divider\" data-id=\"99be5bf\" data-element_type=\"widget\" data-widget_type=\"divider.default\">\n\t\t\t\t<div class=\"elementor-widget-container\">\n\t\t\t\t\t<div class=\"elementor-divider\" style=\"--divider-pattern-url: url(&quot;data:image\/svg+xml,%3Csvg xmlns=&#039;http:\/\/www.w3.org\/2000\/svg&#039; preserveAspectRatio=&#039;none&#039; overflow=&#039;visible&#039; height=&#039;100%&#039; viewBox=&#039;0 0 24 24&#039; fill=&#039;none&#039; stroke=&#039;black&#039; stroke-width=&#039;1&#039; stroke-linecap=&#039;square&#039; stroke-miterlimit=&#039;10&#039;%3E%3Cpath d=&#039;M0,6c6,0,0.9,11.1,6.9,11.1S18,6,24,6&#039;\/%3E%3C\/svg%3E&quot;);\">\n\t\t\t<span class=\"elementor-divider-separator\">\n\t\t\t\t\t\t<\/span>\n\t\t<\/div>\n\t\t\t\t<\/div>\n\t\t\t\t<\/div>\n\t\t\t\t\t\t<\/div>\n\t\t\t\t\t<\/div>\n\t\t<\/div>\n\t\t\t\t\t\t\t\t<\/div>\n\t\t\t\t\t<\/div>\n\t\t<\/section>\n\t\t\t\t<section class=\"elementor-section elementor-top-section elementor-element elementor-element-8881901 elementor-section-boxed elementor-section-height-default elementor-section-height-default\" data-id=\"8881901\" data-element_type=\"section\">\n\t\t\t\t\t\t<div class=\"elementor-container elementor-column-gap-default\">\n\t\t\t\t\t\t\t<div class=\"elementor-row\">\n\t\t\t\t\t<div class=\"elementor-column elementor-col-100 elementor-top-column elementor-element elementor-element-cd8dae0\" data-id=\"cd8dae0\" data-element_type=\"column\">\n\t\t\t<div class=\"elementor-column-wrap elementor-element-populated\">\n\t\t\t\t\t\t\t<div class=\"elementor-widget-wrap\">\n\t\t\t\t\t\t<section class=\"elementor-section elementor-inner-section elementor-element elementor-element-765dc73 elementor-section-boxed elementor-section-height-default elementor-section-height-default\" data-id=\"765dc73\" data-element_type=\"section\">\n\t\t\t\t\t\t<div class=\"elementor-container elementor-column-gap-default\">\n\t\t\t\t\t\t\t<div class=\"elementor-row\">\n\t\t\t\t\t<div class=\"elementor-column elementor-col-33 elementor-inner-column elementor-element elementor-element-9b0b8c7\" data-id=\"9b0b8c7\" data-element_type=\"column\">\n\t\t\t<div class=\"elementor-column-wrap elementor-element-populated\">\n\t\t\t\t\t\t\t<div class=\"elementor-widget-wrap\">\n\t\t\t\t\t\t<div class=\"elementor-element elementor-element-f57a0d5 elementor-widget elementor-widget-image\" data-id=\"f57a0d5\" data-element_type=\"widget\" data-widget_type=\"image.default\">\n\t\t\t\t<div class=\"elementor-widget-container\">\n\t\t\t\t\t\t\t\t<div class=\"elementor-image\">\n\t\t\t\t\t\t\t\t\t\t\t\t\t<a href=\"http:\/\/la-motte-tilly.lobs.pro\/wordpress\/wp-content\/uploads\/2020\/06\/TranspScol.png\" data-elementor-open-lightbox=\"yes\" data-elementor-lightbox-title=\"TranspScol\">\n\t\t\t\t\t\t\t<img src=\"https:\/\/www.lamottetilly.fr\/wordpress\/wp-content\/uploads\/2020\/06\/TranspScol.png\" title=\"TranspScol\" alt=\"TranspScol\" \/>\t\t\t\t\t\t\t\t<\/a>\n\t\t\t\t\t\t\t\t\t\t\t\t\t\t<\/div>\n\t\t\t\t\t\t<\/div>\n\t\t\t\t<\/div>\n\t\t\t\t<div class=\"elementor-element elementor-element-e83f86d elementor-widget elementor-widget-image\" data-id=\"e83f86d\" data-element_type=\"widget\" data-widget_type=\"image.default\">\n\t\t\t\t<div class=\"elementor-widget-container\">\n\t\t\t\t\t\t\t\t<div class=\"elementor-image\">\n\t\t\t\t\t\t\t\t\t<figure class=\"wp-caption\">\n\t\t\t\t\t\t\t\t\t\t\t<a href=\"https:\/\/www.lamottetilly.fr\/wordpress\/wp-content\/uploads\/2021\/09\/Horaires2021-Car-Scolaire.png\" data-elementor-open-lightbox=\"yes\" data-elementor-lightbox-title=\"Horaires2021-Car-Scolaire\">\n\t\t\t\t\t\t\t<img width=\"725\" height=\"601\" src=\"https:\/\/www.lamottetilly.fr\/wordpress\/wp-content\/uploads\/2021\/09\/Horaires2021-Car-Scolaire.png\" class=\"attachment-large size-large\" alt=\"\" loading=\"lazy\" srcset=\"https:\/\/www.lamottetilly.fr\/wordpress\/wp-content\/uploads\/2021\/09\/Horaires2021-Car-Scolaire.png 725w, https:\/\/www.lamottetilly.fr\/wordpress\/wp-content\/uploads\/2021\/09\/Horaires2021-Car-Scolaire-300x249.png 300w\" sizes=\"(max-width: 725px) 100vw, 725px\" \/>\t\t\t\t\t\t\t\t<\/a>\n\t\t\t\t\t\t\t\t\t\t\t<figcaption class=\"widget-image-caption wp-caption-text\">Horaires lignes scolaires 2021-2022<\/figcaption>\n\t\t\t\t\t\t\t\t\t\t<\/figure>\n\t\t\t\t\t\t\t\t<\/div>\n\t\t\t\t\t\t<\/div>\n\t\t\t\t<\/div>\n\t\t\t\t\t\t<\/div>\n\t\t\t\t\t<\/div>\n\t\t<\/div>\n\t\t\t\t<div class=\"elementor-column elementor-col-33 elementor-inner-column elementor-element elementor-element-46f26dd\" data-id=\"46f26dd\" data-element_type=\"column\">\n\t\t\t<div class=\"elementor-column-wrap\">\n\t\t\t\t\t\t\t<div class=\"elementor-widget-wrap\">\n\t\t\t\t\t\t\t\t<\/div>\n\t\t\t\t\t<\/div>\n\t\t<\/div>\n\t\t\t\t<div class=\"elementor-column elementor-col-33 elementor-inner-column elementor-element elementor-element-d8de735\" data-id=\"d8de735\" data-element_type=\"column\">\n\t\t\t<div class=\"elementor-column-wrap elementor-element-populated\">\n\t\t\t\t\t\t\t<div class=\"elementor-widget-wrap\">\n\t\t\t\t\t\t<div class=\"elementor-element elementor-element-17969a8 elementor-widget elementor-widget-heading\" data-id=\"17969a8\" data-element_type=\"widget\" data-widget_type=\"heading.default\">\n\t\t\t\t<div class=\"elementor-widget-container\">\n\t\t\t<h6 class=\"elementor-heading-title elementor-size-default\">Transports scolaires<\/h6>\t\t<\/div>\n\t\t\t\t<\/div>\n\t\t\t\t<div class=\"elementor-element elementor-element-5216423 elementor-widget elementor-widget-text-editor\" data-id=\"5216423\" data-element_type=\"widget\" data-widget_type=\"text-editor.default\">\n\t\t\t\t<div class=\"elementor-widget-container\">\n\t\t\t\t\t\t\t\t<div class=\"elementor-text-editor elementor-clearfix\">\n\t\t\t\t<p><span style=\"color: #333333;\">Pour se rendre dans l&rsquo;\u00e9cole maternelle, \u00e9l\u00e9mentaire, le coll\u00e8ge ou le lyc\u00e9e qu&rsquo;ils fr\u00e9quentent, les jeunes mottois peuvent prendre le car scolaire \u00e0 l&rsquo;un des 3 arr\u00eats mentionn\u00e9s, aux horaires indiqu\u00e9s, apr\u00e8s avoir proc\u00e9d\u00e9 \u00e0 leur inscription sur le site :<\/span><\/p>\t\t\t\t\t<\/div>\n\t\t\t\t\t\t<\/div>\n\t\t\t\t<\/div>\n\t\t\t\t<div class=\"elementor-element elementor-element-c7bcf8b elementor-widget elementor-widget-text-editor\" data-id=\"c7bcf8b\" data-element_type=\"widget\" data-widget_type=\"text-editor.default\">\n\t\t\t\t<div class=\"elementor-widget-container\">\n\t\t\t\t\t\t\t\t<div class=\"elementor-text-editor elementor-clearfix\">\n\t\t\t\t<p style=\"text-align: center;\"><em>fluoGrandEst<\/em>.<br \/><a rel=\"noreferrer noopener\" href=\"http:\/\/www.fluo.eu\/10\" target=\"_blank\" marked=\"1\">www.fluo.eu\/10<\/a><\/p>\t\t\t\t\t<\/div>\n\t\t\t\t\t\t<\/div>\n\t\t\t\t<\/div>\n\t\t\t\t<div class=\"elementor-element elementor-element-d05ff03 elementor-widget elementor-widget-text-editor\" data-id=\"d05ff03\" data-element_type=\"widget\" data-widget_type=\"text-editor.default\">\n\t\t\t\t<div class=\"elementor-widget-container\">\n\t\t\t\t\t\t\t\t<div class=\"elementor-text-editor elementor-clearfix\">\n\t\t\t\t<p><span><a href=\"https:\/\/www.lamottetilly.fr\/wordpress\/wp-content\/uploads\/2021\/09\/HORAIRES-LIGNES-SCOLAIRES.pdf\" target=\"_blank\" rel=\"noopener\">Version imprimable du tableau des horaires des lignes scolaires 2021\/2022 en cliquant sur ce lien.<\/a><br \/><\/span><\/p>\t\t\t\t\t<\/div>\n\t\t\t\t\t\t<\/div>\n\t\t\t\t<\/div>\n\t\t\t\t\t\t<\/div>\n\t\t\t\t\t<\/div>\n\t\t<\/div>\n\t\t\t\t\t\t\t\t<\/div>\n\t\t\t\t\t<\/div>\n\t\t<\/section>\n\t\t\t\t<section class=\"elementor-section elementor-inner-section elementor-element elementor-element-58af034 elementor-section-boxed elementor-section-height-default elementor-section-height-default\" data-id=\"58af034\" data-element_type=\"section\">\n\t\t\t\t\t\t<div class=\"elementor-container elementor-column-gap-default\">\n\t\t\t\t\t\t\t<div class=\"elementor-row\">\n\t\t\t\t\t<div class=\"elementor-column elementor-col-33 elementor-inner-column elementor-element elementor-element-a34f859\" data-id=\"a34f859\" data-element_type=\"column\">\n\t\t\t<div class=\"elementor-column-wrap elementor-element-populated\">\n\t\t\t\t\t\t\t<div class=\"elementor-widget-wrap\">\n\t\t\t\t\t\t<div class=\"elementor-element elementor-element-770c639 elementor-widget elementor-widget-image-gallery\" data-id=\"770c639\" data-element_type=\"widget\" data-widget_type=\"image-gallery.default\">\n\t\t\t\t<div class=\"elementor-widget-container\">\n\t\t\t\t\t<div class=\"elementor-image-gallery\">\n\t\t\t\n\t\t<style type=\"text\/css\">\n\t\t\t#gallery-1 {\n\t\t\t\tmargin: auto;\n\t\t\t}\n\t\t\t#gallery-1 .gallery-item {\n\t\t\t\tfloat: left;\n\t\t\t\tmargin-top: 10px;\n\t\t\t\ttext-align: center;\n\t\t\t\twidth: 33%;\n\t\t\t}\n\t\t\t#gallery-1 img {\n\t\t\t\tborder: 2px solid #cfcfcf;\n\t\t\t}\n\t\t\t#gallery-1 .gallery-caption {\n\t\t\t\tmargin-left: 0;\n\t\t\t}\n\t\t\t\/* see gallery_shortcode() in wp-includes\/media.php *\/\n\t\t<\/style>\n\t\t<div id='gallery-1' class='gallery galleryid-4395 gallery-columns-3 gallery-size-thumbnail'><dl class='gallery-item'>\n\t\t\t<dt class='gallery-icon landscape'>\n\t\t\t\t<a data-elementor-open-lightbox=\"yes\" data-elementor-lightbox-slideshow=\"770c639\" data-elementor-lightbox-title=\"Web-LMT-ArretBusOrmeau-DSC02005\" href='https:\/\/www.lamottetilly.fr\/wordpress\/wp-content\/uploads\/2020\/08\/Web-LMT-ArretBusOrmeau-DSC02005.jpg'><img width=\"150\" height=\"150\" src=\"https:\/\/www.lamottetilly.fr\/wordpress\/wp-content\/uploads\/2020\/08\/Web-LMT-ArretBusOrmeau-DSC02005-150x150.jpg\" class=\"attachment-thumbnail size-thumbnail\" alt=\"Arr\u00eat de l&#039;Ormeau\" loading=\"lazy\" aria-describedby=\"gallery-1-6033\" \/><\/a>\n\t\t\t<\/dt>\n\t\t\t\t<dd class='wp-caption-text gallery-caption' id='gallery-1-6033'>\n\t\t\t\tArr\u00eat, l&rsquo;Ormeau\n\t\t\t\t<\/dd><\/dl><dl class='gallery-item'>\n\t\t\t<dt class='gallery-icon landscape'>\n\t\t\t\t<a data-elementor-open-lightbox=\"yes\" data-elementor-lightbox-slideshow=\"770c639\" data-elementor-lightbox-title=\"webAbribusLaMotteTilly-IMG_20200712_201449\" href='https:\/\/www.lamottetilly.fr\/wordpress\/wp-content\/uploads\/2020\/07\/webAbribusLaMotteTilly-IMG_20200712_201449-1.png'><img width=\"150\" height=\"150\" src=\"https:\/\/www.lamottetilly.fr\/wordpress\/wp-content\/uploads\/2020\/07\/webAbribusLaMotteTilly-IMG_20200712_201449-1-150x150.png\" class=\"attachment-thumbnail size-thumbnail\" alt=\"\" loading=\"lazy\" aria-describedby=\"gallery-1-5245\" \/><\/a>\n\t\t\t<\/dt>\n\t\t\t\t<dd class='wp-caption-text gallery-caption' id='gallery-1-5245'>\n\t\t\t\tArr\u00eat, Place de l&rsquo;\u00e9glise\n\t\t\t\t<\/dd><\/dl><dl class='gallery-item'>\n\t\t\t<dt class='gallery-icon landscape'>\n\t\t\t\t<a data-elementor-open-lightbox=\"yes\" data-elementor-lightbox-slideshow=\"770c639\" data-elementor-lightbox-title=\"Web-LMT-ArretCar-Freparoy-IMG_20201219_112605\" href='https:\/\/www.lamottetilly.fr\/wordpress\/wp-content\/uploads\/2020\/12\/Web-LMT-ArretCar-Freparoy-IMG_20201219_112605.png'><img width=\"150\" height=\"150\" src=\"https:\/\/www.lamottetilly.fr\/wordpress\/wp-content\/uploads\/2020\/12\/Web-LMT-ArretCar-Freparoy-IMG_20201219_112605-150x150.png\" class=\"attachment-thumbnail size-thumbnail\" alt=\"Arr\u00eat du Car\" loading=\"lazy\" aria-describedby=\"gallery-1-8073\" \/><\/a>\n\t\t\t<\/dt>\n\t\t\t\t<dd class='wp-caption-text gallery-caption' id='gallery-1-8073'>\n\t\t\t\tArr\u00eat, Fr\u00e9paroy\n\t\t\t\t<\/dd><\/dl><br style=\"clear: both\" \/>\n\t\t<\/div>\n\t\t<\/div>\n\t\t\t\t<\/div>\n\t\t\t\t<\/div>\n\t\t\t\t\t\t<\/div>\n\t\t\t\t\t<\/div>\n\t\t<\/div>\n\t\t\t\t<div class=\"elementor-column elementor-col-33 elementor-inner-column elementor-element elementor-element-d5c1d76\" data-id=\"d5c1d76\" data-element_type=\"column\">\n\t\t\t<div class=\"elementor-column-wrap\">\n\t\t\t\t\t\t\t<div class=\"elementor-widget-wrap\">\n\t\t\t\t\t\t\t\t<\/div>\n\t\t\t\t\t<\/div>\n\t\t<\/div>\n\t\t\t\t<div class=\"elementor-column elementor-col-33 elementor-inner-column elementor-element elementor-element-ab529ca\" data-id=\"ab529ca\" data-element_type=\"column\">\n\t\t\t<div class=\"elementor-column-wrap elementor-element-populated\">\n\t\t\t\t\t\t\t<div class=\"elementor-widget-wrap\">\n\t\t\t\t\t\t<div class=\"elementor-element elementor-element-e7109c8 elementor-widget elementor-widget-text-editor\" data-id=\"e7109c8\" data-element_type=\"widget\" data-widget_type=\"text-editor.default\">\n\t\t\t\t<div class=\"elementor-widget-container\">\n\t\t\t\t\t\t\t\t<div class=\"elementor-text-editor elementor-clearfix\">\n\t\t\t\t<p><strong>Il y a <span style=\"color: #ff6600;\">3<\/span> arr\u00eats de bus scolaires sur la commune<\/strong><\/p><ul><li><span style=\"color: #333333;\">Fr\u00e9paroy<\/span><\/li><li><span style=\"color: #333333;\">L&rsquo;ormeau<\/span><\/li><li><span style=\"color: #333333;\">L&rsquo;\u00e9glise<\/span><\/li><\/ul>\t\t\t\t\t<\/div>\n\t\t\t\t\t\t<\/div>\n\t\t\t\t<\/div>\n\t\t\t\t\t\t<\/div>\n\t\t\t\t\t<\/div>\n\t\t<\/div>\n\t\t\t\t\t\t\t\t<\/div>\n\t\t\t\t\t<\/div>\n\t\t<\/section>\n\t\t\t\t<section class=\"elementor-section elementor-inner-section elementor-element elementor-element-3c47bc9 elementor-section-boxed elementor-section-height-default elementor-section-height-default\" data-id=\"3c47bc9\" data-element_type=\"section\">\n\t\t\t\t\t\t<div class=\"elementor-container elementor-column-gap-default\">\n\t\t\t\t\t\t\t<div class=\"elementor-row\">\n\t\t\t\t\t<div class=\"elementor-column elementor-col-50 elementor-inner-column elementor-element elementor-element-df9336b\" data-id=\"df9336b\" data-element_type=\"column\">\n\t\t\t<div class=\"elementor-column-wrap\">\n\t\t\t\t\t\t\t<div class=\"elementor-widget-wrap\">\n\t\t\t\t\t\t\t\t<\/div>\n\t\t\t\t\t<\/div>\n\t\t<\/div>\n\t\t\t\t<div class=\"elementor-column elementor-col-50 elementor-inner-column elementor-element elementor-element-122d820\" data-id=\"122d820\" data-element_type=\"column\">\n\t\t\t<div class=\"elementor-column-wrap\">\n\t\t\t\t\t\t\t<div class=\"elementor-widget-wrap\">\n\t\t\t\t\t\t\t\t<\/div>\n\t\t\t\t\t<\/div>\n\t\t<\/div>\n\t\t\t\t\t\t\t\t<\/div>\n\t\t\t\t\t<\/div>\n\t\t<\/section>\n\t\t\t\t\t\t<\/div>\n\t\t\t\t\t<\/div>\n\t\t<\/div>\n\t\t\t\t\t\t\t\t<\/div>\n\t\t\t\t\t<\/div>\n\t\t<\/section>\n\t\t\t\t\t\t<\/div>\n\t\t\t\t\t\t<\/div>\n\t\t\t\t\t<\/div>\n\t\t","protected":false},"excerpt":{"rendered":"<p>Vie scolaire 73 enfants pour 371 habitants La commune de La Motte-Tilly compte actuellement 73 enfants de moins de 12 ans qui font partie des 108 jeunes de moins de 18 ans scolaris\u00e9s dans les \u00e9tablissements scolaires de Nogent- sur-Seine ou de Romilly-sur-Seine ! Inscriptions scolaires Rentr\u00e9e 2021 ! Pour [&hellip;]<\/p>\n","protected":false},"author":3,"featured_media":5082,"parent":0,"menu_order":0,"comment_status":"closed","ping_status":"closed","template":"page-templates\/template-fullwidth.php","meta":[],"_links":{"self":[{"href":"https:\/\/www.lamottetilly.fr\/wordpress\/index.php\/wp-json\/wp\/v2\/pages\/4395"}],"collection":[{"href":"https:\/\/www.lamottetilly.fr\/wordpress\/index.php\/wp-json\/wp\/v2\/pages"}],"about":[{"href":"https:\/\/www.lamottetilly.fr\/wordpress\/index.php\/wp-json\/wp\/v2\/types\/page"}],"author":[{"embeddable":true,"href":"https:\/\/www.lamottetilly.fr\/wordpress\/index.php\/wp-json\/wp\/v2\/users\/3"}],"replies":[{"embeddable":true,"href":"https:\/\/www.lamottetilly.fr\/wordpress\/index.php\/wp-json\/wp\/v2\/comments?post=4395"}],"version-history":[{"count":142,"href":"https:\/\/www.lamottetilly.fr\/wordpress\/index.php\/wp-json\/wp\/v2\/pages\/4395\/revisions"}],"predecessor-version":[{"id":9268,"href":"https:\/\/www.lamottetilly.fr\/wordpress\/index.php\/wp-json\/wp\/v2\/pages\/4395\/revisions\/9268"}],"wp:featuredmedia":[{"embeddable":true,"href":"https:\/\/www.lamottetilly.fr\/wordpress\/index.php\/wp-json\/wp\/v2\/media\/5082"}],"wp:attachment":[{"href":"https:\/\/www.lamottetilly.fr\/wordpress\/index.php\/wp-json\/wp\/v2\/media?parent=4395"}],"curies":[{"name":"wp","href":"https:\/\/api.w.org\/{rel}","templated":true}]}}