{"id":4312,"date":"2020-06-09T17:12:16","date_gmt":"2020-06-09T15:12:16","guid":{"rendered":"http:\/\/la-motte-tilly.lobs.pro\/wordpress\/?page_id=4312"},"modified":"2023-10-05T19:48:05","modified_gmt":"2023-10-05T17:48:05","slug":"les-associations","status":"publish","type":"page","link":"https:\/\/www.lamottetilly.fr\/wordpress\/index.php\/les-associations\/","title":{"rendered":"les Associations"},"content":{"rendered":"\t\t<div data-elementor-type=\"wp-page\" data-elementor-id=\"4312\" class=\"elementor elementor-4312\" data-elementor-settings=\"[]\">\n\t\t\t\t\t\t<div class=\"elementor-inner\">\n\t\t\t\t\t\t\t<div class=\"elementor-section-wrap\">\n\t\t\t\t\t\t\t<section class=\"elementor-section elementor-top-section elementor-element elementor-element-08255e4 elementor-section-boxed elementor-section-height-default elementor-section-height-default\" data-id=\"08255e4\" data-element_type=\"section\">\n\t\t\t\t\t\t<div class=\"elementor-container elementor-column-gap-default\">\n\t\t\t\t\t\t\t<div class=\"elementor-row\">\n\t\t\t\t\t<div class=\"elementor-column elementor-col-100 elementor-top-column elementor-element elementor-element-22f7e62\" data-id=\"22f7e62\" data-element_type=\"column\">\n\t\t\t<div class=\"elementor-column-wrap elementor-element-populated\">\n\t\t\t\t\t\t\t<div class=\"elementor-widget-wrap\">\n\t\t\t\t\t\t<div class=\"elementor-element elementor-element-46a6c86 elementor-widget elementor-widget-spacer\" data-id=\"46a6c86\" data-element_type=\"widget\" data-widget_type=\"spacer.default\">\n\t\t\t\t<div class=\"elementor-widget-container\">\n\t\t\t\t\t<div class=\"elementor-spacer\">\n\t\t\t<div class=\"elementor-spacer-inner\"><\/div>\n\t\t<\/div>\n\t\t\t\t<\/div>\n\t\t\t\t<\/div>\n\t\t\t\t<div class=\"elementor-element elementor-element-b2c830f elementor-invisible elementor-widget elementor-widget-heading\" data-id=\"b2c830f\" data-element_type=\"widget\" data-settings=\"{&quot;_animation&quot;:&quot;fadeInDown&quot;}\" data-widget_type=\"heading.default\">\n\t\t\t\t<div class=\"elementor-widget-container\">\n\t\t\t<h2 class=\"elementor-heading-title elementor-size-default\">Les associations pr\u00e9sentes sur la commune<\/h2>\t\t<\/div>\n\t\t\t\t<\/div>\n\t\t\t\t\t\t<\/div>\n\t\t\t\t\t<\/div>\n\t\t<\/div>\n\t\t\t\t\t\t\t\t<\/div>\n\t\t\t\t\t<\/div>\n\t\t<\/section>\n\t\t\t\t<section class=\"elementor-section elementor-top-section elementor-element elementor-element-6c65a33 elementor-section-boxed elementor-section-height-default elementor-section-height-default\" data-id=\"6c65a33\" data-element_type=\"section\">\n\t\t\t\t\t\t<div class=\"elementor-container elementor-column-gap-default\">\n\t\t\t\t\t\t\t<div class=\"elementor-row\">\n\t\t\t\t\t<div class=\"elementor-column elementor-col-100 elementor-top-column elementor-element elementor-element-74e9c96\" data-id=\"74e9c96\" data-element_type=\"column\">\n\t\t\t<div class=\"elementor-column-wrap elementor-element-populated\">\n\t\t\t\t\t\t\t<div class=\"elementor-widget-wrap\">\n\t\t\t\t\t\t<div class=\"elementor-element elementor-element-9da9822 elementor-widget elementor-widget-text-editor\" data-id=\"9da9822\" data-element_type=\"widget\" data-widget_type=\"text-editor.default\">\n\t\t\t\t<div class=\"elementor-widget-container\">\n\t\t\t\t\t\t\t\t<div class=\"elementor-text-editor elementor-clearfix\">\n\t\t\t\t<p style=\"text-align: center;\">Retrouver toute leur actualit\u00e9 sur leur propre site internet<\/p>\t\t\t\t\t<\/div>\n\t\t\t\t\t\t<\/div>\n\t\t\t\t<\/div>\n\t\t\t\t<div class=\"elementor-element elementor-element-2ad117b elementor-widget elementor-widget-heading\" data-id=\"2ad117b\" data-element_type=\"widget\" data-widget_type=\"heading.default\">\n\t\t\t\t<div class=\"elementor-widget-container\">\n\t\t\t<h6 class=\"elementor-heading-title elementor-size-default\"><a href=\"http:\/\/www.memoire-patrimoinedelamottetilly.org\/\"><i>Association M\u00e9moire de la Motte-Tilly<\/i><\/a><\/h6>\t\t<\/div>\n\t\t\t\t<\/div>\n\t\t\t\t<section class=\"elementor-section elementor-inner-section elementor-element elementor-element-470b84f elementor-section-boxed elementor-section-height-default elementor-section-height-default\" data-id=\"470b84f\" data-element_type=\"section\">\n\t\t\t\t\t\t<div class=\"elementor-container elementor-column-gap-default\">\n\t\t\t\t\t\t\t<div class=\"elementor-row\">\n\t\t\t\t\t<div class=\"elementor-column elementor-col-33 elementor-inner-column elementor-element elementor-element-d2c5886\" data-id=\"d2c5886\" data-element_type=\"column\">\n\t\t\t<div class=\"elementor-column-wrap elementor-element-populated\">\n\t\t\t\t\t\t\t<div class=\"elementor-widget-wrap\">\n\t\t\t\t\t\t<div class=\"elementor-element elementor-element-775c8eb elementor-widget elementor-widget-image\" data-id=\"775c8eb\" data-element_type=\"widget\" data-widget_type=\"image.default\">\n\t\t\t\t<div class=\"elementor-widget-container\">\n\t\t\t\t\t\t\t\t<div class=\"elementor-image\">\n\t\t\t\t\t\t\t\t\t\t\t\t\t<a href=\"http:\/\/la-motte-tilly.lobs.pro\/wordpress\/wp-content\/uploads\/2020\/07\/Web-EgliseInt-2016-LaMotte-DSCF6810.png\" data-elementor-open-lightbox=\"yes\" data-elementor-lightbox-title=\"Web-EgliseInt-2016-LaMotte-DSCF6810\" data-elementor-lightbox-description=\"\u00a9V.C\u00f4me2020\">\n\t\t\t\t\t\t\t<img src=\"https:\/\/www.lamottetilly.fr\/wordpress\/wp-content\/uploads\/elementor\/thumbs\/Web-EgliseInt-2016-LaMotte-DSCF6810-osoycehw4v3tsb3l100gvxmyqlvhlvby73xs3i7b5g.png\" title=\"Web-EgliseInt-2016-LaMotte-DSCF6810\" alt=\"\u00a9V.C\u00f4me2020\" \/>\t\t\t\t\t\t\t\t<\/a>\n\t\t\t\t\t\t\t\t\t\t\t\t\t\t<\/div>\n\t\t\t\t\t\t<\/div>\n\t\t\t\t<\/div>\n\t\t\t\t\t\t<\/div>\n\t\t\t\t\t<\/div>\n\t\t<\/div>\n\t\t\t\t<div class=\"elementor-column elementor-col-33 elementor-inner-column elementor-element elementor-element-5bf8a6d\" data-id=\"5bf8a6d\" data-element_type=\"column\">\n\t\t\t<div class=\"elementor-column-wrap\">\n\t\t\t\t\t\t\t<div class=\"elementor-widget-wrap\">\n\t\t\t\t\t\t\t\t<\/div>\n\t\t\t\t\t<\/div>\n\t\t<\/div>\n\t\t\t\t<div class=\"elementor-column elementor-col-33 elementor-inner-column elementor-element elementor-element-ad286a9\" data-id=\"ad286a9\" data-element_type=\"column\">\n\t\t\t<div class=\"elementor-column-wrap elementor-element-populated\">\n\t\t\t\t\t\t\t<div class=\"elementor-widget-wrap\">\n\t\t\t\t\t\t<div class=\"elementor-element elementor-element-7cfd165 elementor-widget elementor-widget-text-editor\" data-id=\"7cfd165\" data-element_type=\"widget\" data-widget_type=\"text-editor.default\">\n\t\t\t\t<div class=\"elementor-widget-container\">\n\t\t\t\t\t\t\t\t<div class=\"elementor-text-editor elementor-clearfix\">\n\t\t\t\t<p><span style=\"color: #333333;\">L&rsquo;association cherche \u00e0 promouvoir le patrimoine de La Motte\u2013Tilly et \u00e0 participer \u00e0 son entretien et sa restauration.<\/span><br \/><span style=\"color: #333333;\">Concerts, expositions d\u2019art et d\u2019artisanat, sorties culturelles, march\u00e9 de producteurs locaux, f\u00eates pour les enfants, permettent de r\u00e9colter des fonds, revers\u00e9s \u00e0 la municipalit\u00e9 pour contribuer au co\u00fbt des travaux.<\/span><\/p><p><span style=\"color: #333333;\">Pr\u00e9sidente \/<\/span><b> <i>Anda van Dongen<br \/><\/i><\/b><\/p>\t\t\t\t\t<\/div>\n\t\t\t\t\t\t<\/div>\n\t\t\t\t<\/div>\n\t\t\t\t<div class=\"elementor-element elementor-element-83b2784 elementor-widget elementor-widget-image\" data-id=\"83b2784\" data-element_type=\"widget\" data-widget_type=\"image.default\">\n\t\t\t\t<div class=\"elementor-widget-container\">\n\t\t\t\t\t\t\t\t<div class=\"elementor-image\">\n\t\t\t\t\t\t\t\t\t\t\t\t\t<a href=\"http:\/\/la-motte-tilly.lobs.pro\/wordpress\/wp-content\/uploads\/2020\/12\/LogoMMT-Sepia-500x500px-72dpi.png\" data-elementor-open-lightbox=\"yes\" data-elementor-lightbox-title=\"LogoMMT-Sepia-500x500px-72dpi\">\n\t\t\t\t\t\t\t<img width=\"150\" height=\"150\" src=\"https:\/\/www.lamottetilly.fr\/wordpress\/wp-content\/uploads\/2020\/12\/LogoMMT-Sepia-500x500px-72dpi-150x150.png\" class=\"attachment-thumbnail size-thumbnail\" alt=\"\" loading=\"lazy\" srcset=\"https:\/\/www.lamottetilly.fr\/wordpress\/wp-content\/uploads\/2020\/12\/LogoMMT-Sepia-500x500px-72dpi-150x150.png 150w, https:\/\/www.lamottetilly.fr\/wordpress\/wp-content\/uploads\/2020\/12\/LogoMMT-Sepia-500x500px-72dpi-300x300.png 300w, https:\/\/www.lamottetilly.fr\/wordpress\/wp-content\/uploads\/2020\/12\/LogoMMT-Sepia-500x500px-72dpi.png 500w\" sizes=\"(max-width: 150px) 100vw, 150px\" \/>\t\t\t\t\t\t\t\t<\/a>\n\t\t\t\t\t\t\t\t\t\t\t\t\t\t<\/div>\n\t\t\t\t\t\t<\/div>\n\t\t\t\t<\/div>\n\t\t\t\t<div class=\"elementor-element elementor-element-cbd1119 elementor-widget elementor-widget-text-editor\" data-id=\"cbd1119\" data-element_type=\"widget\" data-widget_type=\"text-editor.default\">\n\t\t\t\t<div class=\"elementor-widget-container\">\n\t\t\t\t\t\t\t\t<div class=\"elementor-text-editor elementor-clearfix\">\n\t\t\t\t<p><a href=\"https:\/\/www.memoire-patrimoinedelamottetilly.org\/\" target=\"_blank\" rel=\"noopener\"><span style=\"color: #9eb712;\"><strong>Association M\u00e9moire de La Motte-Tilly<\/strong><\/span><\/a><br \/><span style=\"color: #333333;\">Mairie de La Motte-Tilly<\/span><br \/><span style=\"color: #333333;\">10400 La Motte-Tilly<\/span><br \/><span style=\"color: #333333;\">T\u00e9l\/ 06 25 85 17 67<\/span><br \/><a href=\"mailto:memoirelamottetilly@yahoo.fr\" target=\"_blank\" rel=\"noopener\"><span style=\"color: #333333;\">Courriel :<\/span> memoirelamottetilly@yahoo.fr<\/a><br \/><span style=\"color: #333333;\">Site : <\/span><a href=\"https:\/\/memoirelamottetilly.wixsite.com\/memoirelamottetilly\" target=\"_blank\" rel=\"noopener\">https:\/\/memoirelamottetilly.wixsite.com\/memoirelamottetilly<\/a><\/p>\t\t\t\t\t<\/div>\n\t\t\t\t\t\t<\/div>\n\t\t\t\t<\/div>\n\t\t\t\t\t\t<\/div>\n\t\t\t\t\t<\/div>\n\t\t<\/div>\n\t\t\t\t\t\t\t\t<\/div>\n\t\t\t\t\t<\/div>\n\t\t<\/section>\n\t\t\t\t<div class=\"elementor-element elementor-element-bf07c97 elementor-widget elementor-widget-spacer\" data-id=\"bf07c97\" data-element_type=\"widget\" data-widget_type=\"spacer.default\">\n\t\t\t\t<div class=\"elementor-widget-container\">\n\t\t\t\t\t<div class=\"elementor-spacer\">\n\t\t\t<div class=\"elementor-spacer-inner\"><\/div>\n\t\t<\/div>\n\t\t\t\t<\/div>\n\t\t\t\t<\/div>\n\t\t\t\t\t\t<\/div>\n\t\t\t\t\t<\/div>\n\t\t<\/div>\n\t\t\t\t\t\t\t\t<\/div>\n\t\t\t\t\t<\/div>\n\t\t<\/section>\n\t\t\t\t<section class=\"elementor-section elementor-top-section elementor-element elementor-element-f1378d8 elementor-section-boxed elementor-section-height-default elementor-section-height-default\" data-id=\"f1378d8\" data-element_type=\"section\">\n\t\t\t\t\t\t<div class=\"elementor-container elementor-column-gap-default\">\n\t\t\t\t\t\t\t<div class=\"elementor-row\">\n\t\t\t\t\t<div class=\"elementor-column elementor-col-100 elementor-top-column elementor-element elementor-element-912ab72\" data-id=\"912ab72\" data-element_type=\"column\">\n\t\t\t<div class=\"elementor-column-wrap elementor-element-populated\">\n\t\t\t\t\t\t\t<div class=\"elementor-widget-wrap\">\n\t\t\t\t\t\t<div class=\"elementor-element elementor-element-093c9eb elementor-widget elementor-widget-obfx-posts-grid\" data-id=\"093c9eb\" data-element_type=\"widget\" data-widget_type=\"obfx-posts-grid.default\">\n\t\t\t\t<div class=\"elementor-widget-container\">\n\t\t\t<div class=\"obfx-grid\"><div class=\"obfx-grid-container obfx-grid-mobile-1 obfx-grid-tablet-2 obfx-grid-desktop-3\"><div class=\"obfx-grid-wrapper\"><article class=\"obfx-grid-col\"><div class=\"obfx-grid-col-image\" ><a href=\"https:\/\/www.lamottetilly.fr\/wordpress\/index.php\/2022\/03\/08\/plan-daide-aux-ukrainiens\/\" title=\"Plan d&rsquo;aide aux Ukrainiens\"><img width=\"275\" height=\"183\" src=\"https:\/\/www.lamottetilly.fr\/wordpress\/wp-content\/uploads\/2022\/03\/DrapUkr.jpg\" class=\"img-responsive wp-post-image\" alt=\"DrapUkr\" loading=\"lazy\" \/><\/a><\/div><div class=\"obfx-grid-col-content\">\t\t\t<h2 class=\"entry-title obfx-grid-title\">\n\t\t\t\t\t\t\t<a href=\"https:\/\/www.lamottetilly.fr\/wordpress\/index.php\/2022\/03\/08\/plan-daide-aux-ukrainiens\/\" title=\"Plan d&rsquo;aide aux Ukrainiens\">\n\t\t\t\t\tPlan d&rsquo;aide aux Ukrainiens\t\t\t\t<\/a>\n\t\t\t\t\t\t\t<\/h2>\n\t\t\t\t\t\t\t<div class=\"entry-meta obfx-grid-meta\">\n\n\t\t\t\t\t\t\t\t\t\t\t\t\t<span class=\"obfx-grid-date\">\n\t\t\t\t\t\t\t\t\t8 mars 2022\t\t\t\t\t\t\t\t<\/span>\n\t\t\t\t\t\t\t\t\n\t\t\t\t<\/div>\n\t\t\t\t\t\t\t<div class=\"entry-content obfx-grid-content\">\n\t\t\t\tLa Motte-Tilly organise une premi\u00e8re collecte \u00c0 La Motte -Tilly,\u2026\t\t\t<\/div>\n\t\t\t<div class=\"obfx-grid-footer\"><a href=\"https:\/\/www.lamottetilly.fr\/wordpress\/index.php\/2022\/03\/08\/plan-daide-aux-ukrainiens\/\" title=\"Lire l&#039;article\">Lire l'article<\/a><\/div><\/div><\/article><\/div><div class=\"obfx-grid-wrapper\"><article class=\"obfx-grid-col obfx-no-image\"><div class=\"obfx-grid-col-content\">\t\t\t<h2 class=\"entry-title obfx-grid-title\">\n\t\t\t\t\t\t\t<a href=\"https:\/\/www.lamottetilly.fr\/wordpress\/index.php\/2021\/09\/17\/journees-du-patrimoine\/\" title=\"Journ\u00e9es du patrimoine\">\n\t\t\t\t\tJourn\u00e9es du patrimoine\t\t\t\t<\/a>\n\t\t\t\t\t\t\t<\/h2>\n\t\t\t\t\t\t\t<div class=\"entry-meta obfx-grid-meta\">\n\n\t\t\t\t\t\t\t\t\t\t\t\t\t<span class=\"obfx-grid-date\">\n\t\t\t\t\t\t\t\t\t17 septembre 2021\t\t\t\t\t\t\t\t<\/span>\n\t\t\t\t\t\t\t\t\n\t\t\t\t<\/div>\n\t\t\t\t\t\t\t<div class=\"entry-content obfx-grid-content\">\n\t\t\t\tLes samedi 18 et dimanche 19 septembre 2021 Conf\u00e9rence de\u2026\t\t\t<\/div>\n\t\t\t<div class=\"obfx-grid-footer\"><a href=\"https:\/\/www.lamottetilly.fr\/wordpress\/index.php\/2021\/09\/17\/journees-du-patrimoine\/\" title=\"Lire l&#039;article\">Lire l'article<\/a><\/div><\/div><\/article><\/div><div class=\"obfx-grid-wrapper\"><article class=\"obfx-grid-col\"><div class=\"obfx-grid-col-image\" ><a href=\"https:\/\/www.lamottetilly.fr\/wordpress\/index.php\/2021\/06\/06\/un-dimanche-a-la-campagne\/\" title=\"un Dimanche \u00e0 la Campagne\"><img width=\"360\" height=\"240\" src=\"https:\/\/www.lamottetilly.fr\/wordpress\/wp-content\/uploads\/2021\/06\/afficheDAC-2021-HD-1-360x240.jpg\" class=\"img-responsive wp-post-image\" alt=\"afficheDAC-2021-HD-1\" loading=\"lazy\" \/><\/a><\/div><div class=\"obfx-grid-col-content\">\t\t\t<h2 class=\"entry-title obfx-grid-title\">\n\t\t\t\t\t\t\t<a href=\"https:\/\/www.lamottetilly.fr\/wordpress\/index.php\/2021\/06\/06\/un-dimanche-a-la-campagne\/\" title=\"un Dimanche \u00e0 la Campagne\">\n\t\t\t\t\tun Dimanche \u00e0 la Campagne\t\t\t\t<\/a>\n\t\t\t\t\t\t\t<\/h2>\n\t\t\t\t\t\t\t<div class=\"entry-meta obfx-grid-meta\">\n\n\t\t\t\t\t\t\t\t\t\t\t\t\t<span class=\"obfx-grid-date\">\n\t\t\t\t\t\t\t\t\t6 juin 2021\t\t\t\t\t\t\t\t<\/span>\n\t\t\t\t\t\t\t\t\n\t\t\t\t<\/div>\n\t\t\t\t\t\t\t<div class=\"entry-content obfx-grid-content\">\n\t\t\t\t\u00e0 La Motte-Tilly le 13 juin 2021 www.terres-et-vignes.org un Dimanche\u2026\t\t\t<\/div>\n\t\t\t<div class=\"obfx-grid-footer\"><a href=\"https:\/\/www.lamottetilly.fr\/wordpress\/index.php\/2021\/06\/06\/un-dimanche-a-la-campagne\/\" title=\"Lire l&#039;article\">Lire l'article<\/a><\/div><\/div><\/article><\/div>\t\t\t\t<div class=\"obfx-grid-pagination\">\n\t\t\t\t\t\t\t\t\t\t<nav class=\"pagination\">\n\t\t\t\t\t\t\t\t\t\t\t<\/nav>\n\t\t\t\t<\/div>\n\t\t\t\t<\/div><!-- .obfx-grid-container --><\/div><!-- .obfx-grid -->\t\t<\/div>\n\t\t\t\t<\/div>\n\t\t\t\t<div class=\"elementor-element elementor-element-7468857 elementor-widget-divider--separator-type-pattern elementor-widget-divider--view-line elementor-widget elementor-widget-divider\" data-id=\"7468857\" data-element_type=\"widget\" data-widget_type=\"divider.default\">\n\t\t\t\t<div class=\"elementor-widget-container\">\n\t\t\t\t\t<div class=\"elementor-divider\" style=\"--divider-pattern-url: url(&quot;data:image\/svg+xml,%3Csvg xmlns=&#039;http:\/\/www.w3.org\/2000\/svg&#039; preserveAspectRatio=&#039;none&#039; overflow=&#039;visible&#039; height=&#039;100%&#039; viewBox=&#039;0 0 24 24&#039; fill=&#039;none&#039; stroke=&#039;black&#039; stroke-width=&#039;1&#039; stroke-linecap=&#039;square&#039; stroke-miterlimit=&#039;10&#039;%3E%3Cpath d=&#039;M0,6c6,0,0.9,11.1,6.9,11.1S18,6,24,6&#039;\/%3E%3C\/svg%3E&quot;);\">\n\t\t\t<span class=\"elementor-divider-separator\">\n\t\t\t\t\t\t<\/span>\n\t\t<\/div>\n\t\t\t\t<\/div>\n\t\t\t\t<\/div>\n\t\t\t\t\t\t<\/div>\n\t\t\t\t\t<\/div>\n\t\t<\/div>\n\t\t\t\t\t\t\t\t<\/div>\n\t\t\t\t\t<\/div>\n\t\t<\/section>\n\t\t\t\t<section class=\"elementor-section elementor-top-section elementor-element elementor-element-895d096 elementor-section-boxed elementor-section-height-default elementor-section-height-default\" data-id=\"895d096\" data-element_type=\"section\">\n\t\t\t\t\t\t<div class=\"elementor-container elementor-column-gap-default\">\n\t\t\t\t\t\t\t<div class=\"elementor-row\">\n\t\t\t\t\t<div class=\"elementor-column elementor-col-100 elementor-top-column elementor-element elementor-element-eb2b504\" data-id=\"eb2b504\" data-element_type=\"column\">\n\t\t\t<div class=\"elementor-column-wrap elementor-element-populated\">\n\t\t\t\t\t\t\t<div class=\"elementor-widget-wrap\">\n\t\t\t\t\t\t<div class=\"elementor-element elementor-element-08ca87e elementor-widget elementor-widget-heading\" data-id=\"08ca87e\" data-element_type=\"widget\" data-widget_type=\"heading.default\">\n\t\t\t\t<div class=\"elementor-widget-container\">\n\t\t\t<h6 class=\"elementor-heading-title elementor-size-default\"><i>Comit\u00e9 des sports et loisirs<\/i><\/h6>\t\t<\/div>\n\t\t\t\t<\/div>\n\t\t\t\t<section class=\"elementor-section elementor-inner-section elementor-element elementor-element-1d6ba58 elementor-section-boxed elementor-section-height-default elementor-section-height-default\" data-id=\"1d6ba58\" data-element_type=\"section\">\n\t\t\t\t\t\t<div class=\"elementor-container elementor-column-gap-default\">\n\t\t\t\t\t\t\t<div class=\"elementor-row\">\n\t\t\t\t\t<div class=\"elementor-column elementor-col-33 elementor-inner-column elementor-element elementor-element-48aea08\" data-id=\"48aea08\" data-element_type=\"column\">\n\t\t\t<div class=\"elementor-column-wrap elementor-element-populated\">\n\t\t\t\t\t\t\t<div class=\"elementor-widget-wrap\">\n\t\t\t\t\t\t<div class=\"elementor-element elementor-element-fd2d6ea elementor-widget elementor-widget-image\" data-id=\"fd2d6ea\" data-element_type=\"widget\" data-widget_type=\"image.default\">\n\t\t\t\t<div class=\"elementor-widget-container\">\n\t\t\t\t\t\t\t\t<div class=\"elementor-image\">\n\t\t\t\t\t\t\t\t\t\t\t\t\t<a href=\"http:\/\/la-motte-tilly.lobs.pro\/wordpress\/wp-content\/uploads\/2020\/07\/petanque-19-002.png\" data-elementor-open-lightbox=\"yes\" data-elementor-lightbox-title=\"petanque-19-002\">\n\t\t\t\t\t\t\t<img width=\"150\" height=\"150\" src=\"https:\/\/www.lamottetilly.fr\/wordpress\/wp-content\/uploads\/2020\/07\/petanque-19-002-150x150.png\" class=\"attachment-thumbnail size-thumbnail\" alt=\"\" loading=\"lazy\" \/>\t\t\t\t\t\t\t\t<\/a>\n\t\t\t\t\t\t\t\t\t\t\t\t\t\t<\/div>\n\t\t\t\t\t\t<\/div>\n\t\t\t\t<\/div>\n\t\t\t\t<div class=\"elementor-element elementor-element-7974d96 elementor-widget elementor-widget-image\" data-id=\"7974d96\" data-element_type=\"widget\" data-widget_type=\"image.default\">\n\t\t\t\t<div class=\"elementor-widget-container\">\n\t\t\t\t\t\t\t\t<div class=\"elementor-image\">\n\t\t\t\t\t\t\t\t\t\t\t\t\t<a href=\"http:\/\/la-motte-tilly.lobs.pro\/wordpress\/wp-content\/uploads\/2020\/07\/brocante-18-001.png\" data-elementor-open-lightbox=\"yes\" data-elementor-lightbox-title=\"brocante-18-001\">\n\t\t\t\t\t\t\t<img src=\"https:\/\/www.lamottetilly.fr\/wordpress\/wp-content\/uploads\/elementor\/thumbs\/brocante-18-001-osevq0enhsmmq5bxi61ju5xaqtb3gqawpvcxey2v1i.png\" title=\"brocante-18-001\" alt=\"brocante-18-001\" \/>\t\t\t\t\t\t\t\t<\/a>\n\t\t\t\t\t\t\t\t\t\t\t\t\t\t<\/div>\n\t\t\t\t\t\t<\/div>\n\t\t\t\t<\/div>\n\t\t\t\t\t\t<\/div>\n\t\t\t\t\t<\/div>\n\t\t<\/div>\n\t\t\t\t<div class=\"elementor-column elementor-col-33 elementor-inner-column elementor-element elementor-element-9ab7aff\" data-id=\"9ab7aff\" data-element_type=\"column\">\n\t\t\t<div class=\"elementor-column-wrap\">\n\t\t\t\t\t\t\t<div class=\"elementor-widget-wrap\">\n\t\t\t\t\t\t\t\t<\/div>\n\t\t\t\t\t<\/div>\n\t\t<\/div>\n\t\t\t\t<div class=\"elementor-column elementor-col-33 elementor-inner-column elementor-element elementor-element-2eb537a\" data-id=\"2eb537a\" data-element_type=\"column\">\n\t\t\t<div class=\"elementor-column-wrap elementor-element-populated\">\n\t\t\t\t\t\t\t<div class=\"elementor-widget-wrap\">\n\t\t\t\t\t\t<div class=\"elementor-element elementor-element-f80a978 elementor-widget elementor-widget-text-editor\" data-id=\"f80a978\" data-element_type=\"widget\" data-widget_type=\"text-editor.default\">\n\t\t\t\t<div class=\"elementor-widget-container\">\n\t\t\t\t\t\t\t\t<div class=\"elementor-text-editor elementor-clearfix\">\n\t\t\t\t<p><span style=\"color: #333333;\">Le comit\u00e9 sports et loisirs est une association cr\u00e9\u00e9e en 1977 ( loi 1901 ) qui organise de multiples manifestations :<\/span><br \/><span style=\"color: #333333;\">Cabaret<\/span><br \/><span style=\"color: #333333;\">Loto<\/span><br \/><span style=\"color: #333333;\">Brocante<\/span><br \/><span style=\"color: #333333;\">P\u00e9tanque<\/span><br \/><span style=\"color: #333333;\">Beaujolais<\/span><br \/><span style=\"color: #333333;\">\u2026<\/span><\/p><p><span style=\"color: #333333;\">Pr\u00e9sident \/<\/span><strong><em>M. Luc Schrive<\/em><\/strong><\/p><p><span style=\"color: #333333;\"><strong>T\u00e9l\/ 06 86 81 15 13<\/strong><\/span><\/p>\t\t\t\t\t<\/div>\n\t\t\t\t\t\t<\/div>\n\t\t\t\t<\/div>\n\t\t\t\t\t\t<\/div>\n\t\t\t\t\t<\/div>\n\t\t<\/div>\n\t\t\t\t\t\t\t\t<\/div>\n\t\t\t\t\t<\/div>\n\t\t<\/section>\n\t\t\t\t<div class=\"elementor-element elementor-element-403a754 elementor-widget elementor-widget-spacer\" data-id=\"403a754\" data-element_type=\"widget\" data-widget_type=\"spacer.default\">\n\t\t\t\t<div class=\"elementor-widget-container\">\n\t\t\t\t\t<div class=\"elementor-spacer\">\n\t\t\t<div class=\"elementor-spacer-inner\"><\/div>\n\t\t<\/div>\n\t\t\t\t<\/div>\n\t\t\t\t<\/div>\n\t\t\t\t<div class=\"elementor-element elementor-element-c133d38 elementor-widget elementor-widget-heading\" data-id=\"c133d38\" data-element_type=\"widget\" data-widget_type=\"heading.default\">\n\t\t\t\t<div class=\"elementor-widget-container\">\n\t\t\t<h5 class=\"elementor-heading-title elementor-size-large\">\u00c9v\u00e9nements organis\u00e9s par le comit\u00e9s des sports et loisirs<\/h5>\t\t<\/div>\n\t\t\t\t<\/div>\n\t\t\t\t\t\t<\/div>\n\t\t\t\t\t<\/div>\n\t\t<\/div>\n\t\t\t\t\t\t\t\t<\/div>\n\t\t\t\t\t<\/div>\n\t\t<\/section>\n\t\t\t\t<section class=\"elementor-section elementor-top-section elementor-element elementor-element-2036c4c elementor-section-boxed elementor-section-height-default elementor-section-height-default\" data-id=\"2036c4c\" data-element_type=\"section\">\n\t\t\t\t\t\t<div class=\"elementor-container elementor-column-gap-default\">\n\t\t\t\t\t\t\t<div class=\"elementor-row\">\n\t\t\t\t\t<div class=\"elementor-column elementor-col-100 elementor-top-column elementor-element elementor-element-709ad29\" data-id=\"709ad29\" data-element_type=\"column\">\n\t\t\t<div class=\"elementor-column-wrap elementor-element-populated\">\n\t\t\t\t\t\t\t<div class=\"elementor-widget-wrap\">\n\t\t\t\t\t\t<div class=\"elementor-element elementor-element-0a8e25d elementor-widget elementor-widget-obfx-posts-grid\" data-id=\"0a8e25d\" data-element_type=\"widget\" data-widget_type=\"obfx-posts-grid.default\">\n\t\t\t\t<div class=\"elementor-widget-container\">\n\t\t\t<div class=\"obfx-grid\"><div class=\"obfx-grid-container obfx-grid-mobile-1 obfx-grid-tablet-2 obfx-grid-desktop-3\"><div class=\"obfx-grid-wrapper\"><article class=\"obfx-grid-col\"><div class=\"obfx-grid-col-image\" ><a href=\"https:\/\/www.lamottetilly.fr\/wordpress\/index.php\/2024\/05\/31\/diner-comite-sports-et-loisirs\/\" title=\"D\u00eener &#8211; Comit\u00e9 Sports et Loisirs\"><img width=\"1000\" height=\"1000\" src=\"https:\/\/www.lamottetilly.fr\/wordpress\/wp-content\/uploads\/2024\/05\/\u2022Diner.jpg\" class=\"img-responsive wp-post-image\" alt=\"\u2022Diner\" loading=\"lazy\" srcset=\"https:\/\/www.lamottetilly.fr\/wordpress\/wp-content\/uploads\/2024\/05\/\u2022Diner.jpg 1000w, https:\/\/www.lamottetilly.fr\/wordpress\/wp-content\/uploads\/2024\/05\/\u2022Diner-300x300.jpg 300w, https:\/\/www.lamottetilly.fr\/wordpress\/wp-content\/uploads\/2024\/05\/\u2022Diner-150x150.jpg 150w, https:\/\/www.lamottetilly.fr\/wordpress\/wp-content\/uploads\/2024\/05\/\u2022Diner-768x768.jpg 768w\" sizes=\"(max-width: 1000px) 100vw, 1000px\" \/><\/a><\/div><div class=\"obfx-grid-col-content\">\t\t\t<h2 class=\"entry-title obfx-grid-title\">\n\t\t\t\t\t\t\t<a href=\"https:\/\/www.lamottetilly.fr\/wordpress\/index.php\/2024\/05\/31\/diner-comite-sports-et-loisirs\/\" title=\"D\u00eener &#8211; Comit\u00e9 Sports et Loisirs\">\n\t\t\t\t\tD\u00eener &#8211; Comit\u00e9 Sports et Loisirs\t\t\t\t<\/a>\n\t\t\t\t\t\t\t<\/h2>\n\t\t\t\t\t\t\t<div class=\"entry-meta obfx-grid-meta\">\n\n\t\t\t\t\t\t\t\t\t\t\t\t\t<span class=\"obfx-grid-date\">\n\t\t\t\t\t\t\t\t\t31 mai 2024\t\t\t\t\t\t\t\t<\/span>\n\t\t\t\t\t\t\t\t\n\t\t\t\t<\/div>\n\t\t\t\t\t\t\t<div class=\"entry-content obfx-grid-content\">\n\t\t\t\tD\u00eener Comit\u00e9 Sports et Loisirs de La Motte Tilly Le\u2026\t\t\t<\/div>\n\t\t\t<div class=\"obfx-grid-footer\"><a href=\"https:\/\/www.lamottetilly.fr\/wordpress\/index.php\/2024\/05\/31\/diner-comite-sports-et-loisirs\/\" title=\"Lire l&#039;article\">Lire l'article<\/a><\/div><\/div><\/article><\/div><div class=\"obfx-grid-wrapper\"><article class=\"obfx-grid-col\"><div class=\"obfx-grid-col-image\" ><a href=\"https:\/\/www.lamottetilly.fr\/wordpress\/index.php\/2024\/03\/09\/soiree-cabaret-show\/\" title=\"Soir\u00e9e \u00ab\u00a0Cabaret SHOW\u00a0\u00bb\"><img width=\"775\" height=\"1000\" src=\"https:\/\/www.lamottetilly.fr\/wordpress\/wp-content\/uploads\/2024\/03\/IMG-20240228-WA0009.png\" class=\"img-responsive wp-post-image\" alt=\"IMG-20240228-WA0009\" loading=\"lazy\" srcset=\"https:\/\/www.lamottetilly.fr\/wordpress\/wp-content\/uploads\/2024\/03\/IMG-20240228-WA0009.png 775w, https:\/\/www.lamottetilly.fr\/wordpress\/wp-content\/uploads\/2024\/03\/IMG-20240228-WA0009-233x300.png 233w, https:\/\/www.lamottetilly.fr\/wordpress\/wp-content\/uploads\/2024\/03\/IMG-20240228-WA0009-768x991.png 768w\" sizes=\"(max-width: 775px) 100vw, 775px\" \/><\/a><\/div><div class=\"obfx-grid-col-content\">\t\t\t<h2 class=\"entry-title obfx-grid-title\">\n\t\t\t\t\t\t\t<a href=\"https:\/\/www.lamottetilly.fr\/wordpress\/index.php\/2024\/03\/09\/soiree-cabaret-show\/\" title=\"Soir\u00e9e \u00ab\u00a0Cabaret SHOW\u00a0\u00bb\">\n\t\t\t\t\tSoir\u00e9e \u00ab\u00a0Cabaret SHOW\u00a0\u00bb\t\t\t\t<\/a>\n\t\t\t\t\t\t\t<\/h2>\n\t\t\t\t\t\t\t<div class=\"entry-meta obfx-grid-meta\">\n\n\t\t\t\t\t\t\t\t\t\t\t\t\t<span class=\"obfx-grid-date\">\n\t\t\t\t\t\t\t\t\t9 mars 2024\t\t\t\t\t\t\t\t<\/span>\n\t\t\t\t\t\t\t\t\n\t\t\t\t<\/div>\n\t\t\t\t\t\t\t<div class=\"entry-content obfx-grid-content\">\n\t\t\t\t\u00c0 l'Agora de Nogent-Sur-Seine, le samedi 27 avril 2024\t\t\t<\/div>\n\t\t\t<div class=\"obfx-grid-footer\"><a href=\"https:\/\/www.lamottetilly.fr\/wordpress\/index.php\/2024\/03\/09\/soiree-cabaret-show\/\" title=\"Lire l&#039;article\">Lire l'article<\/a><\/div><\/div><\/article><\/div><div class=\"obfx-grid-wrapper\"><article class=\"obfx-grid-col\"><div class=\"obfx-grid-col-image\" ><a href=\"https:\/\/www.lamottetilly.fr\/wordpress\/index.php\/2023\/11\/02\/soiree-beaujolais-2\/\" title=\"Soir\u00e9e Beaujolais\"><img width=\"640\" height=\"539\" src=\"https:\/\/www.lamottetilly.fr\/wordpress\/wp-content\/uploads\/2023\/11\/BeauJol.png\" class=\"img-responsive wp-post-image\" alt=\"BeauJol\" loading=\"lazy\" srcset=\"https:\/\/www.lamottetilly.fr\/wordpress\/wp-content\/uploads\/2023\/11\/BeauJol.png 640w, https:\/\/www.lamottetilly.fr\/wordpress\/wp-content\/uploads\/2023\/11\/BeauJol-300x253.png 300w\" sizes=\"(max-width: 640px) 100vw, 640px\" \/><\/a><\/div><div class=\"obfx-grid-col-content\">\t\t\t<h2 class=\"entry-title obfx-grid-title\">\n\t\t\t\t\t\t\t<a href=\"https:\/\/www.lamottetilly.fr\/wordpress\/index.php\/2023\/11\/02\/soiree-beaujolais-2\/\" title=\"Soir\u00e9e Beaujolais\">\n\t\t\t\t\tSoir\u00e9e Beaujolais\t\t\t\t<\/a>\n\t\t\t\t\t\t\t<\/h2>\n\t\t\t\t\t\t\t<div class=\"entry-meta obfx-grid-meta\">\n\n\t\t\t\t\t\t\t\t\t\t\t\t\t<span class=\"obfx-grid-date\">\n\t\t\t\t\t\t\t\t\t2 novembre 2023\t\t\t\t\t\t\t\t<\/span>\n\t\t\t\t\t\t\t\t\n\t\t\t\t<\/div>\n\t\t\t\t\t\t\t<div class=\"entry-content obfx-grid-content\">\n\t\t\t\tComit\u00e9 Sports et Loisirs Soir\u00e9e Beaujolais Vendredi 17 novembre, \u00e0\u2026\t\t\t<\/div>\n\t\t\t<div class=\"obfx-grid-footer\"><a href=\"https:\/\/www.lamottetilly.fr\/wordpress\/index.php\/2023\/11\/02\/soiree-beaujolais-2\/\" title=\"Lire l&#039;article\">Lire l'article<\/a><\/div><\/div><\/article><\/div>\t\t\t\t<div class=\"obfx-grid-pagination\">\n\t\t\t\t\t\t\t\t\t\t<nav class=\"pagination\">\n\t\t\t\t\t\t<span aria-current=\"page\" class=\"page-numbers current\">1<\/span>\n<a class=\"page-numbers\" href=\"https:\/\/www.lamottetilly.fr\/wordpress\/index.php\/wp-json\/wp\/v2\/pages\/4312\/page\/2\/\">2<\/a>\n<a class=\"page-numbers\" href=\"https:\/\/www.lamottetilly.fr\/wordpress\/index.php\/wp-json\/wp\/v2\/pages\/4312\/page\/3\/\">3<\/a>\n<a class=\"next page-numbers\" href=\"https:\/\/www.lamottetilly.fr\/wordpress\/index.php\/wp-json\/wp\/v2\/pages\/4312\/page\/2\/\">Next<\/a>\t\t\t\t\t<\/nav>\n\t\t\t\t<\/div>\n\t\t\t\t<\/div><!-- .obfx-grid-container --><\/div><!-- .obfx-grid -->\t\t<\/div>\n\t\t\t\t<\/div>\n\t\t\t\t<div class=\"elementor-element elementor-element-31e9688 elementor-widget-divider--separator-type-pattern elementor-widget-divider--view-line elementor-widget elementor-widget-divider\" data-id=\"31e9688\" data-element_type=\"widget\" data-widget_type=\"divider.default\">\n\t\t\t\t<div class=\"elementor-widget-container\">\n\t\t\t\t\t<div class=\"elementor-divider\" style=\"--divider-pattern-url: url(&quot;data:image\/svg+xml,%3Csvg xmlns=&#039;http:\/\/www.w3.org\/2000\/svg&#039; preserveAspectRatio=&#039;none&#039; overflow=&#039;visible&#039; height=&#039;100%&#039; viewBox=&#039;0 0 24 24&#039; fill=&#039;none&#039; stroke=&#039;black&#039; stroke-width=&#039;1&#039; stroke-linecap=&#039;square&#039; stroke-miterlimit=&#039;10&#039;%3E%3Cpath d=&#039;M0,6c6,0,0.9,11.1,6.9,11.1S18,6,24,6&#039;\/%3E%3C\/svg%3E&quot;);\">\n\t\t\t<span class=\"elementor-divider-separator\">\n\t\t\t\t\t\t<\/span>\n\t\t<\/div>\n\t\t\t\t<\/div>\n\t\t\t\t<\/div>\n\t\t\t\t<div class=\"elementor-element elementor-element-6975bc5 elementor-widget elementor-widget-heading\" data-id=\"6975bc5\" data-element_type=\"widget\" data-widget_type=\"heading.default\">\n\t\t\t\t<div class=\"elementor-widget-container\">\n\t\t\t<h6 class=\"elementor-heading-title elementor-size-default\">La Motte-Tilly Patrimoine<br>Festival de La Motte-Tilly<\/h6>\t\t<\/div>\n\t\t\t\t<\/div>\n\t\t\t\t<section class=\"elementor-section elementor-inner-section elementor-element elementor-element-5071b43 elementor-section-boxed elementor-section-height-default elementor-section-height-default\" data-id=\"5071b43\" data-element_type=\"section\">\n\t\t\t\t\t\t<div class=\"elementor-container elementor-column-gap-default\">\n\t\t\t\t\t\t\t<div class=\"elementor-row\">\n\t\t\t\t\t<div class=\"elementor-column elementor-col-33 elementor-inner-column elementor-element elementor-element-cf18a1e\" data-id=\"cf18a1e\" data-element_type=\"column\">\n\t\t\t<div class=\"elementor-column-wrap elementor-element-populated\">\n\t\t\t\t\t\t\t<div class=\"elementor-widget-wrap\">\n\t\t\t\t\t\t<div class=\"elementor-element elementor-element-21239ac elementor-widget elementor-widget-image\" data-id=\"21239ac\" data-element_type=\"widget\" data-widget_type=\"image.default\">\n\t\t\t\t<div class=\"elementor-widget-container\">\n\t\t\t\t\t\t\t\t<div class=\"elementor-image\">\n\t\t\t\t\t\t\t\t\t\t\t\t\t<a href=\"https:\/\/www.lamottetilly.fr\/wordpress\/wp-content\/uploads\/2023\/10\/Logo-AB-Patrimoine.png\" data-elementor-open-lightbox=\"yes\" data-elementor-lightbox-title=\"Logo AB Patrimoine\">\n\t\t\t\t\t\t\t<img width=\"300\" height=\"300\" src=\"https:\/\/www.lamottetilly.fr\/wordpress\/wp-content\/uploads\/2023\/10\/Logo-AB-Patrimoine-300x300.png\" class=\"attachment-medium size-medium\" alt=\"\" loading=\"lazy\" srcset=\"https:\/\/www.lamottetilly.fr\/wordpress\/wp-content\/uploads\/2023\/10\/Logo-AB-Patrimoine-300x300.png 300w, https:\/\/www.lamottetilly.fr\/wordpress\/wp-content\/uploads\/2023\/10\/Logo-AB-Patrimoine-150x150.png 150w, https:\/\/www.lamottetilly.fr\/wordpress\/wp-content\/uploads\/2023\/10\/Logo-AB-Patrimoine.png 500w\" sizes=\"(max-width: 300px) 100vw, 300px\" \/>\t\t\t\t\t\t\t\t<\/a>\n\t\t\t\t\t\t\t\t\t\t\t\t\t\t<\/div>\n\t\t\t\t\t\t<\/div>\n\t\t\t\t<\/div>\n\t\t\t\t<div class=\"elementor-element elementor-element-226c2bc elementor-widget elementor-widget-image\" data-id=\"226c2bc\" data-element_type=\"widget\" data-widget_type=\"image.default\">\n\t\t\t\t<div class=\"elementor-widget-container\">\n\t\t\t\t\t\t\t\t<div class=\"elementor-image\">\n\t\t\t\t\t\t\t\t\t\t\t\t\t<a href=\"https:\/\/www.lamottetilly.fr\/wordpress\/wp-content\/uploads\/2023\/10\/Logo-FestivalEteChateauMotteTilly-BD-2.jpeg\" data-elementor-open-lightbox=\"yes\" data-elementor-lightbox-title=\"Logo-FestivalEteChateauMotteTilly BD (2)\">\n\t\t\t\t\t\t\t<img width=\"500\" height=\"95\" src=\"https:\/\/www.lamottetilly.fr\/wordpress\/wp-content\/uploads\/2023\/10\/Logo-FestivalEteChateauMotteTilly-BD-2.jpeg\" class=\"attachment-full size-full\" alt=\"\" loading=\"lazy\" srcset=\"https:\/\/www.lamottetilly.fr\/wordpress\/wp-content\/uploads\/2023\/10\/Logo-FestivalEteChateauMotteTilly-BD-2.jpeg 500w, https:\/\/www.lamottetilly.fr\/wordpress\/wp-content\/uploads\/2023\/10\/Logo-FestivalEteChateauMotteTilly-BD-2-300x57.jpeg 300w\" sizes=\"(max-width: 500px) 100vw, 500px\" \/>\t\t\t\t\t\t\t\t<\/a>\n\t\t\t\t\t\t\t\t\t\t\t\t\t\t<\/div>\n\t\t\t\t\t\t<\/div>\n\t\t\t\t<\/div>\n\t\t\t\t\t\t<\/div>\n\t\t\t\t\t<\/div>\n\t\t<\/div>\n\t\t\t\t<div class=\"elementor-column elementor-col-33 elementor-inner-column elementor-element elementor-element-620ed41\" data-id=\"620ed41\" data-element_type=\"column\">\n\t\t\t<div class=\"elementor-column-wrap\">\n\t\t\t\t\t\t\t<div class=\"elementor-widget-wrap\">\n\t\t\t\t\t\t\t\t<\/div>\n\t\t\t\t\t<\/div>\n\t\t<\/div>\n\t\t\t\t<div class=\"elementor-column elementor-col-33 elementor-inner-column elementor-element elementor-element-1bbf917\" data-id=\"1bbf917\" data-element_type=\"column\">\n\t\t\t<div class=\"elementor-column-wrap elementor-element-populated\">\n\t\t\t\t\t\t\t<div class=\"elementor-widget-wrap\">\n\t\t\t\t\t\t<div class=\"elementor-element elementor-element-ab135a9 elementor-widget elementor-widget-text-editor\" data-id=\"ab135a9\" data-element_type=\"widget\" data-widget_type=\"text-editor.default\">\n\t\t\t\t<div class=\"elementor-widget-container\">\n\t\t\t\t\t\t\t\t<div class=\"elementor-text-editor elementor-clearfix\">\n\t\t\t\t<p><span style=\"color: #808080;\">\u00ab<\/span><strong><em>La Motte-Tilly\u00a0Patrimoine<\/em><\/strong><span style=\"color: #808080;\">\u00bb et \u00ab\u00a0<\/span><strong><em>Festival de La Motte-Tilly\u00a0<\/em><\/strong><span style=\"color: #808080;\">\u00bb, sont deux associations jumelles, avec deux missions diff\u00e9rentes et compl\u00e9mentaires\u00a0:<\/span><\/p><p><strong>La Motte Tilly Patrimoine<\/strong><span style=\"color: #808080;\"> (<\/span>*<span style=\"color: #808080;\">) a pour mission\u00a0:<\/span><\/p><ul><li><p><span style=\"color: #808080;\">D\u2019\u00e9diter des publications p\u00e9riodiques (Cahiers, br\u00e8ves, actualit\u00e9s notamment), et avait durant 20 ans \u00e9dit\u00e9 La Gazette de La Motte-Tilly.<\/span><\/p><\/li><li><p><span style=\"color: #808080;\">D\u2019\u00e9diter des livres et livrets sur des sujets li\u00e9s \u00e0 notre village et \u00e0 la valorisation de son patrimoine,<\/span><\/p><\/li><li><p><span style=\"color: #808080;\">D\u2019organiser des conf\u00e9rences et des concerts,<\/span><\/p><\/li><li><p><span style=\"color: #808080;\">D\u2019\u00eatre un relais d\u2019information pour les autres associations locales et entretenir un relais d\u2019information avec les m\u00e9dias,<\/span><\/p><\/li><li><p><span style=\"color: #808080;\">De collecter des fonds pour la sauvegarde de ce patrimoine, au village, pour l\u2019\u00e9glise et pour le ch\u00e2teau.<\/span><\/p><\/li><\/ul><p><span style=\"color: #808080;\">La ligne \u00e9ditoriale est assur\u00e9e par un comit\u00e9 de contributeurs, dont <\/span><strong>Claude Aucouturier,<\/strong><strong> Ludovic Gombault<\/strong><span style=\"color: #808080;\">, <\/span><strong>Jacques Piette<\/strong><span style=\"color: #808080;\">, <\/span><strong>Edwige Auger<\/strong><span style=\"color: #808080;\">, <\/span><strong>G\u00e9rard Ancelin<\/strong><span style=\"color: #808080;\">, <\/span><strong>Pierre Millat<\/strong><span style=\"color: #808080;\">, <\/span><strong>Thomas Bodet<\/strong><span style=\"color: #808080;\">, <\/span><strong>Julien Masset<\/strong><span style=\"color: #808080;\">, <\/span><strong>Jean-Marie Hubert<\/strong><span style=\"color: #808080;\"> pour les principaux. <\/span><br \/><span style=\"color: #808080;\">Il n\u2019y a pas de cotisation, tous les membres \u00e9tant b\u00e9n\u00e9voles et les frais \u00e9tant couverts par nos soutiens et sponsors.<\/span><\/p><p><span style=\"color: #808080;\">(<\/span>*<span style=\"color: #808080;\">) Le nom complet est \u00ab\u00a0<\/span><em>Valorisation et D\u00e9fense du Patrimoine de La Motte-Tilly &amp; du Nogentais\u00a0<\/em><span style=\"color: #808080;\">\u00bb<\/span><\/p><p><em><strong>Festival de La Motte-Tilly<\/strong><\/em><span style=\"color: #808080;\"> a pour mission\u00a0:<\/span><\/p><ul><li><p><span style=\"color: #808080;\">L\u2019organisation de manifestations publiques au et autour du ch\u00e2teau de La Motte-Tilly, en collaboration avec la CMN,<\/span><\/p><\/li><li><p><span style=\"color: #808080;\">La promotion des producteurs du terroir local, mais aussi artisans et associations locales.<\/span><\/p><\/li><\/ul><p><span style=\"color: #808080;\">Cr\u00e9\u00e9e \u00e0 l\u2019initiative commune de <\/span><strong>Mathias Le Galic,<\/strong><span style=\"color: #808080;\"> Administrateur du ch\u00e2teau et <\/span><strong>Jean-Marie Hubert<\/strong><span style=\"color: #808080;\"> en raison de son activit\u00e9 d\u2019organisateur de salons et manifestations publiques, elle r\u00e9alise \u00ab\u00a0Les Gourmandises de La Motte-Tilly\u00a0\u00bb un \u00e9v\u00e9nement annuel pour la promotion du terroir local avec l\u2019aide la R\u00e9gion Grand Est, le D\u00e9partement de l\u2019Aube, l\u2019ADT Aube Champagne, les Minist\u00e8res de l\u2019Agriculture et de la Culture, le PETR, la Communaut\u00e9 de Communes du Nogentais, les municipalit\u00e9s de Troyes, mais aussi des entreprises comme EDF et CULTURE POM.<\/span><\/p><p><span style=\"color: #808080;\">D\u2019autres \u00e9v\u00e9nements sont en cours de pr\u00e9paration.<\/span><\/p><p><span style=\"color: #808080;\">L\u2019association est pilot\u00e9e par <\/span><strong>Jean-Marie Hubert<\/strong><span style=\"color: #808080;\"> (Pr\u00e9sident et fondateur), <\/span><strong>Aur\u00e9lie Biane,<\/strong><span style=\"color: #808080;\"> (Vice-Pr\u00e9sidente), <\/span><strong>Michel Notteau<\/strong> <span style=\"color: #808080;\">(Secr\u00e9taire g\u00e9n\u00e9ral) et <\/span><strong>Patrice Boudignat<\/strong><span style=\"color: #808080;\">, <\/span><strong>Brigitte Saragoussi<\/strong><span style=\"color: #808080;\">, <\/span><strong>Carine Magnen<\/strong><span style=\"color: #808080;\">, membres du bureau.<\/span><\/p><p><span style=\"color: #808080;\"><a name=\"_GoBack\" style=\"color: #808080;\"><\/a> L\u2019AG r\u00e9unit un certain nombre de Mottois, de souche ou de c\u0153ur.<\/span><\/p><p><span style=\"color: #808080;\">Il n\u2019y a pas de cotisation, tous les membres \u00e9tant b\u00e9n\u00e9voles et les frais \u00e9tant couverts par nos soutiens et sponsors.<\/span><span style=\"color: #808080;\"><\/span><span style=\"color: #808080;\"><\/span><\/p>\t\t\t\t\t<\/div>\n\t\t\t\t\t\t<\/div>\n\t\t\t\t<\/div>\n\t\t\t\t<div class=\"elementor-element elementor-element-4bd66db elementor-widget elementor-widget-text-editor\" data-id=\"4bd66db\" data-element_type=\"widget\" data-widget_type=\"text-editor.default\">\n\t\t\t\t<div class=\"elementor-widget-container\">\n\t\t\t\t\t\t\t\t<div class=\"elementor-text-editor elementor-clearfix\">\n\t\t\t\t<p><a href=\"https:\/\/www.memoire-patrimoinedelamottetilly.org\/\" target=\"_blank\" rel=\"noopener\"><span style=\"color: #9eb712;\"><strong>Contacts et informations<\/strong><\/span><\/a><br \/><span style=\"color: #333333;\">Le presbyt\u00e8re &#8211; 1 rue de la Croix des Champs<br \/>10400 \u2013 La Motte-Tilly<\/span><\/p><p><span style=\"color: #333333;\">T\u00e9l\u00e9phones : <\/span>06 08 75 16 16<span style=\"color: #333333;\">\u00a0 <\/span><strong>Jean-Marie<\/strong><\/p><p style=\"padding-left: 120px;\">06 60 50 50 59\u202c \u00a0<strong>Aur\u00e9lie<\/strong><\/p><p><span style=\"color: #333333;\">Courriel : <span><u><a href=\"https:\/\/www.patrimoine-lamottetilly.fr\/\" target=\"_blank\" rel=\"noopener\"><span style=\"text-decoration: underline;\">lamottetilly@gmail.com<\/span><\/a><\/u><\/span><\/span> <span><u><\/u><\/span><br \/><span style=\"color: #333333;\">Site : <\/span><span style=\"text-decoration: underline;\"><a href=\"https:\/\/www.patrimoine-lamottetilly.fr\" target=\"_blank\" rel=\"noopener\">https:\/\/www.patrimoine-lamottetilly.fr<\/a><\/span><br \/><span><span style=\"color: #333333;\">Facebook :<\/span> <span style=\"text-decoration: underline;\"><a href=\"https:\/\/www.facebook.com\/profile.php?id=100083074365340\" target=\"_blank\" rel=\"noopener\">La Motte Tilly Patrimoine<\/a><\/span><\/span><\/p>\t\t\t\t\t<\/div>\n\t\t\t\t\t\t<\/div>\n\t\t\t\t<\/div>\n\t\t\t\t\t\t<\/div>\n\t\t\t\t\t<\/div>\n\t\t<\/div>\n\t\t\t\t\t\t\t\t<\/div>\n\t\t\t\t\t<\/div>\n\t\t<\/section>\n\t\t\t\t\t\t<\/div>\n\t\t\t\t\t<\/div>\n\t\t<\/div>\n\t\t\t\t\t\t\t\t<\/div>\n\t\t\t\t\t<\/div>\n\t\t<\/section>\n\t\t\t\t<section class=\"elementor-section elementor-top-section elementor-element elementor-element-4fe996e elementor-section-boxed elementor-section-height-default elementor-section-height-default\" data-id=\"4fe996e\" data-element_type=\"section\">\n\t\t\t\t\t\t<div class=\"elementor-container elementor-column-gap-default\">\n\t\t\t\t\t\t\t<div class=\"elementor-row\">\n\t\t\t\t\t<div class=\"elementor-column elementor-col-100 elementor-top-column elementor-element elementor-element-dd02f1f\" data-id=\"dd02f1f\" data-element_type=\"column\">\n\t\t\t<div class=\"elementor-column-wrap elementor-element-populated\">\n\t\t\t\t\t\t\t<div class=\"elementor-widget-wrap\">\n\t\t\t\t\t\t<div class=\"elementor-element elementor-element-d5efcf0 elementor-widget elementor-widget-obfx-posts-grid\" data-id=\"d5efcf0\" data-element_type=\"widget\" data-widget_type=\"obfx-posts-grid.default\">\n\t\t\t\t<div class=\"elementor-widget-container\">\n\t\t\t<div class=\"obfx-grid\"><div class=\"obfx-grid-container obfx-grid-mobile-1 obfx-grid-tablet-2 obfx-grid-desktop-3\"><\/div><!-- .obfx-grid-container --><\/div><!-- .obfx-grid -->\t\t<\/div>\n\t\t\t\t<\/div>\n\t\t\t\t<div class=\"elementor-element elementor-element-cb267a9 elementor-widget-divider--separator-type-pattern elementor-widget-divider--view-line elementor-widget elementor-widget-divider\" data-id=\"cb267a9\" data-element_type=\"widget\" data-widget_type=\"divider.default\">\n\t\t\t\t<div class=\"elementor-widget-container\">\n\t\t\t\t\t<div class=\"elementor-divider\" style=\"--divider-pattern-url: url(&quot;data:image\/svg+xml,%3Csvg xmlns=&#039;http:\/\/www.w3.org\/2000\/svg&#039; preserveAspectRatio=&#039;none&#039; overflow=&#039;visible&#039; height=&#039;100%&#039; viewBox=&#039;0 0 24 24&#039; fill=&#039;none&#039; stroke=&#039;black&#039; stroke-width=&#039;1&#039; stroke-linecap=&#039;square&#039; stroke-miterlimit=&#039;10&#039;%3E%3Cpath d=&#039;M0,6c6,0,0.9,11.1,6.9,11.1S18,6,24,6&#039;\/%3E%3C\/svg%3E&quot;);\">\n\t\t\t<span class=\"elementor-divider-separator\">\n\t\t\t\t\t\t<\/span>\n\t\t<\/div>\n\t\t\t\t<\/div>\n\t\t\t\t<\/div>\n\t\t\t\t\t\t<\/div>\n\t\t\t\t\t<\/div>\n\t\t<\/div>\n\t\t\t\t\t\t\t\t<\/div>\n\t\t\t\t\t<\/div>\n\t\t<\/section>\n\t\t\t\t<section class=\"elementor-section elementor-top-section elementor-element elementor-element-33c51f9 elementor-section-boxed elementor-section-height-default elementor-section-height-default\" data-id=\"33c51f9\" data-element_type=\"section\">\n\t\t\t\t\t\t<div class=\"elementor-container elementor-column-gap-default\">\n\t\t\t\t\t\t\t<div class=\"elementor-row\">\n\t\t\t\t\t<div class=\"elementor-column elementor-col-100 elementor-top-column elementor-element elementor-element-364492d\" data-id=\"364492d\" data-element_type=\"column\">\n\t\t\t<div class=\"elementor-column-wrap elementor-element-populated\">\n\t\t\t\t\t\t\t<div class=\"elementor-widget-wrap\">\n\t\t\t\t\t\t<div class=\"elementor-element elementor-element-cbb238e elementor-widget elementor-widget-heading\" data-id=\"cbb238e\" data-element_type=\"widget\" data-widget_type=\"heading.default\">\n\t\t\t\t<div class=\"elementor-widget-container\">\n\t\t\t<h6 class=\"elementor-heading-title elementor-size-default\">La Vandoise<br>AAPPMA<\/h6>\t\t<\/div>\n\t\t\t\t<\/div>\n\t\t\t\t<section class=\"elementor-section elementor-inner-section elementor-element elementor-element-22301d5 elementor-section-boxed elementor-section-height-default elementor-section-height-default\" data-id=\"22301d5\" data-element_type=\"section\">\n\t\t\t\t\t\t<div class=\"elementor-container elementor-column-gap-default\">\n\t\t\t\t\t\t\t<div class=\"elementor-row\">\n\t\t\t\t\t<div class=\"elementor-column elementor-col-33 elementor-inner-column elementor-element elementor-element-c447168\" data-id=\"c447168\" data-element_type=\"column\">\n\t\t\t<div class=\"elementor-column-wrap elementor-element-populated\">\n\t\t\t\t\t\t\t<div class=\"elementor-widget-wrap\">\n\t\t\t\t\t\t<div class=\"elementor-element elementor-element-ab8e152 elementor-widget elementor-widget-image\" data-id=\"ab8e152\" data-element_type=\"widget\" data-widget_type=\"image.default\">\n\t\t\t\t<div class=\"elementor-widget-container\">\n\t\t\t\t\t\t\t\t<div class=\"elementor-image\">\n\t\t\t\t\t\t\t\t\t\t\t\t\t<a href=\"http:\/\/la-motte-tilly.lobs.pro\/wordpress\/wp-content\/uploads\/2020\/08\/Web-LMT-Beaulieu-DSC02152.jpg\" data-elementor-open-lightbox=\"yes\" data-elementor-lightbox-title=\"Web-LMT-Beaulieu-DSC02152\">\n\t\t\t\t\t\t\t<img src=\"https:\/\/www.lamottetilly.fr\/wordpress\/wp-content\/uploads\/elementor\/thumbs\/Web-LMT-Beaulieu-DSC02152-ouq0005go07gal9hg5nq5zoip75dswtgm5kwpjrwq0.jpg\" title=\"Web-LMT-Beaulieu-DSC02152\" alt=\"P\u00eache\" \/>\t\t\t\t\t\t\t\t<\/a>\n\t\t\t\t\t\t\t\t\t\t\t\t\t\t<\/div>\n\t\t\t\t\t\t<\/div>\n\t\t\t\t<\/div>\n\t\t\t\t<div class=\"elementor-element elementor-element-4d67a5c elementor-widget elementor-widget-image\" data-id=\"4d67a5c\" data-element_type=\"widget\" data-widget_type=\"image.default\">\n\t\t\t\t<div class=\"elementor-widget-container\">\n\t\t\t\t\t\t\t\t<div class=\"elementor-image\">\n\t\t\t\t\t\t\t\t\t\t\t\t\t<a href=\"http:\/\/la-motte-tilly.lobs.pro\/wordpress\/wp-content\/uploads\/2020\/08\/Web-LMT-Beaulieu-DSC02153.jpg\" data-elementor-open-lightbox=\"yes\" data-elementor-lightbox-title=\"Web-LMT-Beaulieu-DSC02153\">\n\t\t\t\t\t\t\t<img src=\"https:\/\/www.lamottetilly.fr\/wordpress\/wp-content\/uploads\/elementor\/thumbs\/Web-LMT-Beaulieu-DSC02153-ouq00219b5zjyr1tf44gudqo67242ucsshpk3nj1mq.jpg\" title=\"Web-LMT-Beaulieu-DSC02153\" alt=\"P\u00eache\" \/>\t\t\t\t\t\t\t\t<\/a>\n\t\t\t\t\t\t\t\t\t\t\t\t\t\t<\/div>\n\t\t\t\t\t\t<\/div>\n\t\t\t\t<\/div>\n\t\t\t\t\t\t<\/div>\n\t\t\t\t\t<\/div>\n\t\t<\/div>\n\t\t\t\t<div class=\"elementor-column elementor-col-33 elementor-inner-column elementor-element elementor-element-a30bfa9\" data-id=\"a30bfa9\" data-element_type=\"column\">\n\t\t\t<div class=\"elementor-column-wrap\">\n\t\t\t\t\t\t\t<div class=\"elementor-widget-wrap\">\n\t\t\t\t\t\t\t\t<\/div>\n\t\t\t\t\t<\/div>\n\t\t<\/div>\n\t\t\t\t<div class=\"elementor-column elementor-col-33 elementor-inner-column elementor-element elementor-element-7a09f51\" data-id=\"7a09f51\" data-element_type=\"column\">\n\t\t\t<div class=\"elementor-column-wrap elementor-element-populated\">\n\t\t\t\t\t\t\t<div class=\"elementor-widget-wrap\">\n\t\t\t\t\t\t<div class=\"elementor-element elementor-element-631f183 elementor-widget elementor-widget-text-editor\" data-id=\"631f183\" data-element_type=\"widget\" data-widget_type=\"text-editor.default\">\n\t\t\t\t<div class=\"elementor-widget-container\">\n\t\t\t\t\t\t\t\t<div class=\"elementor-text-editor elementor-clearfix\">\n\t\t\t\t<p><span style=\"color: #333333;\">Association Agr\u00e9\u00e9e pour la P\u00eache et la Protection des Milieux Aquatiques<\/span><\/p>\t\t\t\t\t<\/div>\n\t\t\t\t\t\t<\/div>\n\t\t\t\t<\/div>\n\t\t\t\t<div class=\"elementor-element elementor-element-a9551be elementor-widget elementor-widget-text-editor\" data-id=\"a9551be\" data-element_type=\"widget\" data-widget_type=\"text-editor.default\">\n\t\t\t\t<div class=\"elementor-widget-container\">\n\t\t\t\t\t\t\t\t<div class=\"elementor-text-editor elementor-clearfix\">\n\t\t\t\t<p><span style=\"color: #333333;\">Association Agr\u00e9\u00e9e pour la P\u00eache et la Protection des Milieux Aquatiques<\/span><\/p>\t\t\t\t\t<\/div>\n\t\t\t\t\t\t<\/div>\n\t\t\t\t<\/div>\n\t\t\t\t<div class=\"elementor-element elementor-element-84a9882 elementor-widget elementor-widget-text-editor\" data-id=\"84a9882\" data-element_type=\"widget\" data-widget_type=\"text-editor.default\">\n\t\t\t\t<div class=\"elementor-widget-container\">\n\t\t\t\t\t\t\t\t<div class=\"elementor-text-editor elementor-clearfix\">\n\t\t\t\t<p><span style=\"color: #333333;\">Pr\u00e9sident \/<\/span> <strong>M. Jacques Masson<br \/><\/strong><\/p>\t\t\t\t\t<\/div>\n\t\t\t\t\t\t<\/div>\n\t\t\t\t<\/div>\n\t\t\t\t\t\t<\/div>\n\t\t\t\t\t<\/div>\n\t\t<\/div>\n\t\t\t\t\t\t\t\t<\/div>\n\t\t\t\t\t<\/div>\n\t\t<\/section>\n\t\t\t\t\t\t<\/div>\n\t\t\t\t\t<\/div>\n\t\t<\/div>\n\t\t\t\t\t\t\t\t<\/div>\n\t\t\t\t\t<\/div>\n\t\t<\/section>\n\t\t\t\t<section class=\"elementor-section elementor-top-section elementor-element elementor-element-aedc694 elementor-section-boxed elementor-section-height-default elementor-section-height-default\" data-id=\"aedc694\" data-element_type=\"section\">\n\t\t\t\t\t\t<div class=\"elementor-container elementor-column-gap-default\">\n\t\t\t\t\t\t\t<div class=\"elementor-row\">\n\t\t\t\t\t<div class=\"elementor-column elementor-col-100 elementor-top-column elementor-element elementor-element-021a28a\" data-id=\"021a28a\" data-element_type=\"column\">\n\t\t\t<div class=\"elementor-column-wrap elementor-element-populated\">\n\t\t\t\t\t\t\t<div class=\"elementor-widget-wrap\">\n\t\t\t\t\t\t<div class=\"elementor-element elementor-element-9b40758 elementor-widget-divider--separator-type-pattern elementor-widget-divider--view-line elementor-widget elementor-widget-divider\" data-id=\"9b40758\" data-element_type=\"widget\" data-widget_type=\"divider.default\">\n\t\t\t\t<div class=\"elementor-widget-container\">\n\t\t\t\t\t<div class=\"elementor-divider\" style=\"--divider-pattern-url: url(&quot;data:image\/svg+xml,%3Csvg xmlns=&#039;http:\/\/www.w3.org\/2000\/svg&#039; preserveAspectRatio=&#039;none&#039; overflow=&#039;visible&#039; height=&#039;100%&#039; viewBox=&#039;0 0 24 24&#039; fill=&#039;none&#039; stroke=&#039;black&#039; stroke-width=&#039;1&#039; stroke-linecap=&#039;square&#039; stroke-miterlimit=&#039;10&#039;%3E%3Cpath d=&#039;M0,6c6,0,0.9,11.1,6.9,11.1S18,6,24,6&#039;\/%3E%3C\/svg%3E&quot;);\">\n\t\t\t<span class=\"elementor-divider-separator\">\n\t\t\t\t\t\t<\/span>\n\t\t<\/div>\n\t\t\t\t<\/div>\n\t\t\t\t<\/div>\n\t\t\t\t\t\t<\/div>\n\t\t\t\t\t<\/div>\n\t\t<\/div>\n\t\t\t\t\t\t\t\t<\/div>\n\t\t\t\t\t<\/div>\n\t\t<\/section>\n\t\t\t\t<section class=\"elementor-section elementor-top-section elementor-element elementor-element-546fadc elementor-section-boxed elementor-section-height-default elementor-section-height-default\" data-id=\"546fadc\" data-element_type=\"section\">\n\t\t\t\t\t\t<div class=\"elementor-container elementor-column-gap-default\">\n\t\t\t\t\t\t\t<div class=\"elementor-row\">\n\t\t\t\t\t<div class=\"elementor-column elementor-col-100 elementor-top-column elementor-element elementor-element-c68fd95\" data-id=\"c68fd95\" data-element_type=\"column\">\n\t\t\t<div class=\"elementor-column-wrap elementor-element-populated\">\n\t\t\t\t\t\t\t<div class=\"elementor-widget-wrap\">\n\t\t\t\t\t\t<div class=\"elementor-element elementor-element-5cb1047 elementor-widget elementor-widget-heading\" data-id=\"5cb1047\" data-element_type=\"widget\" data-widget_type=\"heading.default\">\n\t\t\t\t<div class=\"elementor-widget-container\">\n\t\t\t<h6 class=\"elementor-heading-title elementor-size-default\"><i>Les amis du ch\u00e2teau<\/i><\/h6>\t\t<\/div>\n\t\t\t\t<\/div>\n\t\t\t\t<section class=\"elementor-section elementor-inner-section elementor-element elementor-element-51d6913 elementor-section-boxed elementor-section-height-default elementor-section-height-default\" data-id=\"51d6913\" data-element_type=\"section\">\n\t\t\t\t\t\t<div class=\"elementor-container elementor-column-gap-default\">\n\t\t\t\t\t\t\t<div class=\"elementor-row\">\n\t\t\t\t\t<div class=\"elementor-column elementor-col-33 elementor-inner-column elementor-element elementor-element-57187f7\" data-id=\"57187f7\" data-element_type=\"column\">\n\t\t\t<div class=\"elementor-column-wrap elementor-element-populated\">\n\t\t\t\t\t\t\t<div class=\"elementor-widget-wrap\">\n\t\t\t\t\t\t<div class=\"elementor-element elementor-element-e22405f elementor-widget elementor-widget-image\" data-id=\"e22405f\" data-element_type=\"widget\" data-widget_type=\"image.default\">\n\t\t\t\t<div class=\"elementor-widget-container\">\n\t\t\t\t\t\t\t\t<div class=\"elementor-image\">\n\t\t\t\t\t\t\t\t\t\t\t\t\t<a href=\"http:\/\/la-motte-tilly.lobs.pro\/wordpress\/wp-content\/uploads\/2020\/07\/LogoAmisDuChateau-1.png\" data-elementor-open-lightbox=\"yes\" data-elementor-lightbox-title=\"LogoAmisDuChateau-1\">\n\t\t\t\t\t\t\t<img width=\"150\" height=\"150\" src=\"https:\/\/www.lamottetilly.fr\/wordpress\/wp-content\/uploads\/2020\/07\/LogoAmisDuChateau-1-150x150.png\" class=\"attachment-thumbnail size-thumbnail\" alt=\"\" loading=\"lazy\" \/>\t\t\t\t\t\t\t\t<\/a>\n\t\t\t\t\t\t\t\t\t\t\t\t\t\t<\/div>\n\t\t\t\t\t\t<\/div>\n\t\t\t\t<\/div>\n\t\t\t\t\t\t<\/div>\n\t\t\t\t\t<\/div>\n\t\t<\/div>\n\t\t\t\t<div class=\"elementor-column elementor-col-33 elementor-inner-column elementor-element elementor-element-262e8a0\" data-id=\"262e8a0\" data-element_type=\"column\">\n\t\t\t<div class=\"elementor-column-wrap\">\n\t\t\t\t\t\t\t<div class=\"elementor-widget-wrap\">\n\t\t\t\t\t\t\t\t<\/div>\n\t\t\t\t\t<\/div>\n\t\t<\/div>\n\t\t\t\t<div class=\"elementor-column elementor-col-33 elementor-inner-column elementor-element elementor-element-7a59ddc\" data-id=\"7a59ddc\" data-element_type=\"column\">\n\t\t\t<div class=\"elementor-column-wrap elementor-element-populated\">\n\t\t\t\t\t\t\t<div class=\"elementor-widget-wrap\">\n\t\t\t\t\t\t<div class=\"elementor-element elementor-element-4dbb94c elementor-widget elementor-widget-text-editor\" data-id=\"4dbb94c\" data-element_type=\"widget\" data-widget_type=\"text-editor.default\">\n\t\t\t\t<div class=\"elementor-widget-container\">\n\t\t\t\t\t\t\t\t<div class=\"elementor-text-editor elementor-clearfix\">\n\t\t\t\t<p><span style=\"color: #333333;\">Cette association a pour objet : la promotion, la mise en valeur et l\u2019animation du Ch\u00e2teau et du Domaine de La Motte Tilly (Aube), en liaison avec le Centre des Monuments Nationaux, les collectivit\u00e9s territoriales et les personnes morales et physiques menant des actions dans les domaines culturel, \u00e9ducatif et touristique.<\/span><br \/><span style=\"color: #333333;\">Pr\u00e9sident \/<\/span><b><i>M. Claude Rondoni<\/i><\/b><\/p>\t\t\t\t\t<\/div>\n\t\t\t\t\t\t<\/div>\n\t\t\t\t<\/div>\n\t\t\t\t<div class=\"elementor-element elementor-element-5758e5c elementor-widget elementor-widget-text-editor\" data-id=\"5758e5c\" data-element_type=\"widget\" data-widget_type=\"text-editor.default\">\n\t\t\t\t<div class=\"elementor-widget-container\">\n\t\t\t\t\t\t\t\t<div class=\"elementor-text-editor elementor-clearfix\">\n\t\t\t\t<p><strong><a rel=\"noreferrer noopener\" href=\"http:\/\/www.lesamisduchateaudelamottetilly.fr\" target=\"_blank\">Les Amis du Ch\u00e2teau de La Motte-Tilly<\/a><\/strong><br \/><span style=\"color: #333333;\">Ch\u00e2teau de La Motte-Tilly<\/span><br \/><span style=\"color: #333333;\">10400 La Motte-Tilly<\/span><br \/><span style=\"color: #333333;\">T\u00e9l\/ 06 07 65 79 93<\/span><\/p>\t\t\t\t\t<\/div>\n\t\t\t\t\t\t<\/div>\n\t\t\t\t<\/div>\n\t\t\t\t\t\t<\/div>\n\t\t\t\t\t<\/div>\n\t\t<\/div>\n\t\t\t\t\t\t\t\t<\/div>\n\t\t\t\t\t<\/div>\n\t\t<\/section>\n\t\t\t\t\t\t<\/div>\n\t\t\t\t\t<\/div>\n\t\t<\/div>\n\t\t\t\t\t\t\t\t<\/div>\n\t\t\t\t\t<\/div>\n\t\t<\/section>\n\t\t\t\t<section class=\"elementor-section elementor-top-section elementor-element elementor-element-23d2d31 elementor-section-boxed elementor-section-height-default elementor-section-height-default\" data-id=\"23d2d31\" data-element_type=\"section\">\n\t\t\t\t\t\t<div class=\"elementor-container elementor-column-gap-default\">\n\t\t\t\t\t\t\t<div class=\"elementor-row\">\n\t\t\t\t\t<div class=\"elementor-column elementor-col-100 elementor-top-column elementor-element elementor-element-916d88b\" data-id=\"916d88b\" data-element_type=\"column\">\n\t\t\t<div class=\"elementor-column-wrap elementor-element-populated\">\n\t\t\t\t\t\t\t<div class=\"elementor-widget-wrap\">\n\t\t\t\t\t\t<div class=\"elementor-element elementor-element-87d253e elementor-widget-divider--separator-type-pattern elementor-widget-divider--view-line elementor-widget elementor-widget-divider\" data-id=\"87d253e\" data-element_type=\"widget\" data-widget_type=\"divider.default\">\n\t\t\t\t<div class=\"elementor-widget-container\">\n\t\t\t\t\t<div class=\"elementor-divider\" style=\"--divider-pattern-url: url(&quot;data:image\/svg+xml,%3Csvg xmlns=&#039;http:\/\/www.w3.org\/2000\/svg&#039; preserveAspectRatio=&#039;none&#039; overflow=&#039;visible&#039; height=&#039;100%&#039; viewBox=&#039;0 0 24 24&#039; fill=&#039;none&#039; stroke=&#039;black&#039; stroke-width=&#039;1&#039; stroke-linecap=&#039;square&#039; stroke-miterlimit=&#039;10&#039;%3E%3Cpath d=&#039;M0,6c6,0,0.9,11.1,6.9,11.1S18,6,24,6&#039;\/%3E%3C\/svg%3E&quot;);\">\n\t\t\t<span class=\"elementor-divider-separator\">\n\t\t\t\t\t\t<\/span>\n\t\t<\/div>\n\t\t\t\t<\/div>\n\t\t\t\t<\/div>\n\t\t\t\t\t\t<\/div>\n\t\t\t\t\t<\/div>\n\t\t<\/div>\n\t\t\t\t\t\t\t\t<\/div>\n\t\t\t\t\t<\/div>\n\t\t<\/section>\n\t\t\t\t<section class=\"elementor-section elementor-top-section elementor-element elementor-element-5363518 elementor-section-boxed elementor-section-height-default elementor-section-height-default\" data-id=\"5363518\" data-element_type=\"section\">\n\t\t\t\t\t\t<div class=\"elementor-container elementor-column-gap-default\">\n\t\t\t\t\t\t\t<div class=\"elementor-row\">\n\t\t\t\t\t<div class=\"elementor-column elementor-col-100 elementor-top-column elementor-element elementor-element-ceafd79\" data-id=\"ceafd79\" data-element_type=\"column\">\n\t\t\t<div class=\"elementor-column-wrap elementor-element-populated\">\n\t\t\t\t\t\t\t<div class=\"elementor-widget-wrap\">\n\t\t\t\t\t\t<div class=\"elementor-element elementor-element-35d95a6 elementor-widget elementor-widget-heading\" data-id=\"35d95a6\" data-element_type=\"widget\" data-widget_type=\"heading.default\">\n\t\t\t\t<div class=\"elementor-widget-container\">\n\t\t\t<h6 class=\"elementor-heading-title elementor-size-default\">Soci\u00e9t\u00e9 de chasse communale<\/h6>\t\t<\/div>\n\t\t\t\t<\/div>\n\t\t\t\t<section class=\"elementor-section elementor-inner-section elementor-element elementor-element-ca756ba elementor-section-boxed elementor-section-height-default elementor-section-height-default\" data-id=\"ca756ba\" data-element_type=\"section\">\n\t\t\t\t\t\t<div class=\"elementor-container elementor-column-gap-default\">\n\t\t\t\t\t\t\t<div class=\"elementor-row\">\n\t\t\t\t\t<div class=\"elementor-column elementor-col-33 elementor-inner-column elementor-element elementor-element-786b9ee\" data-id=\"786b9ee\" data-element_type=\"column\">\n\t\t\t<div class=\"elementor-column-wrap elementor-element-populated\">\n\t\t\t\t\t\t\t<div class=\"elementor-widget-wrap\">\n\t\t\t\t\t\t<div class=\"elementor-element elementor-element-2b3a370 elementor-widget elementor-widget-image\" data-id=\"2b3a370\" data-element_type=\"widget\" data-widget_type=\"image.default\">\n\t\t\t\t<div class=\"elementor-widget-container\">\n\t\t\t\t\t\t\t\t<div class=\"elementor-image\">\n\t\t\t\t\t\t\t\t\t\t\t\t<img width=\"150\" height=\"150\" src=\"https:\/\/www.lamottetilly.fr\/wordpress\/wp-content\/uploads\/2020\/08\/Web-Chemin-2020-juillet-LaMotte-DSC01463-150x150.png\" class=\"attachment-thumbnail size-thumbnail\" alt=\"\" loading=\"lazy\" \/>\t\t\t\t\t\t\t\t\t\t\t\t\t\t<\/div>\n\t\t\t\t\t\t<\/div>\n\t\t\t\t<\/div>\n\t\t\t\t<div class=\"elementor-element elementor-element-4a73e8d elementor-widget elementor-widget-image\" data-id=\"4a73e8d\" data-element_type=\"widget\" data-widget_type=\"image.default\">\n\t\t\t\t<div class=\"elementor-widget-container\">\n\t\t\t\t\t\t\t\t<div class=\"elementor-image\">\n\t\t\t\t\t\t\t\t\t\t\t\t\t<a href=\"http:\/\/la-motte-tilly.lobs.pro\/wordpress\/wp-content\/uploads\/2020\/07\/Web-Nature-2020-juillet-LaMotte-DSC01507.png\" data-elementor-open-lightbox=\"yes\" data-elementor-lightbox-title=\"Web-Nature-2020-juillet-LaMotte-DSC01507\">\n\t\t\t\t\t\t\t<img src=\"https:\/\/www.lamottetilly.fr\/wordpress\/wp-content\/uploads\/elementor\/thumbs\/Web-Nature-2020-juillet-LaMotte-DSC01507-osoyd6p1tw6fglymgc79yqisk60i0sfwazicht1hxe.png\" title=\"Web-Nature-2020-juillet-LaMotte-DSC01507\" alt=\"Web-Nature-2020-juillet-LaMotte-DSC01507\" \/>\t\t\t\t\t\t\t\t<\/a>\n\t\t\t\t\t\t\t\t\t\t\t\t\t\t<\/div>\n\t\t\t\t\t\t<\/div>\n\t\t\t\t<\/div>\n\t\t\t\t\t\t<\/div>\n\t\t\t\t\t<\/div>\n\t\t<\/div>\n\t\t\t\t<div class=\"elementor-column elementor-col-33 elementor-inner-column elementor-element elementor-element-4c4437a\" data-id=\"4c4437a\" data-element_type=\"column\">\n\t\t\t<div class=\"elementor-column-wrap\">\n\t\t\t\t\t\t\t<div class=\"elementor-widget-wrap\">\n\t\t\t\t\t\t\t\t<\/div>\n\t\t\t\t\t<\/div>\n\t\t<\/div>\n\t\t\t\t<div class=\"elementor-column elementor-col-33 elementor-inner-column elementor-element elementor-element-d661054\" data-id=\"d661054\" data-element_type=\"column\">\n\t\t\t<div class=\"elementor-column-wrap elementor-element-populated\">\n\t\t\t\t\t\t\t<div class=\"elementor-widget-wrap\">\n\t\t\t\t\t\t<div class=\"elementor-element elementor-element-e952b3f elementor-widget elementor-widget-text-editor\" data-id=\"e952b3f\" data-element_type=\"widget\" data-widget_type=\"text-editor.default\">\n\t\t\t\t<div class=\"elementor-widget-container\">\n\t\t\t\t\t\t\t\t<div class=\"elementor-text-editor elementor-clearfix\">\n\t\t\t\t<p><span style=\"color: #333333;\">Pr\u00e9sident \/<\/span> <strong>M. <em>G\u00e9rard Grillat<\/em><\/strong><\/p>\t\t\t\t\t<\/div>\n\t\t\t\t\t\t<\/div>\n\t\t\t\t<\/div>\n\t\t\t\t\t\t<\/div>\n\t\t\t\t\t<\/div>\n\t\t<\/div>\n\t\t\t\t\t\t\t\t<\/div>\n\t\t\t\t\t<\/div>\n\t\t<\/section>\n\t\t\t\t\t\t<\/div>\n\t\t\t\t\t<\/div>\n\t\t<\/div>\n\t\t\t\t\t\t\t\t<\/div>\n\t\t\t\t\t<\/div>\n\t\t<\/section>\n\t\t\t\t\t\t<\/div>\n\t\t\t\t\t\t<\/div>\n\t\t\t\t\t<\/div>\n\t\t","protected":false},"excerpt":{"rendered":"<p>Les associations pr\u00e9sentes sur la commune Retrouver toute leur actualit\u00e9 sur leur propre site internet Association M\u00e9moire de la Motte-Tilly L&rsquo;association cherche \u00e0 promouvoir le patrimoine de La Motte\u2013Tilly et \u00e0 participer \u00e0 son entretien et sa restauration.Concerts, expositions d\u2019art et d\u2019artisanat, sorties culturelles, march\u00e9 de producteurs locaux, f\u00eates pour [&hellip;]<\/p>\n","protected":false},"author":3,"featured_media":8349,"parent":0,"menu_order":0,"comment_status":"closed","ping_status":"closed","template":"page-templates\/template-fullwidth.php","meta":[],"_links":{"self":[{"href":"https:\/\/www.lamottetilly.fr\/wordpress\/index.php\/wp-json\/wp\/v2\/pages\/4312"}],"collection":[{"href":"https:\/\/www.lamottetilly.fr\/wordpress\/index.php\/wp-json\/wp\/v2\/pages"}],"about":[{"href":"https:\/\/www.lamottetilly.fr\/wordpress\/index.php\/wp-json\/wp\/v2\/types\/page"}],"author":[{"embeddable":true,"href":"https:\/\/www.lamottetilly.fr\/wordpress\/index.php\/wp-json\/wp\/v2\/users\/3"}],"replies":[{"embeddable":true,"href":"https:\/\/www.lamottetilly.fr\/wordpress\/index.php\/wp-json\/wp\/v2\/comments?post=4312"}],"version-history":[{"count":242,"href":"https:\/\/www.lamottetilly.fr\/wordpress\/index.php\/wp-json\/wp\/v2\/pages\/4312\/revisions"}],"predecessor-version":[{"id":12791,"href":"https:\/\/www.lamottetilly.fr\/wordpress\/index.php\/wp-json\/wp\/v2\/pages\/4312\/revisions\/12791"}],"wp:featuredmedia":[{"embeddable":true,"href":"https:\/\/www.lamottetilly.fr\/wordpress\/index.php\/wp-json\/wp\/v2\/media\/8349"}],"wp:attachment":[{"href":"https:\/\/www.lamottetilly.fr\/wordpress\/index.php\/wp-json\/wp\/v2\/media?parent=4312"}],"curies":[{"name":"wp","href":"https:\/\/api.w.org\/{rel}","templated":true}]}}