{"id":3,"date":"2020-06-09T07:55:10","date_gmt":"2020-06-09T05:55:10","guid":{"rendered":"http:\/\/la-motte-tilly.lobs.pro\/wordpress\/?page_id=3"},"modified":"2020-12-27T15:57:06","modified_gmt":"2020-12-27T14:57:06","slug":"politique-de-confidentialite","status":"publish","type":"page","link":"https:\/\/www.lamottetilly.fr\/wordpress\/index.php\/politique-de-confidentialite\/","title":{"rendered":"Mentions l\u00e9gales"},"content":{"rendered":"\t\t<div data-elementor-type=\"wp-page\" data-elementor-id=\"3\" class=\"elementor elementor-3\" data-elementor-settings=\"[]\">\n\t\t\t\t\t\t<div class=\"elementor-inner\">\n\t\t\t\t\t\t\t<div class=\"elementor-section-wrap\">\n\t\t\t\t\t\t\t<section class=\"elementor-section elementor-top-section elementor-element elementor-element-0d14edc elementor-section-boxed elementor-section-height-default elementor-section-height-default\" data-id=\"0d14edc\" data-element_type=\"section\">\n\t\t\t\t\t\t<div class=\"elementor-container elementor-column-gap-default\">\n\t\t\t\t\t\t\t<div class=\"elementor-row\">\n\t\t\t\t\t<div class=\"elementor-column elementor-col-100 elementor-top-column elementor-element elementor-element-27ca7a6\" data-id=\"27ca7a6\" data-element_type=\"column\">\n\t\t\t<div class=\"elementor-column-wrap elementor-element-populated\">\n\t\t\t\t\t\t\t<div class=\"elementor-widget-wrap\">\n\t\t\t\t\t\t<div class=\"elementor-element elementor-element-86cd54b elementor-widget elementor-widget-spacer\" data-id=\"86cd54b\" data-element_type=\"widget\" data-widget_type=\"spacer.default\">\n\t\t\t\t<div class=\"elementor-widget-container\">\n\t\t\t\t\t<div class=\"elementor-spacer\">\n\t\t\t<div class=\"elementor-spacer-inner\"><\/div>\n\t\t<\/div>\n\t\t\t\t<\/div>\n\t\t\t\t<\/div>\n\t\t\t\t<div class=\"elementor-element elementor-element-ce06ba2 elementor-invisible elementor-widget elementor-widget-heading\" data-id=\"ce06ba2\" data-element_type=\"widget\" data-settings=\"{&quot;_animation&quot;:&quot;fadeInDown&quot;}\" data-widget_type=\"heading.default\">\n\t\t\t\t<div class=\"elementor-widget-container\">\n\t\t\t<h2 class=\"elementor-heading-title elementor-size-default\">Mentions L\u00e9gales<\/h2>\t\t<\/div>\n\t\t\t\t<\/div>\n\t\t\t\t\t\t<\/div>\n\t\t\t\t\t<\/div>\n\t\t<\/div>\n\t\t\t\t\t\t\t\t<\/div>\n\t\t\t\t\t<\/div>\n\t\t<\/section>\n\t\t\t\t<section class=\"elementor-section elementor-top-section elementor-element elementor-element-20d3d673 elementor-section-boxed elementor-section-height-default elementor-section-height-default\" data-id=\"20d3d673\" data-element_type=\"section\">\n\t\t\t\t\t\t<div class=\"elementor-container elementor-column-gap-default\">\n\t\t\t\t\t\t\t<div class=\"elementor-row\">\n\t\t\t\t\t<div class=\"elementor-column elementor-col-100 elementor-top-column elementor-element elementor-element-3506303\" data-id=\"3506303\" data-element_type=\"column\">\n\t\t\t<div class=\"elementor-column-wrap elementor-element-populated\">\n\t\t\t\t\t\t\t<div class=\"elementor-widget-wrap\">\n\t\t\t\t\t\t<div class=\"elementor-element elementor-element-f4dfc62 elementor-widget elementor-widget-text-editor\" data-id=\"f4dfc62\" data-element_type=\"widget\" data-widget_type=\"text-editor.default\">\n\t\t\t\t<div class=\"elementor-widget-container\">\n\t\t\t\t\t\t\t\t<div class=\"elementor-text-editor elementor-clearfix\">\n\t\t\t\t<p><strong>Mentions l\u00e9gales<\/strong><br \/><span style=\"color: #333333;\">Mentions l\u00e9gales du site de la commune de La Motte-Tilly : https:\/\/lamottetilly.fr<br \/><\/span><\/p>\n<p><strong>Informations g\u00e9n\u00e9rales<\/strong><br \/><span style=\"color: #333333;\">La commune de La Motte-Tilly est l\u2019\u00e9diteur du contenu du site internet <strong><em>lamottetilly.fr<\/em><\/strong> et le responsable des traitements de donn\u00e9es s\u2019y trouvant.<\/span><\/p>\n<p><strong><span style=\"color: #333333;\">Mairie de La Motte-Tilly<\/span><\/strong><br \/><span style=\"color: #333333;\">2, rue de la mairie<\/span><br \/><span style=\"color: #333333;\">10 400\u00a0La Motte-Tilly<\/span><br \/><span style=\"color: #333333;\">T\u00e9l\u00e9phone : <strong>03.25.39.74.86<\/strong><\/span><\/p>\n<p><span style=\"color: #333333;\"><strong>Directeur de la Publication :<\/strong> le maire de la Motte-Tilly<\/span><br \/><span style=\"color: #333333;\"><strong>R\u00e9daction :<\/strong> les membres de l\u2019\u00e9quipe municipale <\/span><br \/><span style=\"color: #333333;\"><strong>Conception\/r\u00e9alisation :<\/strong> Francine Petit\/Vincent C\u00f4me<\/span><\/p>\n<p><strong>H\u00e9bergement\u00a0 :<\/strong> <br \/><strong><span style=\"color: #333333;\">Ludovic Sauvage<\/span><\/strong><br \/><span style=\"color: #333333;\">19 all\u00e9e des Archi\u00e8res<\/span><br \/><span style=\"color: #333333;\">78340 Les Clayes-Sous-Bois<\/span><br \/><span style=\"color: #333333;\"><strong>chez OVH<\/strong> <\/span><br \/><span style=\"color: #333333;\">2 rue Kellermann &#8211; 59100 Roubaix &#8211; France<\/span><\/p>\n<p><strong>Donn\u00e9es personnelles collect\u00e9es :<\/strong><br \/><span style=\"color: #333333;\">Au cours de votre visite sur notre site internet, aucune donn\u00e9e n\u2019est collect\u00e9e \u00e0 votre insu. Seules deux sources de collecte de donn\u00e9es personnelles sont pr\u00e9sentes :<\/span><br \/><span style=\"color: #333333;\"><span style=\"color: #ff0000;\">\u2022<\/span> les cookies (veuillez vous rapporter \u00e0 la section \u00ab Cookies \u00bb de cette page)<\/span><br \/><span style=\"color: #333333;\"><span style=\"color: #ff0000;\">\u2022<\/span> les formulaires <\/span><br \/><span style=\"color: #333333;\">Les donn\u00e9es que nous recueillons via nos formulaires sont uniquement celles que vous consentez \u00e0 nous fournir et ne sont en aucun cas transmises \u00e0 des tiers et aucun usage commercial n\u2019est fait de ces donn\u00e9es. Elles nous sont n\u00e9cessaires afin de pouvoir r\u00e9pondre \u00e0 votre demande ou vous fournir le service correspondant.<\/span><\/p>\n<p><strong>Vos droits<\/strong><br \/><span style=\"color: #333333;\">Conform\u00e9ment \u00e0 la loi Informatique et Libert\u00e9s n\u00b0 78-17 du 6 janvier 1978 modifi\u00e9e, ainsi qu\u2019au R\u00e8glement (UE) 2016\/679 dit \u00ab RGPD \u00bb, vous disposez de plusieurs droits concernant vos donn\u00e9es personnelles :<\/span><br \/><span style=\"color: #333333;\">Pour en savoir plus sur vos droits, vous pouvez consulter le site de la CNIL : <a href=\"https:\/\/www.cnil.fr\/fr\/reglement-europeen-protection-donnees\/chapitre3\" target=\"_blank\" rel=\"noopener\">https:\/\/www.cnil.fr\/fr\/reglement-europeen-protection-donnees\/chapitre3<\/a><\/span><\/p>\n<p><span style=\"color: #333333;\">Vous pouvez \u00e0 tout moment demander \u00e0 faire exercice de vos droits en nous contactant de la fa\u00e7on suivante :<\/span><br \/><span style=\"color: #333333;\">Par courrier ou t\u00e9l\u00e9phone, ou <\/span><span style=\"color: #333333;\">par message :<\/span><\/p>\n<p><span style=\"color: #333333;\"><strong>Mairie de La Motte-Tilly<\/strong><\/span><br \/><strong><span style=\"color: #333333;\">2 rue de la mairie<\/span><\/strong><br \/><strong><span style=\"color: #333333;\">10 400 La Motte-Tilly<\/span><\/strong><\/p>\n<p><span style=\"color: #333333;\">T\u00e9l\u00e9phone : <strong>03.25.39.74.86<\/strong><\/span><\/p>\n<p><a href=\"http:\/\/la-motte-tilly.lobs.pro\/wordpress\/index.php\/formulaire-de-contact\/\" target=\"_blank\" rel=\"noopener\">Via notre messagerie<\/a><span style=\"color: #333333;\"><br \/><\/span><\/p>\n<p><strong>Cookies<\/strong><\/p>\n<p><span style=\"color: #333333;\">Vous avez la possibilit\u00e9 de refuser l\u2019utilisation de ces cookies sans que cela n\u2019entrave votre navigation sur notre site internet, cependant certains services pourront ne pas \u00eatre disponibles.<\/span><\/p>\n<p><span style=\"color: #333333;\">Il vous est \u00e9galement possible, \u00e0 tout moment, de g\u00e9rer ou supprimer les cookies qui sont install\u00e9s sur votre ordinateur. Pour cela, nous vous invitons \u00e0 consulter cet article de la CNIL\u00a0:\u00a0<a href=\"https:\/\/www.cnil.fr\/fr\/cookies-les-outils-pour-les-maitriser\" target=\"_blank\" rel=\"noopener\">https:\/\/www.cnil.fr\/fr\/cookies-les-outils-pour-les-maitriser<\/a><\/span><\/p>\n<p><strong>Google Analytics<\/strong><br \/><span style=\"color: #333333;\">Ce site utilise Google Analytics, un service d&rsquo;analyse de site internet fourni par Google Inc. (\u00ab Google \u00bb). Google Analytics utilise des cookies, qui sont des fichiers texte plac\u00e9s sur votre ordinateur, pour aider le site internet \u00e0 analyser l&rsquo;utilisation du site par ses utilisateurs. Les donn\u00e9es g\u00e9n\u00e9r\u00e9es par les cookies concernant votre utilisation du site (y compris votre adresse IP) seront transmises et stock\u00e9es par Google sur des serveurs situ\u00e9s aux Etats-Unis. Google utilisera cette information dans le but d&rsquo;\u00e9valuer votre utilisation du site, de compiler des rapports sur l&rsquo;activit\u00e9 du site \u00e0 destination de son \u00e9diteur et de fournir d&rsquo;autres services relatifs \u00e0 l&rsquo;activit\u00e9 du site et \u00e0 l&rsquo;utilisation d&rsquo;Internet.<\/span><br \/><span style=\"color: #333333;\">Google est susceptible de communiquer ces donn\u00e9es \u00e0 des tiers en cas d&rsquo;obligation l\u00e9gale ou lorsque ces tiers traitent ces donn\u00e9es pour le compte de Google, y compris notamment l&rsquo;\u00e9diteur de ce site. Google ne recoupera pas votre adresse IP avec toute autre donn\u00e9e d\u00e9tenue par Google. Vous pouvez d\u00e9sactiver l&rsquo;utilisation de cookies en s\u00e9lectionnant les param\u00e8tres appropri\u00e9s de votre navigateur. Cependant, une telle d\u00e9sactivation pourrait emp\u00eacher l&rsquo;utilisation de certaines fonctionnalit\u00e9s de ce site. En utilisant ce site internet, vous consentez express\u00e9ment au traitement de vos donn\u00e9es nominatives par Google dans les conditions et pour les finalit\u00e9s d\u00e9crites ci-dessus.<\/span><\/p>\n<p><strong>Contacts<\/strong><br \/><span style=\"color: #333333;\">Pour toute autre question, les services de la commune de La Motte-Tilly sont joignables \u00e0 : <\/span><br \/><span style=\"color: #333333;\"><strong>Mairie de La Motte-Tilly,<\/strong><\/span><br \/><span style=\"color: #333333;\"><strong>2, rue de la mairie<\/strong><\/span><br \/><span style=\"color: #333333;\"><strong>10 400 La Motte-Tilly<\/strong><\/span><\/p>\n<p><span style=\"color: #333333;\">T\u00e9l\u00e9phone : <strong>03.25.39.74.86<\/strong><\/span><\/p>\n<p><a href=\"http:\/\/la-motte-tilly.lobs.pro\/wordpress\/index.php\/formulaire-de-contact\/\" target=\"_blank\" rel=\"noopener\">Via notre messagerie<\/a><span><\/span><\/p>\n<p><strong>RESPONSABILIT\u00c9 &#8211; LIMITATION DE LA RESPONSABILIT\u00c9<\/strong><\/p>\n<p><span style=\"color: #333333;\">L&rsquo;utilisateur utilise le site \u00e0 ses seuls risques. En aucun cas, ni la commune de La Motte-Tilly, ni ses partenaires et\/ou sous-traitants ne pourront \u00eatre tenus responsables des dommages directs ou indirects, et notamment pr\u00e9judice mat\u00e9riel, perte de donn\u00e9es ou de programme, pr\u00e9judice financier, r\u00e9sultant de l&rsquo;acc\u00e8s ou de l&rsquo;utilisation de ce site ou de tous sites qui lui sont li\u00e9s. Le contenu du site est pr\u00e9sent\u00e9 sans aucune garantie de quelque nature que ce soit. L&rsquo;acc\u00e8s aux produits et services pr\u00e9sent\u00e9s sur le site peut faire l&rsquo;objet de restrictions. Vous devez donc vous assurer que la loi du pays \u00e0 partir duquel la connexion est \u00e9tablie vous autorise \u00e0 acc\u00e9der \u00e0 notre site.<\/span><\/p>\n<p><strong>DROIT D&rsquo;AUTEUR ET PROPRI\u00c9T\u00c9 INTELLECTUELLE<\/strong><br \/><span style=\"color: #333333;\">Les photographies, textes, slogans, dessins, images, logos, cartographies, s\u00e9quences anim\u00e9es ou non sont la propri\u00e9t\u00e9 de la ville de La Motte-Tilly ou de tiers ayant autoris\u00e9 la ville de La Motte-Tilly \u00e0 les utiliser. Les reproductions, sur un support papier ou informatique, dudit site et des documents qui y sont reproduits ne sont autoris\u00e9es qu&rsquo;\u00e0 des fins d&rsquo;information et doivent \u00eatre conformes aux dispositions de l&rsquo;article L122-5 du Code de la Propri\u00e9t\u00e9 Intellectuelle. Pour toute utilisation de photographies, textes, slogans, dessins, images, logos, cartographies, s\u00e9quences anim\u00e9es ou non int\u00e9gr\u00e9s dans le site, merci de bien vouloir prendre contact avec le webmestre par le formulaire de contact disponible sur le site.<\/span><\/p>\n<p><strong>LIENS HYPERTEXTES<\/strong><br \/><span style=\"color: #333333;\">Vous \u00eates libre de mettre en place un lien hypertexte vers le site <em>https:\/\/www.lamottetilly.fr.<\/em><br \/><strong>Si vous \u00eates propri\u00e9taire \u00a0d&rsquo;un site et que souhaitez mettre en place un lien hypertexte vers notre site,\u00a0 merci de bien vouloir en informer les services de la commune de La Motte-Tilly.<\/strong> <\/span><br \/><span style=\"color: #333333;\">La commune de La Motte-Tilly ne peut en aucun cas \u00eatre tenue pour responsable de la mise \u00e0 disposition des sites qui font l&rsquo;objet d&rsquo;un lien hypertexte \u00e0 partir du site <em>https:\/\/www.lamottetilly.fr <\/em>et ne peut supporter aucune responsabilit\u00e9 sur le contenu, les produits, les services, etc. disponibles sur ces sites ou \u00e0 partir de ces sites.<\/span><\/p>\n<p><strong>R\u00c9SEAUX SOCIAUX<\/strong><br \/><span style=\"color: #333333;\">Le commune de La Motte-Tilly met \u00e0 votre disposition des liens vers les outils ou profils de ses r\u00e9seaux sociaux. Merci de bien vouloir consulter les CGU (Conseil G\u00e9n\u00e9ral d&rsquo;Utilisation) et\/ou charte de confidentialit\u00e9 avant leur utilisation.<\/span><\/p>\t\t\t\t\t<\/div>\n\t\t\t\t\t\t<\/div>\n\t\t\t\t<\/div>\n\t\t\t\t\t\t<\/div>\n\t\t\t\t\t<\/div>\n\t\t<\/div>\n\t\t\t\t\t\t\t\t<\/div>\n\t\t\t\t\t<\/div>\n\t\t<\/section>\n\t\t\t\t\t\t<\/div>\n\t\t\t\t\t\t<\/div>\n\t\t\t\t\t<\/div>\n\t\t","protected":false},"excerpt":{"rendered":"<p>Mentions L\u00e9gales Mentions l\u00e9galesMentions l\u00e9gales du site de la commune de La Motte-Tilly : https:\/\/lamottetilly.fr Informations g\u00e9n\u00e9ralesLa commune de La Motte-Tilly est l\u2019\u00e9diteur du contenu du site internet lamottetilly.fr et le responsable des traitements de donn\u00e9es s\u2019y trouvant. Mairie de La Motte-Tilly2, rue de la mairie10 400\u00a0La Motte-TillyT\u00e9l\u00e9phone : 03.25.39.74.86 [&hellip;]<\/p>\n","protected":false},"author":3,"featured_media":0,"parent":0,"menu_order":0,"comment_status":"closed","ping_status":"closed","template":"page-templates\/template-fullwidth.php","meta":[],"_links":{"self":[{"href":"https:\/\/www.lamottetilly.fr\/wordpress\/index.php\/wp-json\/wp\/v2\/pages\/3"}],"collection":[{"href":"https:\/\/www.lamottetilly.fr\/wordpress\/index.php\/wp-json\/wp\/v2\/pages"}],"about":[{"href":"https:\/\/www.lamottetilly.fr\/wordpress\/index.php\/wp-json\/wp\/v2\/types\/page"}],"author":[{"embeddable":true,"href":"https:\/\/www.lamottetilly.fr\/wordpress\/index.php\/wp-json\/wp\/v2\/users\/3"}],"replies":[{"embeddable":true,"href":"https:\/\/www.lamottetilly.fr\/wordpress\/index.php\/wp-json\/wp\/v2\/comments?post=3"}],"version-history":[{"count":12,"href":"https:\/\/www.lamottetilly.fr\/wordpress\/index.php\/wp-json\/wp\/v2\/pages\/3\/revisions"}],"predecessor-version":[{"id":8214,"href":"https:\/\/www.lamottetilly.fr\/wordpress\/index.php\/wp-json\/wp\/v2\/pages\/3\/revisions\/8214"}],"wp:attachment":[{"href":"https:\/\/www.lamottetilly.fr\/wordpress\/index.php\/wp-json\/wp\/v2\/media?parent=3"}],"curies":[{"name":"wp","href":"https:\/\/api.w.org\/{rel}","templated":true}]}}